{"id":12721,"date":"2023-06-23T07:47:19","date_gmt":"2023-06-23T05:47:19","guid":{"rendered":"https:\/\/reiki-conciliation.org\/?post_type=rtalks&#038;p=12721"},"modified":"2023-06-23T07:47:19","modified_gmt":"2023-06-23T05:47:19","slug":"carlos-sanchez","status":"publish","type":"rtalks","link":"https:\/\/reiki-conciliation.org\/de\/rtalks\/carlos-sanchez\/","title":{"rendered":"Carlos Sanchez"},"content":{"rendered":"<p>Zwei M\u00e4nner in den besten Jahren, die \u00fcber die Abl\u00e4ufe des Lebens nachdenken, wie sie es in der Vergangenheit erlebt haben und in die Zukunft blicken. Der Respekt voreinander und die Freude am Erforschen der Gedanken und Gef\u00fchle des anderen sind inspirierend.<\/p>\r\n<p><span class=\"yt-core-attributed-string--link-inherit-color\"> <a class=\"yt-core-attributed-string__link yt-core-attributed-string__link--display-type yt-core-attributed-string__link--call-to-action-color\" tabindex=\"0\" href=\"https:\/\/www.youtube.com\/watch?v=lgy_4gmrSC8&amp;t=0s\" target=\"\" rel=\"nofollow noopener\">00:00<\/a> <\/span> Ren\u00e9 und Carlos in der &#8222;Nachfolgegruppe&#8220; von Phyllis Lei Furumoto. Carlos lebt in Argentinien und ist seit 1995 Reiki-Meister.<\/p>\r\n<p><span class=\"yt-core-attributed-string--link-inherit-color\"> <a class=\"yt-core-attributed-string__link yt-core-attributed-string__link--display-type yt-core-attributed-string__link--call-to-action-color\" tabindex=\"0\" href=\"https:\/\/www.youtube.com\/watch?v=lgy_4gmrSC8&amp;t=356s\" target=\"\" rel=\"nofollow noopener\">05:56<\/a> <\/span> Wann ist ein Reiki-Lehrer reif genug, um andere Meister auszubilden? Carlos erz\u00e4hlt von seinem faszinierenden Prozess.<\/p>\r\n<p><span class=\"yt-core-attributed-string--link-inherit-color\"> <a class=\"yt-core-attributed-string__link yt-core-attributed-string__link--display-type yt-core-attributed-string__link--call-to-action-color\" tabindex=\"0\" href=\"https:\/\/www.youtube.com\/watch?v=lgy_4gmrSC8&amp;t=589s\" target=\"\" rel=\"nofollow noopener\">09:49<\/a> <\/span> Prokrastination getarnt als edle Sittsamkeit: Carlos zieht eine Analogie zum Kochen von Gnochi.<\/p>\r\n<p><span class=\"yt-core-attributed-string--link-inherit-color\"> <a class=\"yt-core-attributed-string__link yt-core-attributed-string__link--display-type yt-core-attributed-string__link--call-to-action-color\" tabindex=\"0\" href=\"https:\/\/www.youtube.com\/watch?v=lgy_4gmrSC8&amp;t=767s\" target=\"\" rel=\"nofollow noopener\">12:47<\/a> <\/span> Das &#8222;Gelassenheitsgebet&#8220;: Manche Dinge kann ich nicht \u00e4ndern, manche kann ich \u00e4ndern &#8211; gib mir die Weisheit, den Unterschied zu erkennen.<\/p>\r\n<p><span class=\"yt-core-attributed-string--link-inherit-color\"> <a class=\"yt-core-attributed-string__link yt-core-attributed-string__link--display-type yt-core-attributed-string__link--call-to-action-color\" tabindex=\"0\" href=\"https:\/\/www.youtube.com\/watch?v=lgy_4gmrSC8&amp;t=924s\" target=\"\" rel=\"nofollow noopener\">15:24<\/a> <\/span>: Carlos arbeitet auch mit Bach-Bl\u00fcten und ist von Beruf Landwirt und passt sich den Ver\u00e4nderungen an, die die Natur vorgibt. Was auf den ersten Blick wie unterschiedliche Welten aussieht, ist es nicht.<\/p>\r\n<p><span class=\"yt-core-attributed-string--link-inherit-color\"> <a class=\"yt-core-attributed-string__link yt-core-attributed-string__link--display-type yt-core-attributed-string__link--call-to-action-color\" tabindex=\"0\" href=\"https:\/\/www.youtube.com\/watch?v=lgy_4gmrSC8&amp;t=1136s\" target=\"\" rel=\"nofollow noopener\">18:56<\/a> <\/span> Eine soziale Notwendigkeit f\u00fcr Carlos: Er hilft den Gro\u00dfm\u00fcttern der Plaza de Mayo bei der Suche nach Kindern, die w\u00e4hrend der argentinischen Milit\u00e4rdiktatur 1976-1983 gestohlen und illegal adoptiert wurden. &#8222;Eines der lohnendsten Dinge, die ich in meinem Leben getan habe&#8220;.<\/p>\r\n<p><span class=\"yt-core-attributed-string--link-inherit-color\"> <a class=\"yt-core-attributed-string__link yt-core-attributed-string__link--display-type yt-core-attributed-string__link--call-to-action-color\" tabindex=\"0\" href=\"https:\/\/www.youtube.com\/watch?v=lgy_4gmrSC8&amp;t=1506s\" target=\"\" rel=\"nofollow noopener\">25:06<\/a> <\/span> Die grausame und gewaltt\u00e4tige Vergangenheit kann nicht ge\u00e4ndert werden. &#8222;Aber wir k\u00f6nnen unsere Beziehungen als Gesellschaft heilen. Und ich kann einige Dinge \u00e4ndern, die Auswirkungen auf die Zukunft haben.<\/p>\r\n<p><span class=\"yt-core-attributed-string--link-inherit-color\"> <a class=\"yt-core-attributed-string__link yt-core-attributed-string__link--display-type yt-core-attributed-string__link--call-to-action-color\" tabindex=\"0\" href=\"https:\/\/www.youtube.com\/watch?v=lgy_4gmrSC8&amp;t=1859s\" target=\"\" rel=\"nofollow noopener\">30:59<\/a> <\/span> Die von Carlos beschriebenen Ver\u00e4nderungen in der Gesellschaft stehen ganz im Zeichen der Vers\u00f6hnung, die ein kontinuierlicher Prozess ist. Die Menschheit hat einen langen Weg zur\u00fcckgelegt, aber wir m\u00fcssen unsere Bem\u00fchungen um eine bessere Welt fortsetzen.<\/p>\r\n<p><span class=\"yt-core-attributed-string--link-inherit-color\"> <a class=\"yt-core-attributed-string__link yt-core-attributed-string__link--display-type yt-core-attributed-string__link--call-to-action-color\" tabindex=\"0\" href=\"https:\/\/www.youtube.com\/watch?v=lgy_4gmrSC8&amp;t=2216s\" target=\"\" rel=\"nofollow noopener\">36:56<\/a> <\/span> Unterhaltsamer Videoclip &#8222;How To Change The World&#8220; (siehe Referenzen), gefolgt von einer Geschichte \u00fcber Carlos&#8216; Enkel. &#8222;Man muss die Welt ver\u00e4ndern und neue Dinge ausprobieren.&#8220;<\/p>\r\n<p><span class=\"yt-core-attributed-string--link-inherit-color\"> <a class=\"yt-core-attributed-string__link yt-core-attributed-string__link--display-type yt-core-attributed-string__link--call-to-action-color\" tabindex=\"0\" href=\"https:\/\/www.youtube.com\/watch?v=lgy_4gmrSC8&amp;t=2419s\" target=\"\" rel=\"nofollow noopener\">40:19<\/a> <\/span> &#8222;Was ich mir f\u00fcr die Zukunft w\u00fcnsche, ist, dass ich meine Werte und das, was ich bin, nicht verrate.&#8220;<\/p>\r\n<h2>Biografie<\/h2>\r\n<p>Carlos ist ein Reiki-Meister, der 1959 im l\u00e4ndlichen Argentinien geboren wurde. Er lebt immer noch dort und praktiziert und lehrt Reiki. Viele seiner Nachbarn sind ebenfalls Reiki-Sch\u00fcler; daher ist seine Praxis in vielerlei Hinsicht in sein t\u00e4gliches Leben integriert.<\/p>\r\n<p>Er fand Reiki nach jahrelanger Suche in verschiedenen Praktiken und sagt:<\/p>\r\n<blockquote>\r\n<p>&#8222;Gleich bei meinem ersten Reiki-Kurs wusste ich, dass Reiki das ist, wonach ich mich gesehnt hatte.&#8220;<\/p>\r\n<\/blockquote>\r\n<p>Die Reise mit Reiki hat die Art und Weise, wie er die Welt und sich selbst sieht, ver\u00e4ndert. Zun\u00e4chst musste er die argentinische Tiefebene und das l\u00e4ndliche Leben, das er liebt, verlassen, um nach Deutschland zu reisen und sich zum Reiki-Meister ausbilden zu lassen. Im Laufe der Jahre reiste er an viele verschiedene Orte in der Welt. Er hat sein Englisch gelernt und verbessert, so dass er mit der gr\u00f6\u00dferen Reiki-Gemeinschaft viel besser kommunizieren kann. Er glaubt, dass Sprachen Br\u00fccken sind, die Menschen verbinden.<\/p>\r\n<p>Carlos ist auch ein Liebhaber von B\u00fcchern und Filmen, und er liebt Gartenarbeit.<\/p>\r\n<p>Eine seiner lohnendsten Aufgaben ist seine ehrenamtliche T\u00e4tigkeit in einer gemeinn\u00fctzigen Menschenrechtsorganisation namens &#8222;Abuelas de Plaza de Mayo&#8220; (Gro\u00dfm\u00fctter der Plaza de Mayo). Diese Organisation ist auf der Suche nach den Kindern, die w\u00e4hrend der Diktatur in Argentinien entf\u00fchrt wurden, einer gewaltt\u00e4tigen Milit\u00e4rregierung, die das Land zwischen 1976 und 1983 regierte.<\/p>\r\n<p>Als Landwirt findet er, dass der Kontakt mit der Natur und ihren Rhythmen und Kreisl\u00e4ufen gro\u00dfe Freude und Erf\u00fcllung bietet, w\u00e4hrend er gleichzeitig die Herausforderungen annimmt.<\/p>\r\n<h2>Referenzen<\/h2>\r\n<p><span class=\"yt-core-attributed-string--link-inherit-color\"> <a class=\"yt-core-attributed-string__link yt-core-attributed-string__link--display-type yt-core-attributed-string__link--call-to-action-color\" tabindex=\"0\" href=\"https:\/\/www.youtube.com\/watch?v=lgy_4gmrSC8&amp;t=794s\" target=\"\" rel=\"nofollow noopener\">13:14<\/a> <\/span> Das &#8222;Gebet der Gelassenheit&#8220;: <a href=\"https:\/\/en.wikipedia.org\/wiki\/Serenity_Prayer\">https:\/\/en.wikipedia.org\/wiki\/Serenity_Prayer<\/a><\/p>\r\n<p><span class=\"yt-core-attributed-string--link-inherit-color\"> <a class=\"yt-core-attributed-string__link yt-core-attributed-string__link--display-type yt-core-attributed-string__link--call-to-action-color\" tabindex=\"0\" href=\"https:\/\/www.youtube.com\/watch?v=lgy_4gmrSC8&amp;t=1155s\" target=\"\" rel=\"nofollow noopener\">19:15<\/a> <\/span> Gro\u00dfm\u00fctter von der Plaza de Mayo: <a href=\"https:\/\/en.wikipedia.org\/wiki\/Grandmothers_of_the_Plaza_de_Mayo\">https:\/\/en.wikipedia.org\/wiki\/Grandmothers_of_the_Plaza_de_Mayo<\/a><\/p>\r\n<p><span class=\"yt-core-attributed-string--link-inherit-color\"> <a class=\"yt-core-attributed-string__link yt-core-attributed-string__link--display-type yt-core-attributed-string__link--call-to-action-color\" tabindex=\"0\" href=\"https:\/\/www.youtube.com\/watch?v=lgy_4gmrSC8&amp;t=1995s\" target=\"\" rel=\"nofollow noopener\">33:15<\/a> <\/span> Das Archiv mit dem gesamten Filmmaterial des Interviews mit Phyllis Lei Furumotto: <a href=\"https:\/\/reiki-conciliation.org\/66-steps-on-the-path-to-reconciliation\/\">https:\/\/reiki-conciliation.org\/66-steps-on-the-path-to-reconciliation\/<\/a><\/p>\r\n<p><span class=\"yt-core-attributed-string--link-inherit-color\"> <a class=\"yt-core-attributed-string__link yt-core-attributed-string__link--display-type yt-core-attributed-string__link--call-to-action-color\" tabindex=\"0\" href=\"https:\/\/www.youtube.com\/watch?v=lgy_4gmrSC8&amp;t=2216s\" target=\"\" rel=\"nofollow noopener\">36:56<\/a> <\/span> Wie man die Welt ver\u00e4ndert (in Arbeit) | Kid President: <a href=\"https:\/\/youtu.be\/4z7gDsSKUmU\">https:\/\/youtu.be\/4z7gDsSKUmU<\/a><\/p>","protected":false},"excerpt":{"rendered":"Zwei M\u00e4nner in den besten Jahren, die \u00fcber die Abl\u00e4ufe des Lebens nachdenken, wie sie es in der Vergangenheit erlebt haben und in die Zukunft blicken. Der gegenseitige Respekt und die Freude am Erforschen der Gedanken und Gef\u00fchle des anderen sind inspirierend.","protected":false},"featured_media":12685,"template":"","class_list":["post-12721","rtalks","type-rtalks","status-publish","has-post-thumbnail","hentry"],"acf":[],"yoast_head":"<!-- This site is optimized with the Yoast SEO plugin v27.3 - https:\/\/yoast.com\/product\/yoast-seo-wordpress\/ -->\n<title>RTalk mit Nathalie Jaspar<\/title>\n<meta name=\"description\" content=\"Zwei M\u00e4nner in den besten Jahren, die \u00fcber die Abl\u00e4ufe des Lebens nachdenken, wie sie es in der Vergangenheit erlebt haben und in die Zukunft blicken. Der gegenseitige Respekt und die Freude am Erforschen der Gedanken und Gef\u00fchle des anderen sind inspirierend.\" \/>\n<meta name=\"robots\" content=\"index, follow, max-snippet:-1, max-image-preview:large, max-video-preview:-1\" \/>\n<link rel=\"canonical\" href=\"https:\/\/reiki-conciliation.org\/de\/rtalks\/carlos-sanchez\/\" \/>\n<meta property=\"og:locale\" content=\"de_DE\" \/>\n<meta property=\"og:type\" content=\"article\" \/>\n<meta property=\"og:title\" content=\"RTalk mit Nathalie Jaspar\" \/>\n<meta property=\"og:description\" content=\"Zwei M\u00e4nner in den besten Jahren, die \u00fcber die Abl\u00e4ufe des Lebens nachdenken, wie sie es in der Vergangenheit erlebt haben und in die Zukunft blicken. Der gegenseitige Respekt und die Freude am Erforschen der Gedanken und Gef\u00fchle des anderen sind inspirierend.\" \/>\n<meta property=\"og:url\" content=\"https:\/\/reiki-conciliation.org\/de\/rtalks\/carlos-sanchez\/\" \/>\n<meta property=\"og:site_name\" content=\"REIKI Conciliation\" \/>\n<meta property=\"og:image\" content=\"https:\/\/reiki-conciliation.org\/wp-content\/uploads\/thumb-carlos.jpg\" \/>\n\t<meta property=\"og:image:width\" content=\"1280\" \/>\n\t<meta property=\"og:image:height\" content=\"720\" \/>\n\t<meta property=\"og:image:type\" content=\"image\/jpeg\" \/>\n<meta name=\"twitter:card\" content=\"summary_large_image\" \/>\n<meta name=\"twitter:label1\" content=\"Gesch\u00e4tzte Lesezeit\" \/>\n\t<meta name=\"twitter:data1\" content=\"3\u00a0Minuten\" \/>\n<script type=\"application\/ld+json\" class=\"yoast-schema-graph\">{\"@context\":\"https:\\\/\\\/schema.org\",\"@graph\":[{\"@type\":\"WebPage\",\"@id\":\"https:\\\/\\\/reiki-conciliation.org\\\/de\\\/rtalks\\\/carlos-sanchez\\\/\",\"url\":\"https:\\\/\\\/reiki-conciliation.org\\\/de\\\/rtalks\\\/carlos-sanchez\\\/\",\"name\":\"RTalk mit Nathalie Jaspar\",\"isPartOf\":{\"@id\":\"https:\\\/\\\/reiki-conciliation.org\\\/#website\"},\"primaryImageOfPage\":{\"@id\":\"https:\\\/\\\/reiki-conciliation.org\\\/de\\\/rtalks\\\/carlos-sanchez\\\/#primaryimage\"},\"image\":{\"@id\":\"https:\\\/\\\/reiki-conciliation.org\\\/de\\\/rtalks\\\/carlos-sanchez\\\/#primaryimage\"},\"thumbnailUrl\":\"https:\\\/\\\/reiki-conciliation.org\\\/wp-content\\\/uploads\\\/thumb-carlos.jpg\",\"datePublished\":\"2023-06-23T05:47:19+00:00\",\"description\":\"Zwei M\u00e4nner in den besten Jahren, die \u00fcber die Abl\u00e4ufe des Lebens nachdenken, wie sie es in der Vergangenheit erlebt haben und in die Zukunft blicken. Der gegenseitige Respekt und die Freude am Erforschen der Gedanken und Gef\u00fchle des anderen sind inspirierend.\",\"inLanguage\":\"de\",\"potentialAction\":[{\"@type\":\"ReadAction\",\"target\":[\"https:\\\/\\\/reiki-conciliation.org\\\/de\\\/rtalks\\\/carlos-sanchez\\\/\"]}]},{\"@type\":\"ImageObject\",\"inLanguage\":\"de\",\"@id\":\"https:\\\/\\\/reiki-conciliation.org\\\/de\\\/rtalks\\\/carlos-sanchez\\\/#primaryimage\",\"url\":\"https:\\\/\\\/reiki-conciliation.org\\\/wp-content\\\/uploads\\\/thumb-carlos.jpg\",\"contentUrl\":\"https:\\\/\\\/reiki-conciliation.org\\\/wp-content\\\/uploads\\\/thumb-carlos.jpg\",\"width\":1280,\"height\":720},{\"@type\":\"WebSite\",\"@id\":\"https:\\\/\\\/reiki-conciliation.org\\\/#website\",\"url\":\"https:\\\/\\\/reiki-conciliation.org\\\/\",\"name\":\"REIKI Conciliation\",\"description\":\"\",\"publisher\":{\"@id\":\"https:\\\/\\\/reiki-conciliation.org\\\/#organization\"},\"potentialAction\":[{\"@type\":\"SearchAction\",\"target\":{\"@type\":\"EntryPoint\",\"urlTemplate\":\"https:\\\/\\\/reiki-conciliation.org\\\/?s={search_term_string}\"},\"query-input\":{\"@type\":\"PropertyValueSpecification\",\"valueRequired\":true,\"valueName\":\"search_term_string\"}}],\"inLanguage\":\"de\"},{\"@type\":\"Organization\",\"@id\":\"https:\\\/\\\/reiki-conciliation.org\\\/#organization\",\"name\":\"Reiki Conciliation\",\"url\":\"https:\\\/\\\/reiki-conciliation.org\\\/\",\"logo\":{\"@type\":\"ImageObject\",\"inLanguage\":\"de\",\"@id\":\"https:\\\/\\\/reiki-conciliation.org\\\/#\\\/schema\\\/logo\\\/image\\\/\",\"url\":\"https:\\\/\\\/reiki-conciliation.org\\\/wp-content\\\/uploads\\\/logo-rc.png\",\"contentUrl\":\"https:\\\/\\\/reiki-conciliation.org\\\/wp-content\\\/uploads\\\/logo-rc.png\",\"width\":200,\"height\":176,\"caption\":\"Reiki Conciliation\"},\"image\":{\"@id\":\"https:\\\/\\\/reiki-conciliation.org\\\/#\\\/schema\\\/logo\\\/image\\\/\"}}]}<\/script>\n<!-- \/ Yoast SEO plugin. -->","yoast_head_json":{"title":"RTalk mit Nathalie Jaspar","description":"Zwei M\u00e4nner in den besten Jahren, die \u00fcber die Abl\u00e4ufe des Lebens nachdenken, wie sie es in der Vergangenheit erlebt haben und in die Zukunft blicken. Der gegenseitige Respekt und die Freude am Erforschen der Gedanken und Gef\u00fchle des anderen sind inspirierend.","robots":{"index":"index","follow":"follow","max-snippet":"max-snippet:-1","max-image-preview":"max-image-preview:large","max-video-preview":"max-video-preview:-1"},"canonical":"https:\/\/reiki-conciliation.org\/de\/rtalks\/carlos-sanchez\/","og_locale":"de_DE","og_type":"article","og_title":"RTalk mit Nathalie Jaspar","og_description":"Zwei M\u00e4nner in den besten Jahren, die \u00fcber die Abl\u00e4ufe des Lebens nachdenken, wie sie es in der Vergangenheit erlebt haben und in die Zukunft blicken. Der gegenseitige Respekt und die Freude am Erforschen der Gedanken und Gef\u00fchle des anderen sind inspirierend.","og_url":"https:\/\/reiki-conciliation.org\/de\/rtalks\/carlos-sanchez\/","og_site_name":"REIKI Conciliation","og_image":[{"width":1280,"height":720,"url":"https:\/\/reiki-conciliation.org\/wp-content\/uploads\/thumb-carlos.jpg","type":"image\/jpeg"}],"twitter_card":"summary_large_image","twitter_misc":{"Gesch\u00e4tzte Lesezeit":"3\u00a0Minuten"},"schema":{"@context":"https:\/\/schema.org","@graph":[{"@type":"WebPage","@id":"https:\/\/reiki-conciliation.org\/de\/rtalks\/carlos-sanchez\/","url":"https:\/\/reiki-conciliation.org\/de\/rtalks\/carlos-sanchez\/","name":"RTalk mit Nathalie Jaspar","isPartOf":{"@id":"https:\/\/reiki-conciliation.org\/#website"},"primaryImageOfPage":{"@id":"https:\/\/reiki-conciliation.org\/de\/rtalks\/carlos-sanchez\/#primaryimage"},"image":{"@id":"https:\/\/reiki-conciliation.org\/de\/rtalks\/carlos-sanchez\/#primaryimage"},"thumbnailUrl":"https:\/\/reiki-conciliation.org\/wp-content\/uploads\/thumb-carlos.jpg","datePublished":"2023-06-23T05:47:19+00:00","description":"Zwei M\u00e4nner in den besten Jahren, die \u00fcber die Abl\u00e4ufe des Lebens nachdenken, wie sie es in der Vergangenheit erlebt haben und in die Zukunft blicken. Der gegenseitige Respekt und die Freude am Erforschen der Gedanken und Gef\u00fchle des anderen sind inspirierend.","inLanguage":"de","potentialAction":[{"@type":"ReadAction","target":["https:\/\/reiki-conciliation.org\/de\/rtalks\/carlos-sanchez\/"]}]},{"@type":"ImageObject","inLanguage":"de","@id":"https:\/\/reiki-conciliation.org\/de\/rtalks\/carlos-sanchez\/#primaryimage","url":"https:\/\/reiki-conciliation.org\/wp-content\/uploads\/thumb-carlos.jpg","contentUrl":"https:\/\/reiki-conciliation.org\/wp-content\/uploads\/thumb-carlos.jpg","width":1280,"height":720},{"@type":"WebSite","@id":"https:\/\/reiki-conciliation.org\/#website","url":"https:\/\/reiki-conciliation.org\/","name":"REIKI Conciliation","description":"","publisher":{"@id":"https:\/\/reiki-conciliation.org\/#organization"},"potentialAction":[{"@type":"SearchAction","target":{"@type":"EntryPoint","urlTemplate":"https:\/\/reiki-conciliation.org\/?s={search_term_string}"},"query-input":{"@type":"PropertyValueSpecification","valueRequired":true,"valueName":"search_term_string"}}],"inLanguage":"de"},{"@type":"Organization","@id":"https:\/\/reiki-conciliation.org\/#organization","name":"Reiki Conciliation","url":"https:\/\/reiki-conciliation.org\/","logo":{"@type":"ImageObject","inLanguage":"de","@id":"https:\/\/reiki-conciliation.org\/#\/schema\/logo\/image\/","url":"https:\/\/reiki-conciliation.org\/wp-content\/uploads\/logo-rc.png","contentUrl":"https:\/\/reiki-conciliation.org\/wp-content\/uploads\/logo-rc.png","width":200,"height":176,"caption":"Reiki Conciliation"},"image":{"@id":"https:\/\/reiki-conciliation.org\/#\/schema\/logo\/image\/"}}]}},"_links":{"self":[{"href":"https:\/\/reiki-conciliation.org\/de\/wp-json\/wp\/v2\/rtalks\/12721","targetHints":{"allow":["GET"]}}],"collection":[{"href":"https:\/\/reiki-conciliation.org\/de\/wp-json\/wp\/v2\/rtalks"}],"about":[{"href":"https:\/\/reiki-conciliation.org\/de\/wp-json\/wp\/v2\/types\/rtalks"}],"wp:featuredmedia":[{"embeddable":true,"href":"https:\/\/reiki-conciliation.org\/de\/wp-json\/wp\/v2\/media\/12685"}],"wp:attachment":[{"href":"https:\/\/reiki-conciliation.org\/de\/wp-json\/wp\/v2\/media?parent=12721"}],"curies":[{"name":"wp","href":"https:\/\/api.w.org\/{rel}","templated":true}]}}