{"id":4660,"date":"2021-11-05T03:33:17","date_gmt":"2021-11-05T02:33:17","guid":{"rendered":"https:\/\/reiki-conciliation.org\/?post_type=rtalks&#038;p=4660"},"modified":"2021-11-04T18:07:26","modified_gmt":"2021-11-04T17:07:26","slug":"olivia-veloso","status":"publish","type":"rtalks","link":"https:\/\/reiki-conciliation.org\/de\/rtalks\/olivia-veloso\/","title":{"rendered":"Olivia Veloso"},"content":{"rendered":"<p>Das Universum beurteilt nicht, was wir erschaffen. Die Verantwortung f\u00fcr unsere Gedanken und Handlungen liegt allein bei uns. W\u00e4hrend Olivia an ihrer Aussage festh\u00e4lt, dass wir \u00fcberall dort, wo wir unsere Aufmerksamkeit hinlenken, mehr vom Gleichen bekommen, stellt Ren\u00e9 diese Vereinfachung in Frage. <br \/>\r\n<br \/>\r\nUnabh\u00e4ngig davon, ob wir das Gesehene, Geh\u00f6rte, Gelernte oder Erlebte f\u00fcr bare M\u00fcnze nehmen oder nicht, ist alles in unserem Unterbewusstsein gespeichert. Alles, was wir tun k\u00f6nnen, ist, das unerw\u00fcnschte Thema beiseite zu legen und unsere Aufmerksamkeit auf etwas anderes zu richten, das wir vorziehen. Ren\u00e9 weist darauf hin, dass das Ersetzen eines negativen Gedankens durch einen vermeintlich positiven, wie es oft bei Affirmationen geschieht, ebenfalls zu einem ungl\u00fccklichen Ende f\u00fchrt, wenn es mit einer Erwartungshaltung geladen ist. An diesem Punkt macht Olivia einen wichtigen Punkt:<\/p>\r\n<blockquote>\r\n<p>Wir m\u00fcssen f\u00fchlen, was wir sagen, bis es unser tiefes Wissen ber\u00fchrt.<\/p>\r\n<\/blockquote>\r\n<p>Wenn wir unsere Schwingungsfrequenz anheben, stimmen wir unsere Kommunikation mit dem Universum ab. Olivia vergleicht dies mit einem Wi-Fi und einem klareren Empfang; dann sind wir uns der F\u00fchrung bewusst, die wir &#8222;Intuition&#8220; nennen. Au\u00dferdem sind wir in Kontakt mit unseren moralischen Werten, mit denen wir geboren wurden. Der einfachste Weg, unser Energieniveau zu erh\u00f6hen, geht \u00fcber eine gute Einstellung zu dem Thema, auf das wir uns konzentrieren.<br \/>\r\n<br \/>\r\nOlivia betont, dass wir eine physische und eine spirituelle Seite an uns haben, um die wir uns k\u00fcmmern m\u00fcssen; wir k\u00f6nnen weder ganz materiell noch ganz spirituell sein. Wenn wir unser ganzheitliches Wesen von einem hohen Energieniveau aus pflegen, nehmen wir die materielle Welt und unser Leben von einem positiveren Standpunkt aus wahr und erleben sie entsprechend. Wir sind hier, um diese menschliche Erfahrung zu machen, also ist es in Ordnung, materielle Dinge zu wollen, was Olivia als Sprungbrett bezeichnet, das uns zu einer h\u00f6heren Ebene der Sch\u00f6pfung f\u00fchrt. Ihre eigene Reise f\u00fchrte sie von einem Ort, an dem sie materielle Dinge wollte, zu einem Ort, an dem sie glaubte, und von dort zum Vertrauen und schlie\u00dflich zu einem Ort des Wissens.<\/p>\r\n<blockquote>\r\n<p>Was das Universum uns gibt, ist immer besser als das, was wir wollen.<\/p>\r\n<\/blockquote>\r\n<p>Um ihre Ansichten zu veranschaulichen, erz\u00e4hlt Olivia von zwei Erfahrungen: Sie fand sich unerwartet in Situationen wieder, f\u00fcr die es keine L\u00f6sungen gab. Sie behielt eine gute Einstellung, bis der Moment kam, in dem sie sp\u00fcrte, dass etwas sie zu bestimmten Handlungen dr\u00e4ngte, die nat\u00fcrlich zu unerwarteten und erstaunlichen Ergebnissen f\u00fchrten.<\/p>\r\n<blockquote>\r\n<p>Es kommt also nicht darauf an, was geschieht, sondern auf unsere Einstellung zu dem, was geschieht.<\/p>\r\n<\/blockquote>\r\n<h2>Lebenslauf<\/h2>\r\n<p>Olivia Veloso wurde auf den Philippinen geboren, lebte seit ihren fr\u00fchen Teenagerjahren in Spanien und zog 2007 nach Arizona. Seit mehr als 26 Jahren ist sie Reiki-Meisterin verschiedener Systeme und wird als Pionierin und Vermittlerin bezeichnet, und sie ist daf\u00fcr bekannt, Leben zu ber\u00fchren.<\/p>\r\n<p>Seit 2000 reist Olivia durch die ganze Welt, um zu lehren und Behandlungen durchzuf\u00fchren. Dar\u00fcber hinaus war sie auch Teil des Organisationsteams internationaler Reiki-Konferenzen. Sie ist Sponsorin der Usui Reiki 2022 Kyoto Convention, die vom 12. bis 14. August das 100-j\u00e4hrige Jubil\u00e4um von Reiki feiert &#8211;<a href=\"https:\/\/reiki-conciliation.org\/projects\/2022-global-celebration-events\/\"> siehe 2022 Global Celebration Events<\/a>.<\/p>\r\n<p>Um ihre Sch\u00fcler zu vereinen und zu ermutigen, hat Olivia k\u00fcrzlich Gendai Reiki Ho Oneness gegr\u00fcndet.<\/p>\r\n<p>Sie ist auch in anderen ganzheitlichen Bereichen qualifiziert; um nur einige zu nennen: NLP, Hypnotherapie, Feng Shui, Reflexologie und andere Massagetechniken und Heilungsmodalit\u00e4ten.<\/p>\r\n<h2>Ver\u00f6ffentlichungen<\/h2>\r\n<p><strong>On the Wings of Manifestation<\/strong>s<strong>,\u00a0<\/strong> 2017, ISBN: 197397469X, Amazon, Barnes &amp; Noble oder BOOK DEPOSITORY. Spanisch: Contacto de Alas, 2018, ISBN: 978-84-944463-2-0, Reikiavik Ediciones, Amazon und in El Corte Ingles<\/p>\r\n<p><strong>Wherever You Take Me<\/strong>, 2019, ISBN: 78843907R00159, Reikiavik Ediciones, Amazon und Barnes &amp; Nobel oder BOOK DEPOSITORY.<\/p>\r\n<p><strong>From a Place of Knowing<\/strong>: Januar\/ Februar 2022<\/p>\r\n<h2>Kontakt<\/h2>\r\n<p>F\u00fcr weitere Informationen rufen Sie bitte Olivia direkt an oder schreiben Sie ihr eine SMS an: 480.266.4575 oder senden Sie ihr eine E-Mail an: <a href=\"mailto:grharizona.1@gmail.com\">grharizona.1@gmail.com<\/a><\/p>\r\n<p>Sie k\u00f6nnen ihr auch auf ihrer Facebook-Seite folgen: Olivia Veloso und auf <a href=\"https:\/\/www.instagram.com\/gendai.master.olivia\/\">instagram.com\/gendai.master.olivia<\/a>\u00a0<\/p>","protected":false},"excerpt":{"rendered":"Das Universum beurteilt nicht, was wir erschaffen. Die Verantwortung f\u00fcr unsere Gedanken und Handlungen liegt allein bei uns. W\u00e4hrend Olivia an ihrer Aussage festh\u00e4lt, dass wir \u00fcberall dort, wo wir unsere Aufmerksamkeit hinlenken, mehr vom Gleichen bekommen, stellt Ren\u00e9 diese Vereinfachung in Frage.\r\n","protected":false},"featured_media":4706,"template":"","class_list":["post-4660","rtalks","type-rtalks","status-publish","has-post-thumbnail","hentry"],"acf":[],"yoast_head":"<!-- This site is optimized with the Yoast SEO plugin v27.3 - https:\/\/yoast.com\/product\/yoast-seo-wordpress\/ -->\n<title>RTalk &#039;Anziehung&#039; mit Olivia Veloso - REIKI Conciliation<\/title>\n<meta name=\"description\" content=\"Das Universum beurteilt nicht, was wir erschaffen. Die Verantwortung f\u00fcr unsere Gedanken und Handlungen liegt allein bei uns. W\u00e4hrend Olivia an ihrer Aussage festh\u00e4lt, dass wir \u00fcberall dort, wo wir unsere Aufmerksamkeit hinlenken, mehr vom Gleichen bekommen, stellt Ren\u00e9 diese Vereinfachung in Frage.\" \/>\n<meta name=\"robots\" content=\"index, follow, max-snippet:-1, max-image-preview:large, max-video-preview:-1\" \/>\n<link rel=\"canonical\" href=\"https:\/\/reiki-conciliation.org\/de\/rtalks\/olivia-veloso\/\" \/>\n<meta property=\"og:locale\" content=\"de_DE\" \/>\n<meta property=\"og:type\" content=\"article\" \/>\n<meta property=\"og:title\" content=\"RTalk &#039;Anziehung&#039; mit Olivia Veloso - REIKI Conciliation\" \/>\n<meta property=\"og:description\" content=\"Das Universum beurteilt nicht, was wir erschaffen. Die Verantwortung f\u00fcr unsere Gedanken und Handlungen liegt allein bei uns. W\u00e4hrend Olivia an ihrer Aussage festh\u00e4lt, dass wir \u00fcberall dort, wo wir unsere Aufmerksamkeit hinlenken, mehr vom Gleichen bekommen, stellt Ren\u00e9 diese Vereinfachung in Frage.\" \/>\n<meta property=\"og:url\" content=\"https:\/\/reiki-conciliation.org\/de\/rtalks\/olivia-veloso\/\" \/>\n<meta property=\"og:site_name\" content=\"REIKI Conciliation\" \/>\n<meta property=\"og:image\" content=\"https:\/\/reiki-conciliation.org\/wp-content\/uploads\/rtalk-facebook-olivia-veloso.jpg\" \/>\n<meta name=\"twitter:card\" content=\"summary_large_image\" \/>\n<meta name=\"twitter:label1\" content=\"Gesch\u00e4tzte Lesezeit\" \/>\n\t<meta name=\"twitter:data1\" content=\"3\u00a0Minuten\" \/>\n<script type=\"application\/ld+json\" class=\"yoast-schema-graph\">{\"@context\":\"https:\\\/\\\/schema.org\",\"@graph\":[{\"@type\":\"WebPage\",\"@id\":\"https:\\\/\\\/reiki-conciliation.org\\\/de\\\/rtalks\\\/olivia-veloso\\\/\",\"url\":\"https:\\\/\\\/reiki-conciliation.org\\\/de\\\/rtalks\\\/olivia-veloso\\\/\",\"name\":\"RTalk 'Anziehung' mit Olivia Veloso - REIKI Conciliation\",\"isPartOf\":{\"@id\":\"https:\\\/\\\/reiki-conciliation.org\\\/#website\"},\"primaryImageOfPage\":{\"@id\":\"https:\\\/\\\/reiki-conciliation.org\\\/de\\\/rtalks\\\/olivia-veloso\\\/#primaryimage\"},\"image\":{\"@id\":\"https:\\\/\\\/reiki-conciliation.org\\\/de\\\/rtalks\\\/olivia-veloso\\\/#primaryimage\"},\"thumbnailUrl\":\"https:\\\/\\\/reiki-conciliation.org\\\/wp-content\\\/uploads\\\/rtalk-youtube-olivia-veloso.jpg\",\"datePublished\":\"2021-11-05T02:33:17+00:00\",\"description\":\"Das Universum beurteilt nicht, was wir erschaffen. Die Verantwortung f\u00fcr unsere Gedanken und Handlungen liegt allein bei uns. W\u00e4hrend Olivia an ihrer Aussage festh\u00e4lt, dass wir \u00fcberall dort, wo wir unsere Aufmerksamkeit hinlenken, mehr vom Gleichen bekommen, stellt Ren\u00e9 diese Vereinfachung in Frage.\",\"inLanguage\":\"de\",\"potentialAction\":[{\"@type\":\"ReadAction\",\"target\":[\"https:\\\/\\\/reiki-conciliation.org\\\/de\\\/rtalks\\\/olivia-veloso\\\/\"]}]},{\"@type\":\"ImageObject\",\"inLanguage\":\"de\",\"@id\":\"https:\\\/\\\/reiki-conciliation.org\\\/de\\\/rtalks\\\/olivia-veloso\\\/#primaryimage\",\"url\":\"https:\\\/\\\/reiki-conciliation.org\\\/wp-content\\\/uploads\\\/rtalk-youtube-olivia-veloso.jpg\",\"contentUrl\":\"https:\\\/\\\/reiki-conciliation.org\\\/wp-content\\\/uploads\\\/rtalk-youtube-olivia-veloso.jpg\",\"width\":1280,\"height\":720},{\"@type\":\"WebSite\",\"@id\":\"https:\\\/\\\/reiki-conciliation.org\\\/#website\",\"url\":\"https:\\\/\\\/reiki-conciliation.org\\\/\",\"name\":\"REIKI Conciliation\",\"description\":\"\",\"publisher\":{\"@id\":\"https:\\\/\\\/reiki-conciliation.org\\\/#organization\"},\"potentialAction\":[{\"@type\":\"SearchAction\",\"target\":{\"@type\":\"EntryPoint\",\"urlTemplate\":\"https:\\\/\\\/reiki-conciliation.org\\\/?s={search_term_string}\"},\"query-input\":{\"@type\":\"PropertyValueSpecification\",\"valueRequired\":true,\"valueName\":\"search_term_string\"}}],\"inLanguage\":\"de\"},{\"@type\":\"Organization\",\"@id\":\"https:\\\/\\\/reiki-conciliation.org\\\/#organization\",\"name\":\"Reiki Conciliation\",\"url\":\"https:\\\/\\\/reiki-conciliation.org\\\/\",\"logo\":{\"@type\":\"ImageObject\",\"inLanguage\":\"de\",\"@id\":\"https:\\\/\\\/reiki-conciliation.org\\\/#\\\/schema\\\/logo\\\/image\\\/\",\"url\":\"https:\\\/\\\/reiki-conciliation.org\\\/wp-content\\\/uploads\\\/logo-rc.png\",\"contentUrl\":\"https:\\\/\\\/reiki-conciliation.org\\\/wp-content\\\/uploads\\\/logo-rc.png\",\"width\":200,\"height\":176,\"caption\":\"Reiki Conciliation\"},\"image\":{\"@id\":\"https:\\\/\\\/reiki-conciliation.org\\\/#\\\/schema\\\/logo\\\/image\\\/\"}}]}<\/script>\n<!-- \/ Yoast SEO plugin. -->","yoast_head_json":{"title":"RTalk 'Anziehung' mit Olivia Veloso - REIKI Conciliation","description":"Das Universum beurteilt nicht, was wir erschaffen. Die Verantwortung f\u00fcr unsere Gedanken und Handlungen liegt allein bei uns. W\u00e4hrend Olivia an ihrer Aussage festh\u00e4lt, dass wir \u00fcberall dort, wo wir unsere Aufmerksamkeit hinlenken, mehr vom Gleichen bekommen, stellt Ren\u00e9 diese Vereinfachung in Frage.","robots":{"index":"index","follow":"follow","max-snippet":"max-snippet:-1","max-image-preview":"max-image-preview:large","max-video-preview":"max-video-preview:-1"},"canonical":"https:\/\/reiki-conciliation.org\/de\/rtalks\/olivia-veloso\/","og_locale":"de_DE","og_type":"article","og_title":"RTalk 'Anziehung' mit Olivia Veloso - REIKI Conciliation","og_description":"Das Universum beurteilt nicht, was wir erschaffen. Die Verantwortung f\u00fcr unsere Gedanken und Handlungen liegt allein bei uns. W\u00e4hrend Olivia an ihrer Aussage festh\u00e4lt, dass wir \u00fcberall dort, wo wir unsere Aufmerksamkeit hinlenken, mehr vom Gleichen bekommen, stellt Ren\u00e9 diese Vereinfachung in Frage.","og_url":"https:\/\/reiki-conciliation.org\/de\/rtalks\/olivia-veloso\/","og_site_name":"REIKI Conciliation","og_image":[{"url":"https:\/\/reiki-conciliation.org\/wp-content\/uploads\/rtalk-facebook-olivia-veloso.jpg","type":"","width":"","height":""}],"twitter_card":"summary_large_image","twitter_misc":{"Gesch\u00e4tzte Lesezeit":"3\u00a0Minuten"},"schema":{"@context":"https:\/\/schema.org","@graph":[{"@type":"WebPage","@id":"https:\/\/reiki-conciliation.org\/de\/rtalks\/olivia-veloso\/","url":"https:\/\/reiki-conciliation.org\/de\/rtalks\/olivia-veloso\/","name":"RTalk 'Anziehung' mit Olivia Veloso - REIKI Conciliation","isPartOf":{"@id":"https:\/\/reiki-conciliation.org\/#website"},"primaryImageOfPage":{"@id":"https:\/\/reiki-conciliation.org\/de\/rtalks\/olivia-veloso\/#primaryimage"},"image":{"@id":"https:\/\/reiki-conciliation.org\/de\/rtalks\/olivia-veloso\/#primaryimage"},"thumbnailUrl":"https:\/\/reiki-conciliation.org\/wp-content\/uploads\/rtalk-youtube-olivia-veloso.jpg","datePublished":"2021-11-05T02:33:17+00:00","description":"Das Universum beurteilt nicht, was wir erschaffen. Die Verantwortung f\u00fcr unsere Gedanken und Handlungen liegt allein bei uns. W\u00e4hrend Olivia an ihrer Aussage festh\u00e4lt, dass wir \u00fcberall dort, wo wir unsere Aufmerksamkeit hinlenken, mehr vom Gleichen bekommen, stellt Ren\u00e9 diese Vereinfachung in Frage.","inLanguage":"de","potentialAction":[{"@type":"ReadAction","target":["https:\/\/reiki-conciliation.org\/de\/rtalks\/olivia-veloso\/"]}]},{"@type":"ImageObject","inLanguage":"de","@id":"https:\/\/reiki-conciliation.org\/de\/rtalks\/olivia-veloso\/#primaryimage","url":"https:\/\/reiki-conciliation.org\/wp-content\/uploads\/rtalk-youtube-olivia-veloso.jpg","contentUrl":"https:\/\/reiki-conciliation.org\/wp-content\/uploads\/rtalk-youtube-olivia-veloso.jpg","width":1280,"height":720},{"@type":"WebSite","@id":"https:\/\/reiki-conciliation.org\/#website","url":"https:\/\/reiki-conciliation.org\/","name":"REIKI Conciliation","description":"","publisher":{"@id":"https:\/\/reiki-conciliation.org\/#organization"},"potentialAction":[{"@type":"SearchAction","target":{"@type":"EntryPoint","urlTemplate":"https:\/\/reiki-conciliation.org\/?s={search_term_string}"},"query-input":{"@type":"PropertyValueSpecification","valueRequired":true,"valueName":"search_term_string"}}],"inLanguage":"de"},{"@type":"Organization","@id":"https:\/\/reiki-conciliation.org\/#organization","name":"Reiki Conciliation","url":"https:\/\/reiki-conciliation.org\/","logo":{"@type":"ImageObject","inLanguage":"de","@id":"https:\/\/reiki-conciliation.org\/#\/schema\/logo\/image\/","url":"https:\/\/reiki-conciliation.org\/wp-content\/uploads\/logo-rc.png","contentUrl":"https:\/\/reiki-conciliation.org\/wp-content\/uploads\/logo-rc.png","width":200,"height":176,"caption":"Reiki Conciliation"},"image":{"@id":"https:\/\/reiki-conciliation.org\/#\/schema\/logo\/image\/"}}]}},"_links":{"self":[{"href":"https:\/\/reiki-conciliation.org\/de\/wp-json\/wp\/v2\/rtalks\/4660","targetHints":{"allow":["GET"]}}],"collection":[{"href":"https:\/\/reiki-conciliation.org\/de\/wp-json\/wp\/v2\/rtalks"}],"about":[{"href":"https:\/\/reiki-conciliation.org\/de\/wp-json\/wp\/v2\/types\/rtalks"}],"wp:featuredmedia":[{"embeddable":true,"href":"https:\/\/reiki-conciliation.org\/de\/wp-json\/wp\/v2\/media\/4706"}],"wp:attachment":[{"href":"https:\/\/reiki-conciliation.org\/de\/wp-json\/wp\/v2\/media?parent=4660"}],"curies":[{"name":"wp","href":"https:\/\/api.w.org\/{rel}","templated":true}]}}