{"id":12724,"date":"2023-06-23T07:47:27","date_gmt":"2023-06-23T05:47:27","guid":{"rendered":"https:\/\/reiki-conciliation.org\/?post_type=rtalks&#038;p=12724"},"modified":"2023-06-23T07:47:27","modified_gmt":"2023-06-23T05:47:27","slug":"carlos-sanchez","status":"publish","type":"rtalks","link":"https:\/\/reiki-conciliation.org\/es\/rtalks\/carlos-sanchez\/","title":{"rendered":"Carlos S\u00e1nchez"},"content":{"rendered":"<p>Dos hombres en la flor de la vida reflexionan sobre el pasado y el futuro de la vida. El respeto mutuo y la alegr\u00eda de explorar los pensamientos y sentimientos del otro son inspiradores.<\/p>\r\n<p><span class=\"yt-core-attributed-string--link-inherit-color\"> <a class=\"yt-core-attributed-string__link yt-core-attributed-string__link--display-type yt-core-attributed-string__link--call-to-action-color\" tabindex=\"0\" href=\"https:\/\/www.youtube.com\/watch?v=lgy_4gmrSC8&amp;t=0s\" target=\"\" rel=\"nofollow noopener\">00:00<\/a> <\/span> Ren\u00e9 y Carlos en el \u00abGrupo de Sucesi\u00f3n\u00bb de Phyllis Lei Furumoto. Carlos vive en Argentina, es Maestro de Reiki desde 1995.<\/p>\r\n<p><span class=\"yt-core-attributed-string--link-inherit-color\"> <a class=\"yt-core-attributed-string__link yt-core-attributed-string__link--display-type yt-core-attributed-string__link--call-to-action-color\" tabindex=\"0\" href=\"https:\/\/www.youtube.com\/watch?v=lgy_4gmrSC8&amp;t=356s\" target=\"\" rel=\"nofollow noopener\">05:56<\/a> <\/span> Cu\u00e1ndo es un Maestro de Reiki lo suficientemente maduro para entrenar a otros Maestros? Carlos relata su fascinante proceso.<\/p>\r\n<p><span class=\"yt-core-attributed-string--link-inherit-color\"> <a class=\"yt-core-attributed-string__link yt-core-attributed-string__link--display-type yt-core-attributed-string__link--call-to-action-color\" tabindex=\"0\" href=\"https:\/\/www.youtube.com\/watch?v=lgy_4gmrSC8&amp;t=589s\" target=\"\" rel=\"nofollow noopener\">09:49<\/a> <\/span> Procrastinaci\u00f3n disfrazada de noble recato: Carlos hace una analog\u00eda con cocinar Gnochi.<\/p>\r\n<p><span class=\"yt-core-attributed-string--link-inherit-color\"> <a class=\"yt-core-attributed-string__link yt-core-attributed-string__link--display-type yt-core-attributed-string__link--call-to-action-color\" tabindex=\"0\" href=\"https:\/\/www.youtube.com\/watch?v=lgy_4gmrSC8&amp;t=767s\" target=\"\" rel=\"nofollow noopener\">12:47<\/a> <\/span> La \u00aboraci\u00f3n de la serenidad\u00bb: hay cosas que no puedo cambiar y otras que s\u00ed; conc\u00e9deme la sabidur\u00eda necesaria para distinguirlas.<\/p>\r\n<p><span class=\"yt-core-attributed-string--link-inherit-color\"> <a class=\"yt-core-attributed-string__link yt-core-attributed-string__link--display-type yt-core-attributed-string__link--call-to-action-color\" tabindex=\"0\" href=\"https:\/\/www.youtube.com\/watch?v=lgy_4gmrSC8&amp;t=924s\" target=\"\" rel=\"nofollow noopener\">15:24<\/a> <\/span>: Carlos tambi\u00e9n trabaja con Flores de Bach y es agricultor de profesi\u00f3n adapt\u00e1ndose a los cambios que dicta la naturaleza. Lo que parecen mundos diferentes en la superficie, no lo son.<\/p>\r\n<p><span class=\"yt-core-attributed-string--link-inherit-color\"> <a class=\"yt-core-attributed-string__link yt-core-attributed-string__link--display-type yt-core-attributed-string__link--call-to-action-color\" tabindex=\"0\" href=\"https:\/\/www.youtube.com\/watch?v=lgy_4gmrSC8&amp;t=1136s\" target=\"\" rel=\"nofollow noopener\">18:56<\/a> <\/span> Un imperativo social para Carlos: ayudar a las Abuelas de Plaza de Mayo a encontrar a los ni\u00f1os robados y adoptados ilegalmente durante la dictadura militar argentina en 1976-1983. \u00abUna de las cosas m\u00e1s gratificantes que he hecho en mi vida\u00bb.<\/p>\r\n<p><span class=\"yt-core-attributed-string--link-inherit-color\"> <a class=\"yt-core-attributed-string__link yt-core-attributed-string__link--display-type yt-core-attributed-string__link--call-to-action-color\" tabindex=\"0\" href=\"https:\/\/www.youtube.com\/watch?v=lgy_4gmrSC8&amp;t=1506s\" target=\"\" rel=\"nofollow noopener\">25:06<\/a> <\/span> El pasado cruel y violento no se puede cambiar. \u00abPero podemos sanar nuestra relaci\u00f3n como sociedad. Y puedo cambiar algunas cosas con impacto en el futuro\u00bb.<\/p>\r\n<p><span class=\"yt-core-attributed-string--link-inherit-color\"> <a class=\"yt-core-attributed-string__link yt-core-attributed-string__link--display-type yt-core-attributed-string__link--call-to-action-color\" tabindex=\"0\" href=\"https:\/\/www.youtube.com\/watch?v=lgy_4gmrSC8&amp;t=1859s\" target=\"\" rel=\"nofollow noopener\">30:59<\/a> <\/span> Los cambios en la sociedad descritos por Carlos tienen mucho que ver con el esp\u00edritu de reconciliaci\u00f3n, que es un proceso continuo. La humanidad ha recorrido un largo camino, pero debemos seguir esforz\u00e1ndonos por un mundo mejor.<\/p>\r\n<p><span class=\"yt-core-attributed-string--link-inherit-color\"> <a class=\"yt-core-attributed-string__link yt-core-attributed-string__link--display-type yt-core-attributed-string__link--call-to-action-color\" tabindex=\"0\" href=\"https:\/\/www.youtube.com\/watch?v=lgy_4gmrSC8&amp;t=2216s\" target=\"\" rel=\"nofollow noopener\">36:56<\/a> <\/span> Entretenido videoclip \u00abC\u00f3mo cambiar el mundo\u00bb (ver Referencias) seguido de una historia sobre el nieto de Carlos. \u00abHay que cambiar el mundo y probar cosas nuevas\u00bb.<\/p>\r\n<p><span class=\"yt-core-attributed-string--link-inherit-color\"> <a class=\"yt-core-attributed-string__link yt-core-attributed-string__link--display-type yt-core-attributed-string__link--call-to-action-color\" tabindex=\"0\" href=\"https:\/\/www.youtube.com\/watch?v=lgy_4gmrSC8&amp;t=2419s\" target=\"\" rel=\"nofollow noopener\">40:19<\/a> <\/span> \u00abLo que me gustar\u00eda pensar sobre el futuro es que no traiciono mis valores y lo que soy\u00bb.<\/p>\r\n<h2>Biograf\u00eda<\/h2>\r\n<p>Carlos es un Maestro de Reiki nacido en 1959 en la Argentina rural. Todav\u00eda vive all\u00ed y practica y ense\u00f1a Reiki. Muchos de sus vecinos tambi\u00e9n son estudiantes de Reiki; por consiguiente, su pr\u00e1ctica est\u00e1 integrada en su vida diaria de muchas maneras.<\/p>\r\n<p>Encontr\u00f3 el Reiki despu\u00e9s de a\u00f1os de b\u00fasqueda en diferentes pr\u00e1cticas y dice:<\/p>\r\n<blockquote>\r\n<p>\u00abJusto en mi primera clase de Reiki supe que Reiki era lo que hab\u00eda estado anhelando\u00bb.<\/p>\r\n<\/blockquote>\r\n<p>El viaje con Reiki ha cambiado su forma de ver el mundo y de verse a s\u00ed mismo. Primero tuvo que dejar la llanura argentina y la vida rural que tanto le gusta para viajar a Alemania e iniciarse como Maestro de Reiki. A lo largo de los a\u00f1os, viaj\u00f3 a muchos lugares del mundo. Ha aprendido y mejorado su ingl\u00e9s para poder comunicarse mucho mejor con la comunidad de Reiki en general. Cree que las lenguas son puentes que conectan a las personas.<\/p>\r\n<p>Carlos es tambi\u00e9n un amante de los libros y el cine, y le gusta la jardiner\u00eda.<\/p>\r\n<p>Uno de sus trabajos m\u00e1s gratificantes es su labor como voluntario en una asociaci\u00f3n de derechos humanos sin \u00e1nimo de lucro llamada \u00abAbuelas de Plaza de Mayo\u00bb. Esta organizaci\u00f3n trabaja en la b\u00fasqueda de los ni\u00f1os secuestrados durante los a\u00f1os de la \u00abdictadura\u00bb en Argentina, un violento gobierno militar que gobern\u00f3 el pa\u00eds entre 1976 y 1983.<\/p>\r\n<p>Como agricultor, considera que el contacto con la naturaleza y sus ritmos y ciclos le ofrece una gran alegr\u00eda y satisfacci\u00f3n junto con la aceptaci\u00f3n de los retos.<\/p>\r\n<h2>Referencias<\/h2>\r\n<p><span class=\"yt-core-attributed-string--link-inherit-color\"> <a class=\"yt-core-attributed-string__link yt-core-attributed-string__link--display-type yt-core-attributed-string__link--call-to-action-color\" tabindex=\"0\" href=\"https:\/\/www.youtube.com\/watch?v=lgy_4gmrSC8&amp;t=794s\" target=\"\" rel=\"nofollow noopener\">13:14<\/a> <\/span> La \u00aboraci\u00f3n de la serenidad\u00bb: <a href=\"https:\/\/en.wikipedia.org\/wiki\/Serenity_Prayer\">https:\/\/en.wikipedia.org\/wiki\/Serenity_Prayer<\/a><\/p>\r\n<p><span class=\"yt-core-attributed-string--link-inherit-color\"> <a class=\"yt-core-attributed-string__link yt-core-attributed-string__link--display-type yt-core-attributed-string__link--call-to-action-color\" tabindex=\"0\" href=\"https:\/\/www.youtube.com\/watch?v=lgy_4gmrSC8&amp;t=1155s\" target=\"\" rel=\"nofollow noopener\">19:15<\/a> <\/span> Abuelas de la Plaza de Mayo: <a href=\"https:\/\/en.wikipedia.org\/wiki\/Grandmothers_of_the_Plaza_de_Mayo\">https:\/\/en.wikipedia.org\/wiki\/Grandmothers_of_the_Plaza_de_Mayo<\/a><\/p>\r\n<p><span class=\"yt-core-attributed-string--link-inherit-color\"> <a class=\"yt-core-attributed-string__link yt-core-attributed-string__link--display-type yt-core-attributed-string__link--call-to-action-color\" tabindex=\"0\" href=\"https:\/\/www.youtube.com\/watch?v=lgy_4gmrSC8&amp;t=1995s\" target=\"\" rel=\"nofollow noopener\">33:15<\/a> <\/span> El archivo de todas las secuencias de la entrevista con Phyllis Lei Furumotto: <a href=\"https:\/\/reiki-conciliation.org\/66-steps-on-the-path-to-reconciliation\/\">https:\/\/reiki-conciliation.org\/66-steps-on-the-path-to-reconciliation\/<\/a><\/p>\r\n<p><span class=\"yt-core-attributed-string--link-inherit-color\"> <a class=\"yt-core-attributed-string__link yt-core-attributed-string__link--display-type yt-core-attributed-string__link--call-to-action-color\" tabindex=\"0\" href=\"https:\/\/www.youtube.com\/watch?v=lgy_4gmrSC8&amp;t=2216s\" target=\"\" rel=\"nofollow noopener\">36:56<\/a> <\/span> C\u00f3mo cambiar el mundo (trabajo en curso) | Kid President: <a href=\"https:\/\/youtu.be\/4z7gDsSKUmU\">https:\/\/youtu.be\/4z7gDsSKUmU<\/a><\/p>","protected":false},"excerpt":{"rendered":"Dos hombres en la flor de la vida reflexionan sobre el pasado y el futuro de la vida. El respeto mutuo y la alegr\u00eda de explorar los pensamientos y sentimientos del otro son inspiradores.","protected":false},"featured_media":12693,"template":"","class_list":["post-12724","rtalks","type-rtalks","status-publish","has-post-thumbnail","hentry"],"acf":[],"yoast_head":"<!-- This site is optimized with the Yoast SEO plugin v27.3 - https:\/\/yoast.com\/product\/yoast-seo-wordpress\/ -->\n<title>RTalk con Carlos S\u00e1nchez - REIKI Conciliation<\/title>\n<meta name=\"description\" content=\"Dos hombres en la flor de la vida reflexionan sobre el pasado y el futuro de la vida. El respeto mutuo y la alegr\u00eda de explorar los pensamientos y sentimientos del otro son inspiradores.\" \/>\n<meta name=\"robots\" content=\"index, follow, max-snippet:-1, max-image-preview:large, max-video-preview:-1\" \/>\n<link rel=\"canonical\" href=\"https:\/\/reiki-conciliation.org\/es\/rtalks\/carlos-sanchez\/\" \/>\n<meta property=\"og:locale\" content=\"es_ES\" \/>\n<meta property=\"og:type\" content=\"article\" \/>\n<meta property=\"og:title\" content=\"RTalk con Carlos S\u00e1nchez - REIKI Conciliation\" \/>\n<meta property=\"og:description\" content=\"Dos hombres en la flor de la vida reflexionan sobre el pasado y el futuro de la vida. El respeto mutuo y la alegr\u00eda de explorar los pensamientos y sentimientos del otro son inspiradores.\" \/>\n<meta property=\"og:url\" content=\"https:\/\/reiki-conciliation.org\/es\/rtalks\/carlos-sanchez\/\" \/>\n<meta property=\"og:site_name\" content=\"REIKI Conciliation\" \/>\n<meta property=\"og:image\" content=\"https:\/\/reiki-conciliation.org\/wp-content\/uploads\/thumb-carlos.jpg\" \/>\n\t<meta property=\"og:image:width\" content=\"1280\" \/>\n\t<meta property=\"og:image:height\" content=\"720\" \/>\n\t<meta property=\"og:image:type\" content=\"image\/jpeg\" \/>\n<meta name=\"twitter:card\" content=\"summary_large_image\" \/>\n<meta name=\"twitter:label1\" content=\"Tiempo de lectura\" \/>\n\t<meta name=\"twitter:data1\" content=\"3 minutos\" \/>\n<script type=\"application\/ld+json\" class=\"yoast-schema-graph\">{\"@context\":\"https:\\\/\\\/schema.org\",\"@graph\":[{\"@type\":\"WebPage\",\"@id\":\"https:\\\/\\\/reiki-conciliation.org\\\/es\\\/rtalks\\\/carlos-sanchez\\\/\",\"url\":\"https:\\\/\\\/reiki-conciliation.org\\\/es\\\/rtalks\\\/carlos-sanchez\\\/\",\"name\":\"RTalk con Carlos S\u00e1nchez - REIKI Conciliation\",\"isPartOf\":{\"@id\":\"https:\\\/\\\/reiki-conciliation.org\\\/#website\"},\"primaryImageOfPage\":{\"@id\":\"https:\\\/\\\/reiki-conciliation.org\\\/es\\\/rtalks\\\/carlos-sanchez\\\/#primaryimage\"},\"image\":{\"@id\":\"https:\\\/\\\/reiki-conciliation.org\\\/es\\\/rtalks\\\/carlos-sanchez\\\/#primaryimage\"},\"thumbnailUrl\":\"https:\\\/\\\/reiki-conciliation.org\\\/wp-content\\\/uploads\\\/thumb-carlos.jpg\",\"datePublished\":\"2023-06-23T05:47:27+00:00\",\"description\":\"Dos hombres en la flor de la vida reflexionan sobre el pasado y el futuro de la vida. El respeto mutuo y la alegr\u00eda de explorar los pensamientos y sentimientos del otro son inspiradores.\",\"breadcrumb\":{\"@id\":\"https:\\\/\\\/reiki-conciliation.org\\\/es\\\/rtalks\\\/carlos-sanchez\\\/#breadcrumb\"},\"inLanguage\":\"es\",\"potentialAction\":[{\"@type\":\"ReadAction\",\"target\":[\"https:\\\/\\\/reiki-conciliation.org\\\/es\\\/rtalks\\\/carlos-sanchez\\\/\"]}]},{\"@type\":\"ImageObject\",\"inLanguage\":\"es\",\"@id\":\"https:\\\/\\\/reiki-conciliation.org\\\/es\\\/rtalks\\\/carlos-sanchez\\\/#primaryimage\",\"url\":\"https:\\\/\\\/reiki-conciliation.org\\\/wp-content\\\/uploads\\\/thumb-carlos.jpg\",\"contentUrl\":\"https:\\\/\\\/reiki-conciliation.org\\\/wp-content\\\/uploads\\\/thumb-carlos.jpg\",\"width\":1280,\"height\":720},{\"@type\":\"BreadcrumbList\",\"@id\":\"https:\\\/\\\/reiki-conciliation.org\\\/es\\\/rtalks\\\/carlos-sanchez\\\/#breadcrumb\",\"itemListElement\":[{\"@type\":\"ListItem\",\"position\":1,\"name\":\"Home\",\"item\":\"https:\\\/\\\/reiki-conciliation.org\\\/\"},{\"@type\":\"ListItem\",\"position\":2,\"name\":\"Carlos S\u00e1nchez\"}]},{\"@type\":\"WebSite\",\"@id\":\"https:\\\/\\\/reiki-conciliation.org\\\/#website\",\"url\":\"https:\\\/\\\/reiki-conciliation.org\\\/\",\"name\":\"REIKI Conciliation\",\"description\":\"\",\"publisher\":{\"@id\":\"https:\\\/\\\/reiki-conciliation.org\\\/#organization\"},\"potentialAction\":[{\"@type\":\"SearchAction\",\"target\":{\"@type\":\"EntryPoint\",\"urlTemplate\":\"https:\\\/\\\/reiki-conciliation.org\\\/?s={search_term_string}\"},\"query-input\":{\"@type\":\"PropertyValueSpecification\",\"valueRequired\":true,\"valueName\":\"search_term_string\"}}],\"inLanguage\":\"es\"},{\"@type\":\"Organization\",\"@id\":\"https:\\\/\\\/reiki-conciliation.org\\\/#organization\",\"name\":\"Reiki Conciliation\",\"url\":\"https:\\\/\\\/reiki-conciliation.org\\\/\",\"logo\":{\"@type\":\"ImageObject\",\"inLanguage\":\"es\",\"@id\":\"https:\\\/\\\/reiki-conciliation.org\\\/#\\\/schema\\\/logo\\\/image\\\/\",\"url\":\"https:\\\/\\\/reiki-conciliation.org\\\/wp-content\\\/uploads\\\/logo-rc.png\",\"contentUrl\":\"https:\\\/\\\/reiki-conciliation.org\\\/wp-content\\\/uploads\\\/logo-rc.png\",\"width\":200,\"height\":176,\"caption\":\"Reiki Conciliation\"},\"image\":{\"@id\":\"https:\\\/\\\/reiki-conciliation.org\\\/#\\\/schema\\\/logo\\\/image\\\/\"}}]}<\/script>\n<!-- \/ Yoast SEO plugin. -->","yoast_head_json":{"title":"RTalk con Carlos S\u00e1nchez - REIKI Conciliation","description":"Dos hombres en la flor de la vida reflexionan sobre el pasado y el futuro de la vida. El respeto mutuo y la alegr\u00eda de explorar los pensamientos y sentimientos del otro son inspiradores.","robots":{"index":"index","follow":"follow","max-snippet":"max-snippet:-1","max-image-preview":"max-image-preview:large","max-video-preview":"max-video-preview:-1"},"canonical":"https:\/\/reiki-conciliation.org\/es\/rtalks\/carlos-sanchez\/","og_locale":"es_ES","og_type":"article","og_title":"RTalk con Carlos S\u00e1nchez - REIKI Conciliation","og_description":"Dos hombres en la flor de la vida reflexionan sobre el pasado y el futuro de la vida. El respeto mutuo y la alegr\u00eda de explorar los pensamientos y sentimientos del otro son inspiradores.","og_url":"https:\/\/reiki-conciliation.org\/es\/rtalks\/carlos-sanchez\/","og_site_name":"REIKI Conciliation","og_image":[{"width":1280,"height":720,"url":"https:\/\/reiki-conciliation.org\/wp-content\/uploads\/thumb-carlos.jpg","type":"image\/jpeg"}],"twitter_card":"summary_large_image","twitter_misc":{"Tiempo de lectura":"3 minutos"},"schema":{"@context":"https:\/\/schema.org","@graph":[{"@type":"WebPage","@id":"https:\/\/reiki-conciliation.org\/es\/rtalks\/carlos-sanchez\/","url":"https:\/\/reiki-conciliation.org\/es\/rtalks\/carlos-sanchez\/","name":"RTalk con Carlos S\u00e1nchez - REIKI Conciliation","isPartOf":{"@id":"https:\/\/reiki-conciliation.org\/#website"},"primaryImageOfPage":{"@id":"https:\/\/reiki-conciliation.org\/es\/rtalks\/carlos-sanchez\/#primaryimage"},"image":{"@id":"https:\/\/reiki-conciliation.org\/es\/rtalks\/carlos-sanchez\/#primaryimage"},"thumbnailUrl":"https:\/\/reiki-conciliation.org\/wp-content\/uploads\/thumb-carlos.jpg","datePublished":"2023-06-23T05:47:27+00:00","description":"Dos hombres en la flor de la vida reflexionan sobre el pasado y el futuro de la vida. El respeto mutuo y la alegr\u00eda de explorar los pensamientos y sentimientos del otro son inspiradores.","breadcrumb":{"@id":"https:\/\/reiki-conciliation.org\/es\/rtalks\/carlos-sanchez\/#breadcrumb"},"inLanguage":"es","potentialAction":[{"@type":"ReadAction","target":["https:\/\/reiki-conciliation.org\/es\/rtalks\/carlos-sanchez\/"]}]},{"@type":"ImageObject","inLanguage":"es","@id":"https:\/\/reiki-conciliation.org\/es\/rtalks\/carlos-sanchez\/#primaryimage","url":"https:\/\/reiki-conciliation.org\/wp-content\/uploads\/thumb-carlos.jpg","contentUrl":"https:\/\/reiki-conciliation.org\/wp-content\/uploads\/thumb-carlos.jpg","width":1280,"height":720},{"@type":"BreadcrumbList","@id":"https:\/\/reiki-conciliation.org\/es\/rtalks\/carlos-sanchez\/#breadcrumb","itemListElement":[{"@type":"ListItem","position":1,"name":"Home","item":"https:\/\/reiki-conciliation.org\/"},{"@type":"ListItem","position":2,"name":"Carlos S\u00e1nchez"}]},{"@type":"WebSite","@id":"https:\/\/reiki-conciliation.org\/#website","url":"https:\/\/reiki-conciliation.org\/","name":"REIKI Conciliation","description":"","publisher":{"@id":"https:\/\/reiki-conciliation.org\/#organization"},"potentialAction":[{"@type":"SearchAction","target":{"@type":"EntryPoint","urlTemplate":"https:\/\/reiki-conciliation.org\/?s={search_term_string}"},"query-input":{"@type":"PropertyValueSpecification","valueRequired":true,"valueName":"search_term_string"}}],"inLanguage":"es"},{"@type":"Organization","@id":"https:\/\/reiki-conciliation.org\/#organization","name":"Reiki Conciliation","url":"https:\/\/reiki-conciliation.org\/","logo":{"@type":"ImageObject","inLanguage":"es","@id":"https:\/\/reiki-conciliation.org\/#\/schema\/logo\/image\/","url":"https:\/\/reiki-conciliation.org\/wp-content\/uploads\/logo-rc.png","contentUrl":"https:\/\/reiki-conciliation.org\/wp-content\/uploads\/logo-rc.png","width":200,"height":176,"caption":"Reiki Conciliation"},"image":{"@id":"https:\/\/reiki-conciliation.org\/#\/schema\/logo\/image\/"}}]}},"_links":{"self":[{"href":"https:\/\/reiki-conciliation.org\/es\/wp-json\/wp\/v2\/rtalks\/12724","targetHints":{"allow":["GET"]}}],"collection":[{"href":"https:\/\/reiki-conciliation.org\/es\/wp-json\/wp\/v2\/rtalks"}],"about":[{"href":"https:\/\/reiki-conciliation.org\/es\/wp-json\/wp\/v2\/types\/rtalks"}],"wp:featuredmedia":[{"embeddable":true,"href":"https:\/\/reiki-conciliation.org\/es\/wp-json\/wp\/v2\/media\/12693"}],"wp:attachment":[{"href":"https:\/\/reiki-conciliation.org\/es\/wp-json\/wp\/v2\/media?parent=12724"}],"curies":[{"name":"wp","href":"https:\/\/api.w.org\/{rel}","templated":true}]}}