{"id":4734,"date":"2021-11-05T03:33:00","date_gmt":"2021-11-05T02:33:00","guid":{"rendered":"https:\/\/reiki-conciliation.org\/?post_type=rtalks&#038;p=4734"},"modified":"2021-11-05T14:38:20","modified_gmt":"2021-11-05T13:38:20","slug":"olivia-veloso","status":"publish","type":"rtalks","link":"https:\/\/reiki-conciliation.org\/es\/rtalks\/olivia-veloso\/","title":{"rendered":"Olivia Veloso"},"content":{"rendered":"<p>El Universo no juzga lo que creamos. La responsabilidad de nuestros pensamientos y acciones es \u00fanicamente nuestra. Mientras que Olivia se mantiene firme en su propuesta de que \u00aball\u00ed donde centramos nuestra atenci\u00f3n, obtenemos m\u00e1s de lo mismo\u00bb, Ren\u00e9 cuestiona esta simplificaci\u00f3n.<\/p>\r\n<p>Hayamos o no cre\u00eddo en el tema que hemos visto, o\u00eddo, aprendido o experimentado; todo se almacena en nuestra mente subconsciente. Lo \u00fanico que podemos hacer es dejar de lado el tema no deseado y decidir centrar nuestra atenci\u00f3n en otra cosa que prefiramos. Ren\u00e9 sugiere que la sustituci\u00f3n de un pensamiento negativo por otro presuntamente positivo, como se hace a menudo con las afirmaciones, conduce tambi\u00e9n a un final infeliz si est\u00e1 cargado de expectativas. En este punto, Olivia hace una observaci\u00f3n v\u00e1lida:<\/p>\r\n<blockquote>\r\n<p>\u00abTenemos que sentir lo que decimos hasta que toque nuestro conocimiento profundo\u00bb.<\/p>\r\n<\/blockquote>\r\n<p>Cuando elevamos nuestra frecuencia vibratoria, estamos afinando nuestra comunicaci\u00f3n con el Universo. Olivia compara esto con un Wi-Fi y con obtener una recepci\u00f3n m\u00e1s clara; entonces somos conscientes de la gu\u00eda que llamamos \u00abintuici\u00f3n\u00bb. Adem\u00e1s, estamos en contacto con los valores morales con los que hemos nacido. La forma m\u00e1s sencilla de elevar nuestro nivel de energ\u00eda es tener una buena actitud sobre el tema en el que nos centramos.<\/p>\r\n<p>Olivia subraya que tenemos una parte f\u00edsica y otra espiritual que debemos cuidar; no podemos ser todo material ni todo espiritual. Cuando nutrimos nuestro ser hol\u00edstico como uno desde un alto nivel de energ\u00eda, percibimos y experimentamos el mundo material y nuestras vidas desde un punto de vista m\u00e1s positivo. Estamos aqu\u00ed para vivir esta experiencia humana, as\u00ed que est\u00e1 bien querer cosas materiales, lo que Olivia llama el punto de partida que nos lleva a un nivel superior de creaci\u00f3n. Su propio viaje la llev\u00f3 de un lugar de querer cosas materiales a un lugar de creer, y de ah\u00ed a confiar y eventualmente a alcanzar un lugar de saber.<\/p>\r\n<blockquote>\r\n<p>\u00abLo que el Universo nos da es siempre mejor que lo que queremos\u00bb.<\/p>\r\n<\/blockquote>\r\n<p>Para ejemplificar su opini\u00f3n, Olivia comparte dos experiencias recientes: Se encontr\u00f3 inesperadamente en situaciones en las que no hab\u00eda soluciones. Mantuvo una buena actitud, hasta que lleg\u00f3 el momento en que sinti\u00f3 que algo la hab\u00eda empujado a tomar ciertas acciones que naturalmente trajeron resultados inesperados y sorprendentes.<\/p>\r\n<blockquote>\r\n<p>\u00abPor tanto, lo importante no es lo que ocurre, sino nuestra actitud ante lo que ocurre\u00bb.<\/p>\r\n<\/blockquote>\r\n<h2>Biograf\u00eda<\/h2>\r\n<p>Olivia Veloso naci\u00f3 en Filipinas, vivi\u00f3 en Espa\u00f1a desde su adolescencia y se traslad\u00f3 a Arizona en 2007. Maestra de Reiki de diferentes sistemas desde hace m\u00e1s de 26 a\u00f1os; ha sido llamada pionera, facilitadora y es conocida por tocar vidas.<\/p>\r\n<p>Desde el a\u00f1o 2000, Olivia ha viajado por todo el mundo para ense\u00f1ar y dar tratamientos. Adem\u00e1s, ha formado parte de los equipos organizadores de congresos internacionales de Reiki. Es patrocinadora de la Convenci\u00f3n Usui Reiki 2022 de Kioto, que celebra el centenario de Reiki del 12 al 14 de agosto &#8211; v\u00e9ase\u00a0 <a href=\"https:\/\/reiki-conciliation.org\/projects\/2022-global-celebration-events\/\">2022-global-celebration-events<\/a><\/p>\r\n<p>Para unir y animar a sus estudiantes, Olivia recientemente estableci\u00f3 Gendai Reiki Ho Oneness.<\/p>\r\n<p>Tambi\u00e9n est\u00e1 cualificada en otros campos hol\u00edsticos; por nombrar algunos: PNL, Hipnoterapia, Feng Shui, Reflexolog\u00eda y otras t\u00e9cnicas de masaje y modalidades de curaci\u00f3n.<\/p>\r\n<h2>Publicaciones<\/h2>\r\n<p>Espa\u00f1ol:<em><strong> Contacto de Alas<\/strong><\/em>, 2018, ISBN: 978-84-944463-2-0, Reikiavik Ediciones, Amazon y en El Corte. Ingl\u00e9s: <em><strong>On the Wings of Manifestations<\/strong><\/em>, 2017, ISBN: 197397469X, Amazon, Barnes &amp; Noble or BOOK DEPOSITORY.<\/p>\r\n<p><em><strong>Wherever You Take Me<\/strong><\/em> (Ingl\u00e9s), 2019, ISBN: 78843907R00159, Reikiavik Ediciones, Amazon y Barnes &amp; Nobel o DEP\u00d3SITO DE LIBROS.<\/p>\r\n<p><em><strong>From a Place of Knowing<\/strong><\/em> (Ingl\u00e9s): Enero\/ Febrero 2022<\/p>\r\n<h2>Contacta con<\/h2>\r\n<p>Para m\u00e1s informaci\u00f3n por favor llame o env\u00ede un mensaje de texto directamente a Olivia al: 480.266.4575 o env\u00edale un email a: <a href=\"mailto:grharizona.1@gmail.com\">grharizona.1@gmail.com<\/a><\/p>\r\n<p>Tambi\u00e9n puedes seguirla en su p\u00e1gina de Facebook Olivia Veloso y en <a href=\"https:\/\/www.instagram.com\/gendai.master.olivia\/\">instagram.com\/gendai.master.olivia<\/a><\/p>","protected":false},"excerpt":{"rendered":"El Universo no juzga lo que creamos. La responsabilidad de nuestros pensamientos y acciones es \u00fanicamente nuestra. Mientras que Olivia se mantiene firme en su propuesta de que \u00aball\u00ed donde centramos nuestra atenci\u00f3n, obtenemos m\u00e1s de lo mismo\u00bb, Ren\u00e9 cuestiona esta simplificaci\u00f3n.","protected":false},"featured_media":4712,"template":"","class_list":["post-4734","rtalks","type-rtalks","status-publish","has-post-thumbnail","hentry"],"acf":[],"yoast_head":"<!-- This site is optimized with the Yoast SEO plugin v27.3 - https:\/\/yoast.com\/product\/yoast-seo-wordpress\/ -->\n<title>RTalk &#039;Atracci\u00f3n&#039; con Olivia Veloso<\/title>\n<meta name=\"description\" content=\"El Universo no juzga lo que creamos. La responsabilidad de nuestros pensamientos y acciones es \u00fanicamente nuestra. Mientras que Olivia se mantiene firme en su propuesta de que &quot;all\u00ed donde centramos nuestra atenci\u00f3n, obtenemos m\u00e1s de lo mismo&quot;, Ren\u00e9 cuestiona esta simplificaci\u00f3n.\" \/>\n<meta name=\"robots\" content=\"index, follow, max-snippet:-1, max-image-preview:large, max-video-preview:-1\" \/>\n<link rel=\"canonical\" href=\"https:\/\/reiki-conciliation.org\/es\/rtalks\/olivia-veloso\/\" \/>\n<meta property=\"og:locale\" content=\"es_ES\" \/>\n<meta property=\"og:type\" content=\"article\" \/>\n<meta property=\"og:title\" content=\"RTalk &#039;Atracci\u00f3n&#039; con Olivia Veloso\" \/>\n<meta property=\"og:description\" content=\"El Universo no juzga lo que creamos. La responsabilidad de nuestros pensamientos y acciones es \u00fanicamente nuestra. Mientras que Olivia se mantiene firme en su propuesta de que &quot;all\u00ed donde centramos nuestra atenci\u00f3n, obtenemos m\u00e1s de lo mismo&quot;, Ren\u00e9 cuestiona esta simplificaci\u00f3n.\" \/>\n<meta property=\"og:url\" content=\"https:\/\/reiki-conciliation.org\/es\/rtalks\/olivia-veloso\/\" \/>\n<meta property=\"og:site_name\" content=\"REIKI Conciliation\" \/>\n<meta property=\"article:modified_time\" content=\"2021-11-05T13:38:20+00:00\" \/>\n<meta property=\"og:image\" content=\"https:\/\/reiki-conciliation.org\/wp-content\/uploads\/rtalk-facebook-olivia-veloso.jpg\" \/>\n\t<meta property=\"og:image:width\" content=\"1200\" \/>\n\t<meta property=\"og:image:height\" content=\"628\" \/>\n\t<meta property=\"og:image:type\" content=\"image\/jpeg\" \/>\n<meta name=\"twitter:card\" content=\"summary_large_image\" \/>\n<meta name=\"twitter:label1\" content=\"Tiempo de lectura\" \/>\n\t<meta name=\"twitter:data1\" content=\"3 minutos\" \/>\n<script type=\"application\/ld+json\" class=\"yoast-schema-graph\">{\"@context\":\"https:\\\/\\\/schema.org\",\"@graph\":[{\"@type\":\"WebPage\",\"@id\":\"https:\\\/\\\/reiki-conciliation.org\\\/es\\\/rtalks\\\/olivia-veloso\\\/\",\"url\":\"https:\\\/\\\/reiki-conciliation.org\\\/es\\\/rtalks\\\/olivia-veloso\\\/\",\"name\":\"RTalk 'Atracci\u00f3n' con Olivia Veloso\",\"isPartOf\":{\"@id\":\"https:\\\/\\\/reiki-conciliation.org\\\/#website\"},\"primaryImageOfPage\":{\"@id\":\"https:\\\/\\\/reiki-conciliation.org\\\/es\\\/rtalks\\\/olivia-veloso\\\/#primaryimage\"},\"image\":{\"@id\":\"https:\\\/\\\/reiki-conciliation.org\\\/es\\\/rtalks\\\/olivia-veloso\\\/#primaryimage\"},\"thumbnailUrl\":\"https:\\\/\\\/reiki-conciliation.org\\\/wp-content\\\/uploads\\\/rtalk-youtube-olivia-veloso.jpg\",\"datePublished\":\"2021-11-05T02:33:00+00:00\",\"dateModified\":\"2021-11-05T13:38:20+00:00\",\"description\":\"El Universo no juzga lo que creamos. La responsabilidad de nuestros pensamientos y acciones es \u00fanicamente nuestra. Mientras que Olivia se mantiene firme en su propuesta de que \\\"all\u00ed donde centramos nuestra atenci\u00f3n, obtenemos m\u00e1s de lo mismo\\\", Ren\u00e9 cuestiona esta simplificaci\u00f3n.\",\"breadcrumb\":{\"@id\":\"https:\\\/\\\/reiki-conciliation.org\\\/es\\\/rtalks\\\/olivia-veloso\\\/#breadcrumb\"},\"inLanguage\":\"es\",\"potentialAction\":[{\"@type\":\"ReadAction\",\"target\":[\"https:\\\/\\\/reiki-conciliation.org\\\/es\\\/rtalks\\\/olivia-veloso\\\/\"]}]},{\"@type\":\"ImageObject\",\"inLanguage\":\"es\",\"@id\":\"https:\\\/\\\/reiki-conciliation.org\\\/es\\\/rtalks\\\/olivia-veloso\\\/#primaryimage\",\"url\":\"https:\\\/\\\/reiki-conciliation.org\\\/wp-content\\\/uploads\\\/rtalk-youtube-olivia-veloso.jpg\",\"contentUrl\":\"https:\\\/\\\/reiki-conciliation.org\\\/wp-content\\\/uploads\\\/rtalk-youtube-olivia-veloso.jpg\",\"width\":1280,\"height\":720},{\"@type\":\"BreadcrumbList\",\"@id\":\"https:\\\/\\\/reiki-conciliation.org\\\/es\\\/rtalks\\\/olivia-veloso\\\/#breadcrumb\",\"itemListElement\":[{\"@type\":\"ListItem\",\"position\":1,\"name\":\"Home\",\"item\":\"https:\\\/\\\/reiki-conciliation.org\\\/\"},{\"@type\":\"ListItem\",\"position\":2,\"name\":\"Olivia Veloso\"}]},{\"@type\":\"WebSite\",\"@id\":\"https:\\\/\\\/reiki-conciliation.org\\\/#website\",\"url\":\"https:\\\/\\\/reiki-conciliation.org\\\/\",\"name\":\"REIKI Conciliation\",\"description\":\"\",\"publisher\":{\"@id\":\"https:\\\/\\\/reiki-conciliation.org\\\/#organization\"},\"potentialAction\":[{\"@type\":\"SearchAction\",\"target\":{\"@type\":\"EntryPoint\",\"urlTemplate\":\"https:\\\/\\\/reiki-conciliation.org\\\/?s={search_term_string}\"},\"query-input\":{\"@type\":\"PropertyValueSpecification\",\"valueRequired\":true,\"valueName\":\"search_term_string\"}}],\"inLanguage\":\"es\"},{\"@type\":\"Organization\",\"@id\":\"https:\\\/\\\/reiki-conciliation.org\\\/#organization\",\"name\":\"Reiki Conciliation\",\"url\":\"https:\\\/\\\/reiki-conciliation.org\\\/\",\"logo\":{\"@type\":\"ImageObject\",\"inLanguage\":\"es\",\"@id\":\"https:\\\/\\\/reiki-conciliation.org\\\/#\\\/schema\\\/logo\\\/image\\\/\",\"url\":\"https:\\\/\\\/reiki-conciliation.org\\\/wp-content\\\/uploads\\\/logo-rc.png\",\"contentUrl\":\"https:\\\/\\\/reiki-conciliation.org\\\/wp-content\\\/uploads\\\/logo-rc.png\",\"width\":200,\"height\":176,\"caption\":\"Reiki Conciliation\"},\"image\":{\"@id\":\"https:\\\/\\\/reiki-conciliation.org\\\/#\\\/schema\\\/logo\\\/image\\\/\"}}]}<\/script>\n<!-- \/ Yoast SEO plugin. -->","yoast_head_json":{"title":"RTalk 'Atracci\u00f3n' con Olivia Veloso","description":"El Universo no juzga lo que creamos. La responsabilidad de nuestros pensamientos y acciones es \u00fanicamente nuestra. Mientras que Olivia se mantiene firme en su propuesta de que \"all\u00ed donde centramos nuestra atenci\u00f3n, obtenemos m\u00e1s de lo mismo\", Ren\u00e9 cuestiona esta simplificaci\u00f3n.","robots":{"index":"index","follow":"follow","max-snippet":"max-snippet:-1","max-image-preview":"max-image-preview:large","max-video-preview":"max-video-preview:-1"},"canonical":"https:\/\/reiki-conciliation.org\/es\/rtalks\/olivia-veloso\/","og_locale":"es_ES","og_type":"article","og_title":"RTalk 'Atracci\u00f3n' con Olivia Veloso","og_description":"El Universo no juzga lo que creamos. La responsabilidad de nuestros pensamientos y acciones es \u00fanicamente nuestra. Mientras que Olivia se mantiene firme en su propuesta de que \"all\u00ed donde centramos nuestra atenci\u00f3n, obtenemos m\u00e1s de lo mismo\", Ren\u00e9 cuestiona esta simplificaci\u00f3n.","og_url":"https:\/\/reiki-conciliation.org\/es\/rtalks\/olivia-veloso\/","og_site_name":"REIKI Conciliation","article_modified_time":"2021-11-05T13:38:20+00:00","og_image":[{"width":1200,"height":628,"url":"https:\/\/reiki-conciliation.org\/wp-content\/uploads\/rtalk-facebook-olivia-veloso.jpg","type":"image\/jpeg"}],"twitter_card":"summary_large_image","twitter_misc":{"Tiempo de lectura":"3 minutos"},"schema":{"@context":"https:\/\/schema.org","@graph":[{"@type":"WebPage","@id":"https:\/\/reiki-conciliation.org\/es\/rtalks\/olivia-veloso\/","url":"https:\/\/reiki-conciliation.org\/es\/rtalks\/olivia-veloso\/","name":"RTalk 'Atracci\u00f3n' con Olivia Veloso","isPartOf":{"@id":"https:\/\/reiki-conciliation.org\/#website"},"primaryImageOfPage":{"@id":"https:\/\/reiki-conciliation.org\/es\/rtalks\/olivia-veloso\/#primaryimage"},"image":{"@id":"https:\/\/reiki-conciliation.org\/es\/rtalks\/olivia-veloso\/#primaryimage"},"thumbnailUrl":"https:\/\/reiki-conciliation.org\/wp-content\/uploads\/rtalk-youtube-olivia-veloso.jpg","datePublished":"2021-11-05T02:33:00+00:00","dateModified":"2021-11-05T13:38:20+00:00","description":"El Universo no juzga lo que creamos. La responsabilidad de nuestros pensamientos y acciones es \u00fanicamente nuestra. Mientras que Olivia se mantiene firme en su propuesta de que \"all\u00ed donde centramos nuestra atenci\u00f3n, obtenemos m\u00e1s de lo mismo\", Ren\u00e9 cuestiona esta simplificaci\u00f3n.","breadcrumb":{"@id":"https:\/\/reiki-conciliation.org\/es\/rtalks\/olivia-veloso\/#breadcrumb"},"inLanguage":"es","potentialAction":[{"@type":"ReadAction","target":["https:\/\/reiki-conciliation.org\/es\/rtalks\/olivia-veloso\/"]}]},{"@type":"ImageObject","inLanguage":"es","@id":"https:\/\/reiki-conciliation.org\/es\/rtalks\/olivia-veloso\/#primaryimage","url":"https:\/\/reiki-conciliation.org\/wp-content\/uploads\/rtalk-youtube-olivia-veloso.jpg","contentUrl":"https:\/\/reiki-conciliation.org\/wp-content\/uploads\/rtalk-youtube-olivia-veloso.jpg","width":1280,"height":720},{"@type":"BreadcrumbList","@id":"https:\/\/reiki-conciliation.org\/es\/rtalks\/olivia-veloso\/#breadcrumb","itemListElement":[{"@type":"ListItem","position":1,"name":"Home","item":"https:\/\/reiki-conciliation.org\/"},{"@type":"ListItem","position":2,"name":"Olivia Veloso"}]},{"@type":"WebSite","@id":"https:\/\/reiki-conciliation.org\/#website","url":"https:\/\/reiki-conciliation.org\/","name":"REIKI Conciliation","description":"","publisher":{"@id":"https:\/\/reiki-conciliation.org\/#organization"},"potentialAction":[{"@type":"SearchAction","target":{"@type":"EntryPoint","urlTemplate":"https:\/\/reiki-conciliation.org\/?s={search_term_string}"},"query-input":{"@type":"PropertyValueSpecification","valueRequired":true,"valueName":"search_term_string"}}],"inLanguage":"es"},{"@type":"Organization","@id":"https:\/\/reiki-conciliation.org\/#organization","name":"Reiki Conciliation","url":"https:\/\/reiki-conciliation.org\/","logo":{"@type":"ImageObject","inLanguage":"es","@id":"https:\/\/reiki-conciliation.org\/#\/schema\/logo\/image\/","url":"https:\/\/reiki-conciliation.org\/wp-content\/uploads\/logo-rc.png","contentUrl":"https:\/\/reiki-conciliation.org\/wp-content\/uploads\/logo-rc.png","width":200,"height":176,"caption":"Reiki Conciliation"},"image":{"@id":"https:\/\/reiki-conciliation.org\/#\/schema\/logo\/image\/"}}]}},"_links":{"self":[{"href":"https:\/\/reiki-conciliation.org\/es\/wp-json\/wp\/v2\/rtalks\/4734","targetHints":{"allow":["GET"]}}],"collection":[{"href":"https:\/\/reiki-conciliation.org\/es\/wp-json\/wp\/v2\/rtalks"}],"about":[{"href":"https:\/\/reiki-conciliation.org\/es\/wp-json\/wp\/v2\/types\/rtalks"}],"wp:featuredmedia":[{"embeddable":true,"href":"https:\/\/reiki-conciliation.org\/es\/wp-json\/wp\/v2\/media\/4712"}],"wp:attachment":[{"href":"https:\/\/reiki-conciliation.org\/es\/wp-json\/wp\/v2\/media?parent=4734"}],"curies":[{"name":"wp","href":"https:\/\/api.w.org\/{rel}","templated":true}]}}