{"id":12720,"date":"2023-06-23T07:47:16","date_gmt":"2023-06-23T05:47:16","guid":{"rendered":"https:\/\/reiki-conciliation.org\/?post_type=rtalks&#038;p=12720"},"modified":"2023-06-23T07:47:16","modified_gmt":"2023-06-23T05:47:16","slug":"carlos-sanchez","status":"publish","type":"rtalks","link":"https:\/\/reiki-conciliation.org\/fr\/rtalks\/carlos-sanchez\/","title":{"rendered":"Carlos Sanchez"},"content":{"rendered":"<p>Deux hommes dans la force de l&rsquo;\u00e2ge r\u00e9fl\u00e9chissent aux processus de la vie tels qu&rsquo;ils ont \u00e9t\u00e9 v\u00e9cus dans le pass\u00e9 et se projettent dans l&rsquo;avenir. Le respect mutuel et la joie d&rsquo;explorer les pens\u00e9es et les sentiments de l&rsquo;autre sont une source d&rsquo;inspiration.<\/p>\r\n<p><span class=\"yt-core-attributed-string--link-inherit-color\"> <a class=\"yt-core-attributed-string__link yt-core-attributed-string__link--display-type yt-core-attributed-string__link--call-to-action-color\" tabindex=\"0\" href=\"https:\/\/www.youtube.com\/watch?v=lgy_4gmrSC8&amp;t=0s\" target=\"\" rel=\"nofollow noopener\">00:00<\/a> <\/span> Ren\u00e9 et Carlos dans le \u00ab\u00a0Succession Group\u00a0\u00bb de Phyllis Lei Furumoto. Carlos vit en Argentine, il est Ma\u00eetre Reiki depuis 1995.<\/p>\r\n<p><span class=\"yt-core-attributed-string--link-inherit-color\"> <a class=\"yt-core-attributed-string__link yt-core-attributed-string__link--display-type yt-core-attributed-string__link--call-to-action-color\" tabindex=\"0\" href=\"https:\/\/www.youtube.com\/watch?v=lgy_4gmrSC8&amp;t=356s\" target=\"\" rel=\"nofollow noopener\">05:56<\/a> <\/span> Quand un enseignant de Reiki est-il assez m\u00fbr pour former d&rsquo;autres ma\u00eetres ? Carlos raconte sa fascinante d\u00e9marche.<\/p>\r\n<p><span class=\"yt-core-attributed-string--link-inherit-color\"> <a class=\"yt-core-attributed-string__link yt-core-attributed-string__link--display-type yt-core-attributed-string__link--call-to-action-color\" tabindex=\"0\" href=\"https:\/\/www.youtube.com\/watch?v=lgy_4gmrSC8&amp;t=589s\" target=\"\" rel=\"nofollow noopener\">09:49<\/a> <\/span> La procrastination d\u00e9guis\u00e9e en noble pudeur : Carlos fait l&rsquo;analogie avec la cuisine de Gnochi.<\/p>\r\n<p><span class=\"yt-core-attributed-string--link-inherit-color\"> <a class=\"yt-core-attributed-string__link yt-core-attributed-string__link--display-type yt-core-attributed-string__link--call-to-action-color\" tabindex=\"0\" href=\"https:\/\/www.youtube.com\/watch?v=lgy_4gmrSC8&amp;t=767s\" target=\"\" rel=\"nofollow noopener\">12:47<\/a> <\/span> La \u00ab\u00a0pri\u00e8re de la s\u00e9r\u00e9nit\u00e9\u00a0\u00bb : il y a des choses que je ne peux pas changer, d&rsquo;autres que je peux changer &#8211; accorde-moi la sagesse de faire la diff\u00e9rence.<\/p>\r\n<p><span class=\"yt-core-attributed-string--link-inherit-color\"> <a class=\"yt-core-attributed-string__link yt-core-attributed-string__link--display-type yt-core-attributed-string__link--call-to-action-color\" tabindex=\"0\" href=\"https:\/\/www.youtube.com\/watch?v=lgy_4gmrSC8&amp;t=924s\" target=\"\" rel=\"nofollow noopener\">15:24<\/a> <\/span>: Carlos travaille \u00e9galement avec Bach-Flower et est agriculteur de profession, s&rsquo;adaptant aux changements dict\u00e9s par la nature. Ce qui semble \u00eatre des mondes diff\u00e9rents en apparence ne l&rsquo;est pas.<\/p>\r\n<p><span class=\"yt-core-attributed-string--link-inherit-color\"> <a class=\"yt-core-attributed-string__link yt-core-attributed-string__link--display-type yt-core-attributed-string__link--call-to-action-color\" tabindex=\"0\" href=\"https:\/\/www.youtube.com\/watch?v=lgy_4gmrSC8&amp;t=1136s\" target=\"\" rel=\"nofollow noopener\">18:56<\/a> <\/span> Un imp\u00e9ratif social pour Carlos : aider les Grands-m\u00e8res de la Place de Mai \u00e0 retrouver les enfants vol\u00e9s et adopt\u00e9s ill\u00e9galement pendant la dictature militaire argentine de 1976 \u00e0 1983. \u00ab\u00a0L&rsquo;une des choses les plus gratifiantes que j&rsquo;ai faites dans ma vie.<\/p>\r\n<p><span class=\"yt-core-attributed-string--link-inherit-color\"> <a class=\"yt-core-attributed-string__link yt-core-attributed-string__link--display-type yt-core-attributed-string__link--call-to-action-color\" tabindex=\"0\" href=\"https:\/\/www.youtube.com\/watch?v=lgy_4gmrSC8&amp;t=1506s\" target=\"\" rel=\"nofollow noopener\">25:06<\/a> <\/span> Le pass\u00e9 cruel et violent ne peut \u00eatre chang\u00e9. \u00ab\u00a0Mais nous pouvons gu\u00e9rir nos relations en tant que soci\u00e9t\u00e9. Et je peux changer certaines choses qui auront un impact sur l&rsquo;avenir.\u00a0\u00bb<\/p>\r\n<p><span class=\"yt-core-attributed-string--link-inherit-color\"> <a class=\"yt-core-attributed-string__link yt-core-attributed-string__link--display-type yt-core-attributed-string__link--call-to-action-color\" tabindex=\"0\" href=\"https:\/\/www.youtube.com\/watch?v=lgy_4gmrSC8&amp;t=1859s\" target=\"\" rel=\"nofollow noopener\">30:59<\/a> <\/span> Les changements dans la soci\u00e9t\u00e9 d\u00e9crits par Carlos s&rsquo;inscrivent dans l&rsquo;esprit de la r\u00e9conciliation, qui est un processus continu. L&rsquo;humanit\u00e9 a parcouru un long chemin, mais nous devons poursuivre nos efforts pour un monde meilleur.<\/p>\r\n<p><span class=\"yt-core-attributed-string--link-inherit-color\"> <a class=\"yt-core-attributed-string__link yt-core-attributed-string__link--display-type yt-core-attributed-string__link--call-to-action-color\" tabindex=\"0\" href=\"https:\/\/www.youtube.com\/watch?v=lgy_4gmrSC8&amp;t=2216s\" target=\"\" rel=\"nofollow noopener\">36:56<\/a> <\/span> Clip vid\u00e9o divertissant \u00ab\u00a0Comment changer le monde\u00a0\u00bb (voir R\u00e9f\u00e9rences) suivi d&rsquo;une histoire sur le petit-fils de Carlos. \u00ab\u00a0Il faut changer le monde et essayer de nouvelles choses.<\/p>\r\n<p><span class=\"yt-core-attributed-string--link-inherit-color\"> <a class=\"yt-core-attributed-string__link yt-core-attributed-string__link--display-type yt-core-attributed-string__link--call-to-action-color\" tabindex=\"0\" href=\"https:\/\/www.youtube.com\/watch?v=lgy_4gmrSC8&amp;t=2419s\" target=\"\" rel=\"nofollow noopener\">40:19<\/a> <\/span> \u00ab\u00a0Ce que j&rsquo;aimerais penser de l&rsquo;avenir, c&rsquo;est que je ne trahisse pas mes valeurs et ce que je suis\u00a0\u00bb.<\/p>\r\n<h2>Biographie<\/h2>\r\n<p>Carlos est un ma\u00eetre Reiki n\u00e9 en 1959 dans la campagne argentine. Il y vit toujours et y pratique et enseigne le Reiki. Beaucoup de ses voisins sont \u00e9galement des \u00e9tudiants en Reiki ; par cons\u00e9quent, sa pratique est int\u00e9gr\u00e9e dans sa vie quotidienne de nombreuses fa\u00e7ons.<\/p>\r\n<p>Il a trouv\u00e9 le Reiki apr\u00e8s des ann\u00e9es de recherche sur les diff\u00e9rentes pratiques et dit :<\/p>\r\n<blockquote>\r\n<p>\u00ab\u00a0D\u00e8s mon premier cours de Reiki, j&rsquo;ai su que le Reiki \u00e9tait ce que j&rsquo;attendais depuis longtemps.<\/p>\r\n<\/blockquote>\r\n<p>Le voyage avec le Reiki a chang\u00e9 sa fa\u00e7on de voir le monde et de se voir lui-m\u00eame. Tout d&rsquo;abord, il a d\u00fb quitter les plaines d&rsquo;Argentine et la vie rurale qu&rsquo;il aime pour se rendre en Allemagne afin d&rsquo;\u00eatre initi\u00e9 en tant que ma\u00eetre Reiki. Au fil des ans, il a voyag\u00e9 dans de nombreux endroits du monde. Il a appris et am\u00e9lior\u00e9 son anglais, ce qui lui permet de mieux communiquer avec l&rsquo;ensemble de la communaut\u00e9 Reiki. Il est convaincu que les langues sont des ponts qui relient les gens.<\/p>\r\n<p>Carlos est \u00e9galement un passionn\u00e9 de livres et de films et il aime jardiner.<\/p>\r\n<p>L&rsquo;un de ses emplois les plus gratifiants est son r\u00f4le de b\u00e9n\u00e9vole au sein d&rsquo;une association de d\u00e9fense des droits de l&rsquo;homme \u00e0 but non lucratif appel\u00e9e \u00ab\u00a0Abuelas de Plaza de Mayo\u00a0\u00bb (Grands-m\u00e8res de la Place de Mai). Cette organisation travaille \u00e0 la recherche des enfants kidnapp\u00e9s pendant les ann\u00e9es de la \u00ab\u00a0dictadura\u00a0\u00bb (dictature) en Argentine, un gouvernement militaire violent qui a gouvern\u00e9 le pays entre 1976 et 1983.<\/p>\r\n<p>En tant qu&rsquo;agriculteur, il trouve que le contact avec la nature, ses rythmes et ses cycles lui apporte beaucoup de joie et d&rsquo;\u00e9panouissement, tout en lui permettant de relever des d\u00e9fis.<\/p>\r\n<h2>R\u00e9f\u00e9rences<\/h2>\r\n<p><span class=\"yt-core-attributed-string--link-inherit-color\"> <a class=\"yt-core-attributed-string__link yt-core-attributed-string__link--display-type yt-core-attributed-string__link--call-to-action-color\" tabindex=\"0\" href=\"https:\/\/www.youtube.com\/watch?v=lgy_4gmrSC8&amp;t=794s\" target=\"\" rel=\"nofollow noopener\">13:14<\/a> <\/span> La \u00ab\u00a0pri\u00e8re de la s\u00e9r\u00e9nit\u00e9\u00a0\u00bb <a href=\"https:\/\/en.wikipedia.org\/wiki\/Serenity_Prayer\">: https:\/\/en.wikipedia.org\/wiki\/Serenity_Prayer<\/a><\/p>\r\n<p><span class=\"yt-core-attributed-string--link-inherit-color\"> <a class=\"yt-core-attributed-string__link yt-core-attributed-string__link--display-type yt-core-attributed-string__link--call-to-action-color\" tabindex=\"0\" href=\"https:\/\/www.youtube.com\/watch?v=lgy_4gmrSC8&amp;t=1155s\" target=\"\" rel=\"nofollow noopener\">19:15<\/a> <\/span> Les grands-m\u00e8res de la Plaza de Mayo <a href=\"https:\/\/en.wikipedia.org\/wiki\/Grandmothers_of_the_Plaza_de_Mayo\">: https:\/\/en.wikipedia.org\/wiki\/Grandmothers_of_the_Plaza_de_Mayo<\/a><\/p>\r\n<p><span class=\"yt-core-attributed-string--link-inherit-color\"> <a class=\"yt-core-attributed-string__link yt-core-attributed-string__link--display-type yt-core-attributed-string__link--call-to-action-color\" tabindex=\"0\" href=\"https:\/\/www.youtube.com\/watch?v=lgy_4gmrSC8&amp;t=1995s\" target=\"\" rel=\"nofollow noopener\">33:15<\/a> <\/span> L&rsquo;archive de toutes les s\u00e9quences de l&rsquo;interview de Phyllis Lei Furumotto <a href=\"https:\/\/reiki-conciliation.org\/66-steps-on-the-path-to-reconciliation\/\">: https:\/\/reiki-conciliation.org\/66-steps-on-the-path-to-reconciliation\/<\/a><\/p>\r\n<p><span class=\"yt-core-attributed-string--link-inherit-color\"> <a class=\"yt-core-attributed-string__link yt-core-attributed-string__link--display-type yt-core-attributed-string__link--call-to-action-color\" tabindex=\"0\" href=\"https:\/\/www.youtube.com\/watch?v=lgy_4gmrSC8&amp;t=2216s\" target=\"\" rel=\"nofollow noopener\">36:56<\/a> <\/span> How To Change The World (a work in progress) | Kid President <a href=\"https:\/\/youtu.be\/4z7gDsSKUmU\">: https:\/\/youtu.be\/4z7gDsSKUmU<\/a><\/p>","protected":false},"excerpt":{"rendered":"Deux hommes dans la force de l&rsquo;\u00e2ge r\u00e9fl\u00e9chissent aux processus de la vie tels qu&rsquo;ils ont \u00e9t\u00e9 v\u00e9cus dans le pass\u00e9 et se projettent dans l&rsquo;avenir. Le respect mutuel et la joie d&rsquo;explorer les pens\u00e9es et les sentiments de l&rsquo;autre sont une source d&rsquo;inspiration.","protected":false},"featured_media":12680,"template":"","class_list":["post-12720","rtalks","type-rtalks","status-publish","has-post-thumbnail","hentry"],"acf":[],"yoast_head":"<!-- This site is optimized with the Yoast SEO plugin v27.3 - https:\/\/yoast.com\/product\/yoast-seo-wordpress\/ -->\n<title>RTalk avec Carlos Sanchez - REIKI Conciliation<\/title>\n<meta name=\"description\" content=\"Deux hommes dans la force de l&#039;\u00e2ge r\u00e9fl\u00e9chissent aux processus de la vie tels qu&#039;ils ont \u00e9t\u00e9 v\u00e9cus dans le pass\u00e9 et se projettent dans l&#039;avenir. Le respect mutuel et la joie d&#039;explorer les pens\u00e9es et les sentiments de l&#039;autre sont une source d&#039;inspiration.\" \/>\n<meta name=\"robots\" content=\"index, follow, max-snippet:-1, max-image-preview:large, max-video-preview:-1\" \/>\n<link rel=\"canonical\" href=\"https:\/\/reiki-conciliation.org\/fr\/rtalks\/carlos-sanchez\/\" \/>\n<meta property=\"og:locale\" content=\"fr_FR\" \/>\n<meta property=\"og:type\" content=\"article\" \/>\n<meta property=\"og:title\" content=\"RTalk avec Carlos Sanchez - REIKI Conciliation\" \/>\n<meta property=\"og:description\" content=\"Deux hommes dans la force de l&#039;\u00e2ge r\u00e9fl\u00e9chissent aux processus de la vie tels qu&#039;ils ont \u00e9t\u00e9 v\u00e9cus dans le pass\u00e9 et se projettent dans l&#039;avenir. Le respect mutuel et la joie d&#039;explorer les pens\u00e9es et les sentiments de l&#039;autre sont une source d&#039;inspiration.\" \/>\n<meta property=\"og:url\" content=\"https:\/\/reiki-conciliation.org\/fr\/rtalks\/carlos-sanchez\/\" \/>\n<meta property=\"og:site_name\" content=\"REIKI Conciliation\" \/>\n<meta property=\"og:image\" content=\"https:\/\/reiki-conciliation.org\/wp-content\/uploads\/thumb-carlos.jpg\" \/>\n\t<meta property=\"og:image:width\" content=\"1280\" \/>\n\t<meta property=\"og:image:height\" content=\"720\" \/>\n\t<meta property=\"og:image:type\" content=\"image\/jpeg\" \/>\n<meta name=\"twitter:card\" content=\"summary_large_image\" \/>\n<meta name=\"twitter:label1\" content=\"Dur\u00e9e de lecture estim\u00e9e\" \/>\n\t<meta name=\"twitter:data1\" content=\"3 minutes\" \/>\n<script type=\"application\/ld+json\" class=\"yoast-schema-graph\">{\"@context\":\"https:\\\/\\\/schema.org\",\"@graph\":[{\"@type\":\"WebPage\",\"@id\":\"https:\\\/\\\/reiki-conciliation.org\\\/fr\\\/rtalks\\\/carlos-sanchez\\\/\",\"url\":\"https:\\\/\\\/reiki-conciliation.org\\\/fr\\\/rtalks\\\/carlos-sanchez\\\/\",\"name\":\"RTalk avec Carlos Sanchez - REIKI Conciliation\",\"isPartOf\":{\"@id\":\"https:\\\/\\\/reiki-conciliation.org\\\/#website\"},\"primaryImageOfPage\":{\"@id\":\"https:\\\/\\\/reiki-conciliation.org\\\/fr\\\/rtalks\\\/carlos-sanchez\\\/#primaryimage\"},\"image\":{\"@id\":\"https:\\\/\\\/reiki-conciliation.org\\\/fr\\\/rtalks\\\/carlos-sanchez\\\/#primaryimage\"},\"thumbnailUrl\":\"https:\\\/\\\/reiki-conciliation.org\\\/wp-content\\\/uploads\\\/thumb-carlos.jpg\",\"datePublished\":\"2023-06-23T05:47:16+00:00\",\"description\":\"Deux hommes dans la force de l'\u00e2ge r\u00e9fl\u00e9chissent aux processus de la vie tels qu'ils ont \u00e9t\u00e9 v\u00e9cus dans le pass\u00e9 et se projettent dans l'avenir. Le respect mutuel et la joie d'explorer les pens\u00e9es et les sentiments de l'autre sont une source d'inspiration.\",\"breadcrumb\":{\"@id\":\"https:\\\/\\\/reiki-conciliation.org\\\/fr\\\/rtalks\\\/carlos-sanchez\\\/#breadcrumb\"},\"inLanguage\":\"fr-FR\",\"potentialAction\":[{\"@type\":\"ReadAction\",\"target\":[\"https:\\\/\\\/reiki-conciliation.org\\\/fr\\\/rtalks\\\/carlos-sanchez\\\/\"]}]},{\"@type\":\"ImageObject\",\"inLanguage\":\"fr-FR\",\"@id\":\"https:\\\/\\\/reiki-conciliation.org\\\/fr\\\/rtalks\\\/carlos-sanchez\\\/#primaryimage\",\"url\":\"https:\\\/\\\/reiki-conciliation.org\\\/wp-content\\\/uploads\\\/thumb-carlos.jpg\",\"contentUrl\":\"https:\\\/\\\/reiki-conciliation.org\\\/wp-content\\\/uploads\\\/thumb-carlos.jpg\",\"width\":1280,\"height\":720},{\"@type\":\"BreadcrumbList\",\"@id\":\"https:\\\/\\\/reiki-conciliation.org\\\/fr\\\/rtalks\\\/carlos-sanchez\\\/#breadcrumb\",\"itemListElement\":[{\"@type\":\"ListItem\",\"position\":1,\"name\":\"Home\",\"item\":\"https:\\\/\\\/reiki-conciliation.org\\\/\"},{\"@type\":\"ListItem\",\"position\":2,\"name\":\"Carlos Sanchez\"}]},{\"@type\":\"WebSite\",\"@id\":\"https:\\\/\\\/reiki-conciliation.org\\\/#website\",\"url\":\"https:\\\/\\\/reiki-conciliation.org\\\/\",\"name\":\"REIKI Conciliation\",\"description\":\"\",\"publisher\":{\"@id\":\"https:\\\/\\\/reiki-conciliation.org\\\/#organization\"},\"potentialAction\":[{\"@type\":\"SearchAction\",\"target\":{\"@type\":\"EntryPoint\",\"urlTemplate\":\"https:\\\/\\\/reiki-conciliation.org\\\/?s={search_term_string}\"},\"query-input\":{\"@type\":\"PropertyValueSpecification\",\"valueRequired\":true,\"valueName\":\"search_term_string\"}}],\"inLanguage\":\"fr-FR\"},{\"@type\":\"Organization\",\"@id\":\"https:\\\/\\\/reiki-conciliation.org\\\/#organization\",\"name\":\"Reiki Conciliation\",\"url\":\"https:\\\/\\\/reiki-conciliation.org\\\/\",\"logo\":{\"@type\":\"ImageObject\",\"inLanguage\":\"fr-FR\",\"@id\":\"https:\\\/\\\/reiki-conciliation.org\\\/#\\\/schema\\\/logo\\\/image\\\/\",\"url\":\"https:\\\/\\\/reiki-conciliation.org\\\/wp-content\\\/uploads\\\/logo-rc.png\",\"contentUrl\":\"https:\\\/\\\/reiki-conciliation.org\\\/wp-content\\\/uploads\\\/logo-rc.png\",\"width\":200,\"height\":176,\"caption\":\"Reiki Conciliation\"},\"image\":{\"@id\":\"https:\\\/\\\/reiki-conciliation.org\\\/#\\\/schema\\\/logo\\\/image\\\/\"}}]}<\/script>\n<!-- \/ Yoast SEO plugin. -->","yoast_head_json":{"title":"RTalk avec Carlos Sanchez - REIKI Conciliation","description":"Deux hommes dans la force de l'\u00e2ge r\u00e9fl\u00e9chissent aux processus de la vie tels qu'ils ont \u00e9t\u00e9 v\u00e9cus dans le pass\u00e9 et se projettent dans l'avenir. Le respect mutuel et la joie d'explorer les pens\u00e9es et les sentiments de l'autre sont une source d'inspiration.","robots":{"index":"index","follow":"follow","max-snippet":"max-snippet:-1","max-image-preview":"max-image-preview:large","max-video-preview":"max-video-preview:-1"},"canonical":"https:\/\/reiki-conciliation.org\/fr\/rtalks\/carlos-sanchez\/","og_locale":"fr_FR","og_type":"article","og_title":"RTalk avec Carlos Sanchez - REIKI Conciliation","og_description":"Deux hommes dans la force de l'\u00e2ge r\u00e9fl\u00e9chissent aux processus de la vie tels qu'ils ont \u00e9t\u00e9 v\u00e9cus dans le pass\u00e9 et se projettent dans l'avenir. Le respect mutuel et la joie d'explorer les pens\u00e9es et les sentiments de l'autre sont une source d'inspiration.","og_url":"https:\/\/reiki-conciliation.org\/fr\/rtalks\/carlos-sanchez\/","og_site_name":"REIKI Conciliation","og_image":[{"width":1280,"height":720,"url":"https:\/\/reiki-conciliation.org\/wp-content\/uploads\/thumb-carlos.jpg","type":"image\/jpeg"}],"twitter_card":"summary_large_image","twitter_misc":{"Dur\u00e9e de lecture estim\u00e9e":"3 minutes"},"schema":{"@context":"https:\/\/schema.org","@graph":[{"@type":"WebPage","@id":"https:\/\/reiki-conciliation.org\/fr\/rtalks\/carlos-sanchez\/","url":"https:\/\/reiki-conciliation.org\/fr\/rtalks\/carlos-sanchez\/","name":"RTalk avec Carlos Sanchez - REIKI Conciliation","isPartOf":{"@id":"https:\/\/reiki-conciliation.org\/#website"},"primaryImageOfPage":{"@id":"https:\/\/reiki-conciliation.org\/fr\/rtalks\/carlos-sanchez\/#primaryimage"},"image":{"@id":"https:\/\/reiki-conciliation.org\/fr\/rtalks\/carlos-sanchez\/#primaryimage"},"thumbnailUrl":"https:\/\/reiki-conciliation.org\/wp-content\/uploads\/thumb-carlos.jpg","datePublished":"2023-06-23T05:47:16+00:00","description":"Deux hommes dans la force de l'\u00e2ge r\u00e9fl\u00e9chissent aux processus de la vie tels qu'ils ont \u00e9t\u00e9 v\u00e9cus dans le pass\u00e9 et se projettent dans l'avenir. Le respect mutuel et la joie d'explorer les pens\u00e9es et les sentiments de l'autre sont une source d'inspiration.","breadcrumb":{"@id":"https:\/\/reiki-conciliation.org\/fr\/rtalks\/carlos-sanchez\/#breadcrumb"},"inLanguage":"fr-FR","potentialAction":[{"@type":"ReadAction","target":["https:\/\/reiki-conciliation.org\/fr\/rtalks\/carlos-sanchez\/"]}]},{"@type":"ImageObject","inLanguage":"fr-FR","@id":"https:\/\/reiki-conciliation.org\/fr\/rtalks\/carlos-sanchez\/#primaryimage","url":"https:\/\/reiki-conciliation.org\/wp-content\/uploads\/thumb-carlos.jpg","contentUrl":"https:\/\/reiki-conciliation.org\/wp-content\/uploads\/thumb-carlos.jpg","width":1280,"height":720},{"@type":"BreadcrumbList","@id":"https:\/\/reiki-conciliation.org\/fr\/rtalks\/carlos-sanchez\/#breadcrumb","itemListElement":[{"@type":"ListItem","position":1,"name":"Home","item":"https:\/\/reiki-conciliation.org\/"},{"@type":"ListItem","position":2,"name":"Carlos Sanchez"}]},{"@type":"WebSite","@id":"https:\/\/reiki-conciliation.org\/#website","url":"https:\/\/reiki-conciliation.org\/","name":"REIKI Conciliation","description":"","publisher":{"@id":"https:\/\/reiki-conciliation.org\/#organization"},"potentialAction":[{"@type":"SearchAction","target":{"@type":"EntryPoint","urlTemplate":"https:\/\/reiki-conciliation.org\/?s={search_term_string}"},"query-input":{"@type":"PropertyValueSpecification","valueRequired":true,"valueName":"search_term_string"}}],"inLanguage":"fr-FR"},{"@type":"Organization","@id":"https:\/\/reiki-conciliation.org\/#organization","name":"Reiki Conciliation","url":"https:\/\/reiki-conciliation.org\/","logo":{"@type":"ImageObject","inLanguage":"fr-FR","@id":"https:\/\/reiki-conciliation.org\/#\/schema\/logo\/image\/","url":"https:\/\/reiki-conciliation.org\/wp-content\/uploads\/logo-rc.png","contentUrl":"https:\/\/reiki-conciliation.org\/wp-content\/uploads\/logo-rc.png","width":200,"height":176,"caption":"Reiki Conciliation"},"image":{"@id":"https:\/\/reiki-conciliation.org\/#\/schema\/logo\/image\/"}}]}},"_links":{"self":[{"href":"https:\/\/reiki-conciliation.org\/fr\/wp-json\/wp\/v2\/rtalks\/12720","targetHints":{"allow":["GET"]}}],"collection":[{"href":"https:\/\/reiki-conciliation.org\/fr\/wp-json\/wp\/v2\/rtalks"}],"about":[{"href":"https:\/\/reiki-conciliation.org\/fr\/wp-json\/wp\/v2\/types\/rtalks"}],"wp:featuredmedia":[{"embeddable":true,"href":"https:\/\/reiki-conciliation.org\/fr\/wp-json\/wp\/v2\/media\/12680"}],"wp:attachment":[{"href":"https:\/\/reiki-conciliation.org\/fr\/wp-json\/wp\/v2\/media?parent=12720"}],"curies":[{"name":"wp","href":"https:\/\/api.w.org\/{rel}","templated":true}]}}