{"id":4744,"date":"2021-06-11T04:00:05","date_gmt":"2021-06-11T03:00:05","guid":{"rendered":"https:\/\/reiki-conciliation.org\/rtalks\/frank-arjava-petter\/"},"modified":"2021-11-05T13:10:06","modified_gmt":"2021-11-05T12:10:06","slug":"frank-arjava-petter","status":"publish","type":"rtalks","link":"https:\/\/reiki-conciliation.org\/fr\/rtalks\/frank-arjava-petter\/","title":{"rendered":"Frank Arjava Petter"},"content":{"rendered":"<p>Il semble que chaque g\u00e9n\u00e9ration ait ses propres d\u00e9fis, et que la pand\u00e9mie de Corona soit notre d\u00e9fi aujourd&rsquo;hui&#8230; et pourtant, surtout en p\u00e9riode difficile, les solutions sont parfois plus faciles \u00e0 trouver qu&rsquo;on ne le pense. Alors quelle est notre opportunit\u00e9 en cette p\u00e9riode de pand\u00e9mie ?<\/p>\r\n<blockquote>\r\n<p>\u00ab\u00a0Corona est notre chance!<\/p>\r\n<\/blockquote>\r\n<p>Dans ce R-Talk, Ren\u00e9 V\u00f6gtli s&rsquo;adresse au voyageur, auteur de livres et professeur de Reiki Frank Arjava Petter. Il s&rsquo;agit d&rsquo;une conversation sur la libert\u00e9, la pr\u00e9sence et la spiritualit\u00e9 v\u00e9cue.<\/p>\r\n<p>Qu&rsquo;est-ce qui est vraiment important pour moi ? C&rsquo;est pr\u00e9cis\u00e9ment dans cette r\u00e9flexion que r\u00e9side peut-\u00eatre notre chance d&rsquo;un v\u00e9ritable changement, surtout aujourd&rsquo;hui.<\/p>\r\n<p>Ce n&rsquo;est pas seulement que beaucoup d&rsquo;entre nous ont plus de temps pour \u00eatre avec nous-m\u00eames. Corona fait tout remonter \u00e0 la surface, notre peur comme notre col\u00e8re, notre manque de confiance dans l&rsquo;\u00c9tat comme dans l'\u00a0\u00bbalt\u00e9rit\u00e9\u00a0\u00bb de l'\u00a0\u00bbautre\u00a0\u00bb. Corona jette tout en l&rsquo;air sans rel\u00e2che et le d\u00e9pose sur la table pour que nous puissions le regarder et le traiter &#8230; et tout comme une pi\u00e8ce de broderie peut \u00eatre d\u00e9nou\u00e9e, les enchev\u00eatrements et les n\u0153uds que nous avons cr\u00e9\u00e9s dans nos pens\u00e9es peuvent \u00eatre d\u00e9m\u00eal\u00e9s d&rsquo;un seul coup. Mais que faut-il faire ? Comment pouvons-nous aller au fond de nous-m\u00eames ?<\/p>\r\n<blockquote>\r\n<p><em>\u00ab\u00a0Au fond, les gens ne souffrent pas du karma mais de leur propre inconscience\u00a0\u00bb.<\/em><\/p>\r\n<\/blockquote>\r\n<p>Dans l&rsquo;entretien avec Frank Arjava Petter, l&rsquo;entra\u00eenement de notre \u00eatre conscient passe au premier plan. En nous rappelant sans cesse d&rsquo;\u00eatre pr\u00e9sent \u00e0 chaque instant et d&rsquo;\u00eatre pleinement conscient de ce moment avec tous nos sens &#8211; que ce soit en m\u00e9ditation, pendant un traitement Reiki, en nageant ou m\u00eame en conduisant une moto. Pour Arjava, cela signifie percevoir consciemment la libert\u00e9 dans ce moment. Et il y parvient encore et encore, surtout en moto. &#8230;La libert\u00e9 ne signifie pas se laisser aller. Au contraire, cela signifie pour lui \u00eatre incroyablement responsable de tout ce que nous faisons, de ce que nous pensons, de ce que nous disons.<\/p>\r\n<p>La libert\u00e9 ext\u00e9rieure, cependant, se refl\u00e8te dans l&rsquo;exp\u00e9rience du calme int\u00e9rieur, pendant la m\u00e9ditation ou lors d&rsquo;une application de Reiki. C&rsquo;est ce que nous avons tous en commun et o\u00f9 nous ne sommes pas s\u00e9par\u00e9s, o\u00f9 nous sommes un avec tout le monde et avec tout ce qui est. La conscience peut donc devenir notre cl\u00e9 pour d\u00e9nouer nos n\u0153uds gordiens dans une certaine mesure \u00e0 cette \u00e9poque.<\/p>\r\n<blockquote>\r\n<p>\u00ab\u00a0Tout ce qui compte pour moi est l&rsquo;amour que j&rsquo;ai dans mon c\u0153ur. Tout le reste n&rsquo;a pas de sens.\u00a0\u00bb<\/p>\r\n<\/blockquote>\r\n<h2>Site web<\/h2>\r\n<p>Frank Arjava Petter: <a href=\"http:\/\/www.frankarjavapetter.com\/\">frankarjavapetter.com<\/a><\/p>\r\n<h2>Publications\u00a0<\/h2>\r\n<p><em>\u00ab\u00a0Reiki Fire\u00a0\u00bb, \u00ab\u00a0Reiki, the legacy of Dr. Usui\u00a0\u00bb, \u00ab\u00a0The original Reiki Handbook of Dr. Mikao Usui\u00a0\u00bb, \u00ab\u00a0The Spirit of Reiki\u00a0\u00bb, \u00ab\u00a0Reiki best Practices\u00a0\u00bb, \u00ab\u00a0The Reiki techniques of Dr. Hayashi\u00a0\u00bb, \u00ab\u00a0Gl\u00fccklichsein\u00a0\u00bb, \u00ab\u00a0Reiki ganz Klar\u00a0\u00bb \u00ab\u00a0This is Reiki\u00a0\u00bb, \u00ab\u00a0One with Reiki\u00a0\u00bb.<\/em><\/p>\r\n<p><strong>Les livres d&rsquo;Arjava ont \u00e9t\u00e9 traduits en 22 langues.<\/strong><\/p>\r\n<p>L&rsquo;ouvrage le plus r\u00e9cent est \u00ab\u00a0&#8230; is &#8230;:Awakening, Wanting Nothing and Participating in Everything\u00a0\u00bb. Pendant le tournage de cette vid\u00e9o, le livre \u00e9tait sur le point d&rsquo;\u00eatre publi\u00e9, comme cela a \u00e9t\u00e9 \u00e9voqu\u00e9 \u00e0 la minute 30:41.<\/p>\r\n<h2>References<\/h2>\r\n<p><a href=\"https:\/\/youtu.be\/o2cW3CUHaNI?t=238\">03:58<\/a> Sc\u00e8ne de moto et autres r\u00e9f\u00e9rences biographiques: <a href=\"https:\/\/reiki-conciliation.org\/projects\/frank-arjava-petter-recounts-frankly-and-freely\/\">&#8230;recounts-frankly-and-freely<\/a><\/p>\r\n<p><a href=\"https:\/\/youtu.be\/o2cW3CUHaNI?t=714\">11:54<\/a> Revenu de base inconditionnel: <a href=\"https:\/\/www.mein-grundeinkommen.de\/\">mein-grundeinkommen.de<\/a> (en allemand)\u00a0<\/p>\r\n<p><a href=\"https:\/\/youtu.be\/o2cW3CUHaNI?t=1238\">20:45<\/a> \u00ab\u00a0R\u00e8gle d&rsquo;or\u00a0\u00bb (Ne fais pas aux autres ce que tu ne veux pas qu&rsquo;on te fasse): <a href=\"https:\/\/www.goldenruleproject.org\">goldenruleproject.org\u00a0<\/a>\u00a0(en anglais)<\/p>","protected":false},"excerpt":{"rendered":"Il semble que chaque g\u00e9n\u00e9ration ait ses propres d\u00e9fis, et que la pand\u00e9mie de Corona soit notre d\u00e9fi aujourd&rsquo;hui&#8230; et pourtant, surtout en p\u00e9riode difficile, les solutions sont parfois plus faciles \u00e0 trouver qu&rsquo;on ne le pense. Alors quelle est notre opportunit\u00e9 en cette p\u00e9riode [&hellip;]","protected":false},"featured_media":4745,"template":"","class_list":["post-4744","rtalks","type-rtalks","status-publish","has-post-thumbnail","hentry"],"acf":[],"yoast_head":"<!-- This site is optimized with the Yoast SEO plugin v27.3 - https:\/\/yoast.com\/product\/yoast-seo-wordpress\/ -->\n<title>RTalk with Frank Arjava Petter- REIKI Conciliation<\/title>\n<meta name=\"description\" content=\"Il semble que chaque g\u00e9n\u00e9ration ait ses propres d\u00e9fis, et que la pand\u00e9mie de Corona soit notre d\u00e9fi aujourd&#039;hui... et pourtant, surtout en p\u00e9riode\" \/>\n<meta name=\"robots\" content=\"index, follow, max-snippet:-1, max-image-preview:large, max-video-preview:-1\" \/>\n<link rel=\"canonical\" href=\"https:\/\/reiki-conciliation.org\/fr\/rtalks\/frank-arjava-petter\/\" \/>\n<meta property=\"og:locale\" content=\"fr_FR\" \/>\n<meta property=\"og:type\" content=\"article\" \/>\n<meta property=\"og:title\" content=\"RTalk with Frank Arjava Petter- REIKI Conciliation\" \/>\n<meta property=\"og:description\" content=\"Il semble que chaque g\u00e9n\u00e9ration ait ses propres d\u00e9fis, et que la pand\u00e9mie de Corona soit notre d\u00e9fi aujourd&#039;hui... et pourtant, surtout en p\u00e9riode\" \/>\n<meta property=\"og:url\" content=\"https:\/\/reiki-conciliation.org\/fr\/rtalks\/frank-arjava-petter\/\" \/>\n<meta property=\"og:site_name\" content=\"REIKI Conciliation\" \/>\n<meta property=\"article:modified_time\" content=\"2021-11-05T12:10:06+00:00\" \/>\n<meta property=\"og:image\" content=\"https:\/\/reiki-conciliation.org\/wp-content\/uploads\/rtalk-facebook-arjava.jpg\" \/>\n\t<meta property=\"og:image:width\" content=\"1200\" \/>\n\t<meta property=\"og:image:height\" content=\"628\" \/>\n\t<meta property=\"og:image:type\" content=\"image\/jpeg\" \/>\n<meta name=\"twitter:card\" content=\"summary_large_image\" \/>\n<meta name=\"twitter:label1\" content=\"Dur\u00e9e de lecture estim\u00e9e\" \/>\n\t<meta name=\"twitter:data1\" content=\"4 minutes\" \/>\n<script type=\"application\/ld+json\" class=\"yoast-schema-graph\">{\"@context\":\"https:\\\/\\\/schema.org\",\"@graph\":[{\"@type\":\"WebPage\",\"@id\":\"https:\\\/\\\/reiki-conciliation.org\\\/fr\\\/rtalks\\\/frank-arjava-petter\\\/\",\"url\":\"https:\\\/\\\/reiki-conciliation.org\\\/fr\\\/rtalks\\\/frank-arjava-petter\\\/\",\"name\":\"RTalk with Frank Arjava Petter- REIKI Conciliation\",\"isPartOf\":{\"@id\":\"https:\\\/\\\/reiki-conciliation.org\\\/#website\"},\"primaryImageOfPage\":{\"@id\":\"https:\\\/\\\/reiki-conciliation.org\\\/fr\\\/rtalks\\\/frank-arjava-petter\\\/#primaryimage\"},\"image\":{\"@id\":\"https:\\\/\\\/reiki-conciliation.org\\\/fr\\\/rtalks\\\/frank-arjava-petter\\\/#primaryimage\"},\"thumbnailUrl\":\"https:\\\/\\\/reiki-conciliation.org\\\/wp-content\\\/uploads\\\/rtalk-youtube-arjava.jpg\",\"datePublished\":\"2021-06-11T03:00:05+00:00\",\"dateModified\":\"2021-11-05T12:10:06+00:00\",\"description\":\"Il semble que chaque g\u00e9n\u00e9ration ait ses propres d\u00e9fis, et que la pand\u00e9mie de Corona soit notre d\u00e9fi aujourd'hui... et pourtant, surtout en p\u00e9riode\",\"breadcrumb\":{\"@id\":\"https:\\\/\\\/reiki-conciliation.org\\\/fr\\\/rtalks\\\/frank-arjava-petter\\\/#breadcrumb\"},\"inLanguage\":\"fr-FR\",\"potentialAction\":[{\"@type\":\"ReadAction\",\"target\":[\"https:\\\/\\\/reiki-conciliation.org\\\/fr\\\/rtalks\\\/frank-arjava-petter\\\/\"]}]},{\"@type\":\"ImageObject\",\"inLanguage\":\"fr-FR\",\"@id\":\"https:\\\/\\\/reiki-conciliation.org\\\/fr\\\/rtalks\\\/frank-arjava-petter\\\/#primaryimage\",\"url\":\"https:\\\/\\\/reiki-conciliation.org\\\/wp-content\\\/uploads\\\/rtalk-youtube-arjava.jpg\",\"contentUrl\":\"https:\\\/\\\/reiki-conciliation.org\\\/wp-content\\\/uploads\\\/rtalk-youtube-arjava.jpg\",\"width\":1280,\"height\":720},{\"@type\":\"BreadcrumbList\",\"@id\":\"https:\\\/\\\/reiki-conciliation.org\\\/fr\\\/rtalks\\\/frank-arjava-petter\\\/#breadcrumb\",\"itemListElement\":[{\"@type\":\"ListItem\",\"position\":1,\"name\":\"Home\",\"item\":\"https:\\\/\\\/reiki-conciliation.org\\\/\"},{\"@type\":\"ListItem\",\"position\":2,\"name\":\"Frank Arjava Petter\"}]},{\"@type\":\"WebSite\",\"@id\":\"https:\\\/\\\/reiki-conciliation.org\\\/#website\",\"url\":\"https:\\\/\\\/reiki-conciliation.org\\\/\",\"name\":\"REIKI Conciliation\",\"description\":\"\",\"publisher\":{\"@id\":\"https:\\\/\\\/reiki-conciliation.org\\\/#organization\"},\"potentialAction\":[{\"@type\":\"SearchAction\",\"target\":{\"@type\":\"EntryPoint\",\"urlTemplate\":\"https:\\\/\\\/reiki-conciliation.org\\\/?s={search_term_string}\"},\"query-input\":{\"@type\":\"PropertyValueSpecification\",\"valueRequired\":true,\"valueName\":\"search_term_string\"}}],\"inLanguage\":\"fr-FR\"},{\"@type\":\"Organization\",\"@id\":\"https:\\\/\\\/reiki-conciliation.org\\\/#organization\",\"name\":\"Reiki Conciliation\",\"url\":\"https:\\\/\\\/reiki-conciliation.org\\\/\",\"logo\":{\"@type\":\"ImageObject\",\"inLanguage\":\"fr-FR\",\"@id\":\"https:\\\/\\\/reiki-conciliation.org\\\/#\\\/schema\\\/logo\\\/image\\\/\",\"url\":\"https:\\\/\\\/reiki-conciliation.org\\\/wp-content\\\/uploads\\\/logo-rc.png\",\"contentUrl\":\"https:\\\/\\\/reiki-conciliation.org\\\/wp-content\\\/uploads\\\/logo-rc.png\",\"width\":200,\"height\":176,\"caption\":\"Reiki Conciliation\"},\"image\":{\"@id\":\"https:\\\/\\\/reiki-conciliation.org\\\/#\\\/schema\\\/logo\\\/image\\\/\"}}]}<\/script>\n<!-- \/ Yoast SEO plugin. -->","yoast_head_json":{"title":"RTalk with Frank Arjava Petter- REIKI Conciliation","description":"Il semble que chaque g\u00e9n\u00e9ration ait ses propres d\u00e9fis, et que la pand\u00e9mie de Corona soit notre d\u00e9fi aujourd'hui... et pourtant, surtout en p\u00e9riode","robots":{"index":"index","follow":"follow","max-snippet":"max-snippet:-1","max-image-preview":"max-image-preview:large","max-video-preview":"max-video-preview:-1"},"canonical":"https:\/\/reiki-conciliation.org\/fr\/rtalks\/frank-arjava-petter\/","og_locale":"fr_FR","og_type":"article","og_title":"RTalk with Frank Arjava Petter- REIKI Conciliation","og_description":"Il semble que chaque g\u00e9n\u00e9ration ait ses propres d\u00e9fis, et que la pand\u00e9mie de Corona soit notre d\u00e9fi aujourd'hui... et pourtant, surtout en p\u00e9riode","og_url":"https:\/\/reiki-conciliation.org\/fr\/rtalks\/frank-arjava-petter\/","og_site_name":"REIKI Conciliation","article_modified_time":"2021-11-05T12:10:06+00:00","og_image":[{"width":1200,"height":628,"url":"https:\/\/reiki-conciliation.org\/wp-content\/uploads\/rtalk-facebook-arjava.jpg","type":"image\/jpeg"}],"twitter_card":"summary_large_image","twitter_misc":{"Dur\u00e9e de lecture estim\u00e9e":"4 minutes"},"schema":{"@context":"https:\/\/schema.org","@graph":[{"@type":"WebPage","@id":"https:\/\/reiki-conciliation.org\/fr\/rtalks\/frank-arjava-petter\/","url":"https:\/\/reiki-conciliation.org\/fr\/rtalks\/frank-arjava-petter\/","name":"RTalk with Frank Arjava Petter- REIKI Conciliation","isPartOf":{"@id":"https:\/\/reiki-conciliation.org\/#website"},"primaryImageOfPage":{"@id":"https:\/\/reiki-conciliation.org\/fr\/rtalks\/frank-arjava-petter\/#primaryimage"},"image":{"@id":"https:\/\/reiki-conciliation.org\/fr\/rtalks\/frank-arjava-petter\/#primaryimage"},"thumbnailUrl":"https:\/\/reiki-conciliation.org\/wp-content\/uploads\/rtalk-youtube-arjava.jpg","datePublished":"2021-06-11T03:00:05+00:00","dateModified":"2021-11-05T12:10:06+00:00","description":"Il semble que chaque g\u00e9n\u00e9ration ait ses propres d\u00e9fis, et que la pand\u00e9mie de Corona soit notre d\u00e9fi aujourd'hui... et pourtant, surtout en p\u00e9riode","breadcrumb":{"@id":"https:\/\/reiki-conciliation.org\/fr\/rtalks\/frank-arjava-petter\/#breadcrumb"},"inLanguage":"fr-FR","potentialAction":[{"@type":"ReadAction","target":["https:\/\/reiki-conciliation.org\/fr\/rtalks\/frank-arjava-petter\/"]}]},{"@type":"ImageObject","inLanguage":"fr-FR","@id":"https:\/\/reiki-conciliation.org\/fr\/rtalks\/frank-arjava-petter\/#primaryimage","url":"https:\/\/reiki-conciliation.org\/wp-content\/uploads\/rtalk-youtube-arjava.jpg","contentUrl":"https:\/\/reiki-conciliation.org\/wp-content\/uploads\/rtalk-youtube-arjava.jpg","width":1280,"height":720},{"@type":"BreadcrumbList","@id":"https:\/\/reiki-conciliation.org\/fr\/rtalks\/frank-arjava-petter\/#breadcrumb","itemListElement":[{"@type":"ListItem","position":1,"name":"Home","item":"https:\/\/reiki-conciliation.org\/"},{"@type":"ListItem","position":2,"name":"Frank Arjava Petter"}]},{"@type":"WebSite","@id":"https:\/\/reiki-conciliation.org\/#website","url":"https:\/\/reiki-conciliation.org\/","name":"REIKI Conciliation","description":"","publisher":{"@id":"https:\/\/reiki-conciliation.org\/#organization"},"potentialAction":[{"@type":"SearchAction","target":{"@type":"EntryPoint","urlTemplate":"https:\/\/reiki-conciliation.org\/?s={search_term_string}"},"query-input":{"@type":"PropertyValueSpecification","valueRequired":true,"valueName":"search_term_string"}}],"inLanguage":"fr-FR"},{"@type":"Organization","@id":"https:\/\/reiki-conciliation.org\/#organization","name":"Reiki Conciliation","url":"https:\/\/reiki-conciliation.org\/","logo":{"@type":"ImageObject","inLanguage":"fr-FR","@id":"https:\/\/reiki-conciliation.org\/#\/schema\/logo\/image\/","url":"https:\/\/reiki-conciliation.org\/wp-content\/uploads\/logo-rc.png","contentUrl":"https:\/\/reiki-conciliation.org\/wp-content\/uploads\/logo-rc.png","width":200,"height":176,"caption":"Reiki Conciliation"},"image":{"@id":"https:\/\/reiki-conciliation.org\/#\/schema\/logo\/image\/"}}]}},"_links":{"self":[{"href":"https:\/\/reiki-conciliation.org\/fr\/wp-json\/wp\/v2\/rtalks\/4744","targetHints":{"allow":["GET"]}}],"collection":[{"href":"https:\/\/reiki-conciliation.org\/fr\/wp-json\/wp\/v2\/rtalks"}],"about":[{"href":"https:\/\/reiki-conciliation.org\/fr\/wp-json\/wp\/v2\/types\/rtalks"}],"wp:featuredmedia":[{"embeddable":true,"href":"https:\/\/reiki-conciliation.org\/fr\/wp-json\/wp\/v2\/media\/4745"}],"wp:attachment":[{"href":"https:\/\/reiki-conciliation.org\/fr\/wp-json\/wp\/v2\/media?parent=4744"}],"curies":[{"name":"wp","href":"https:\/\/api.w.org\/{rel}","templated":true}]}}