{"id":4749,"date":"2021-09-03T06:37:22","date_gmt":"2021-09-03T05:37:22","guid":{"rendered":"https:\/\/reiki-conciliation.org\/rtalks\/rtalk-tradition-with-dr-justin-stein\/"},"modified":"2021-11-05T13:21:06","modified_gmt":"2021-11-05T12:21:06","slug":"rtalk-tradition-with-dr-justin-stein","status":"publish","type":"rtalks","link":"https:\/\/reiki-conciliation.org\/fr\/rtalks\/rtalk-tradition-with-dr-justin-stein\/","title":{"rendered":"Dr. Justin Stein"},"content":{"rendered":"<p>Dans cette conversation, Ren\u00e9 s&rsquo;entretient avec le Dr Justin Stein, sp\u00e9cialiste de la religion japonaise : Qu&rsquo;est-ce qui rend quelque chose \u00ab\u00a0traditionnel\u00a0\u00bb ? Comment l&rsquo;id\u00e9e de \u00ab\u00a0tradition\u00a0\u00bb est-elle invoqu\u00e9e dans les mouvements politiques et sociaux ? Et quelle est la relation entre la tradition et les d\u00e9fis auxquels notre soci\u00e9t\u00e9 est confront\u00e9e aujourd&rsquo;hui, de la crise climatique au racisme en passant par le coronavirus ?<\/p>\r\n<blockquote>\r\n<p>\u00ab\u00a0La tradition semble prendre une importance renouvel\u00e9e en p\u00e9riode de changement\u00a0\u00bb.<br \/>\r\n\u00ab\u00a0Il n&rsquo;existe pas de r\u00e9cit objectif du pass\u00e9.\u00a0\u00bb<br \/>\r\n\u00ab\u00a0Chaque g\u00e9n\u00e9ration fa\u00e7onne la tradition d&rsquo;une mani\u00e8re nouvelle.\u00a0\u00bb<br \/>\r\n\u00ab\u00a0Nous avons assist\u00e9 au cours de notre vie \u00e0 une r\u00e9volution de la conscience.\u00a0\u00bb<\/p>\r\n<\/blockquote>\r\n<p>Rejoignez-nous pour une discussion sur des traditions vari\u00e9es, de la lutte \u00e0 la chasse aux fant\u00f4mes, et des r\u00e9flexions sur le pouvoir et le danger de la pens\u00e9e \u00ab\u00a0traditionnelle\u00a0\u00bb.<\/p>\r\n<h2>Biographie<\/h2>\r\n<p>Justin B. Stein (Ph.D., \u00e9tude de la religion, Universit\u00e9 de Toronto) est instructeur en \u00e9tudes asiatiques \u00e0 l&rsquo;Universit\u00e9 polytechnique Kwantlen en Colombie-Britannique, au Canada. Son programme de recherche porte sur la fa\u00e7on dont les \u00e9changes au sein des r\u00e9seaux transnationaux ont fa\u00e7onn\u00e9 les pratiques et les id\u00e9es spirituelles\/religieuses dans la r\u00e9gion du Pacifique Nord (Am\u00e9rique du Nord, Hawa\u00ef et Japon).<\/p>\r\n<p>Sa th\u00e8se de doctorat (2017) a examin\u00e9 la production de la gu\u00e9rison par le Reiki au Japon, \u00e0 Hawa\u00ef et en Am\u00e9rique du Nord au milieu du XXe si\u00e8cle, afin de th\u00e9oriser le Pacifique Nord en tant qu&rsquo;intersyst\u00e8me culturel, de consid\u00e9rer une cat\u00e9gorie analytique appel\u00e9e \u00a0\u00bb m\u00e9decine spirituelle \u00a0\u00bb et de discuter de la fa\u00e7on dont la circulation est une forme de production culturelle. Une version r\u00e9vis\u00e9e de cette th\u00e8se est en cours d&rsquo;examen en vue de sa publication sous forme de monographie. Sa recherche postdoctorale (JSPS 2017-2019, Bukkyo University) a examin\u00e9 un r\u00e9seau de groupes de jeunes bouddhistes au Japon et dans la diaspora japonaise dans les ann\u00e9es 1920 et 1930 et comment leurs efforts pour cr\u00e9er un mouvement de paix internationaliste et non sectaire ont interagi avec leurs identit\u00e9s sectaires et nationales ainsi qu&rsquo;avec les activit\u00e9s coloniales des Empires japonais et am\u00e9ricain.<\/p>\r\n<h2>Publications<\/h2>\r\n<p>Parmi ses publications r\u00e9centes figure un volume \u00e0 para\u00eetre (Routledge Handbook of Religion, Medicine, and Health, co\u00e9dit\u00e9 avec Dorothea L\u00fcddeckens, Pamela Klassen et Philipp Hetmanczyk) dans lequel il a r\u00e9dig\u00e9 un chapitre intitul\u00e9 \u00ab\u00a0Energy Healing : Reiki, Therapeutic Touch, and Healing Touch in the United States and Beyond\u00a0\u00bb, un num\u00e9ro sp\u00e9cial de Japanese Religions sur \u00ab\u00a0Japan and the Global Occult\u00a0\u00bb, auquel il a contribu\u00e9 \u00e0 l&rsquo;introduction (en collaboration avec Ioannis Gaitanidis), et un article \u00e9valu\u00e9 par les pairs, \u00ab\u00a0&lsquo;Universe Energy&rsquo; : Translation and Reiki Healing in the Twentieth-Century North Pacific \u00ab\u00a0, Asian Medicine 14 (2019) : 81-103.<\/p>\r\n<h2>Sites web<\/h2>\r\n<p>Un grand nombre de ses publications sont disponibles sur son site Web: <a href=\"https:\/\/justinstein.academia.edu\/\">justinstein.academia.edu<\/a><br \/>\r\nIl \u00e9crit \u00e9galement sur l&rsquo;histoire du Reiki et les \u00e9v\u00e9nements \u00e0 venir sur: <a href=\"https:\/\/www.facebook.com\/JBSReikiResearch\/\">facebook.com\/JBSReikiResearch<\/a><\/p>\r\n<h2>Reference\u00a0<\/h2>\r\n<p><a href=\"https:\/\/youtu.be\/rgtrgWlf1bw?t=1545\">25:45<\/a>: <a href=\"https:\/\/de.wikipedia.org\/wiki\/Yokozuna_(Wrestler)\">Yokozuna_(Wrestler)<\/a><br \/>\r\n<a href=\"https:\/\/youtu.be\/rgtrgWlf1bw?t=1557\">25:57<\/a>: <em>Mirror of Modernity &#8211; Invented Traditions of Modern Japan<\/em> by Stephen Vlastos: <a href=\"https:\/\/www.ucpress.edu\/book\/9780520206373\/mirror-of-modernity\">mirror-of-modernity\u00a0<\/a><br \/>\r\n<a href=\"https:\/\/youtu.be\/rgtrgWlf1bw?t=1960\">32:40<\/a>: <a href=\"https:\/\/en.wikipedia.org\/wiki\/Virgin_boy_egg\">Virgin_boy_egg<\/a><br \/>\r\n<a href=\"https:\/\/youtu.be\/rgtrgWlf1bw?t=2136\">35:36<\/a>: <a href=\"https:\/\/en.wikipedia.org\/wiki\/Don_Quixote\">Don_Quixote<\/a><\/p>","protected":false},"excerpt":{"rendered":"Dans cette conversation, Ren\u00e9 s&rsquo;entretient avec le Dr Justin Stein, sp\u00e9cialiste de la religion japonaise : Qu&rsquo;est-ce qui rend quelque chose \u00ab\u00a0traditionnel\u00a0\u00bb ? Comment l&rsquo;id\u00e9e de \u00ab\u00a0tradition\u00a0\u00bb est-elle invoqu\u00e9e dans les mouvements politiques et sociaux ? Et quelle est la relation entre la tradition et les d\u00e9fis auxquels notre soci\u00e9t\u00e9 est confront\u00e9e aujourd&rsquo;hui, de la crise climatique au racisme en passant par le coronavirus ?","protected":false},"featured_media":4750,"template":"","class_list":["post-4749","rtalks","type-rtalks","status-publish","has-post-thumbnail","hentry"],"acf":[],"yoast_head":"<!-- This site is optimized with the Yoast SEO plugin v27.3 - https:\/\/yoast.com\/product\/yoast-seo-wordpress\/ -->\n<title>RTalk with Dr. Justin Stein- REIKI Conciliation<\/title>\n<meta name=\"description\" content=\"Dans cette conversation, Ren\u00e9 s&#039;entretient avec le Dr Justin Stein, sp\u00e9cialiste de la religion japonaise : Qu&#039;est-ce qui rend quelque chose &quot;traditionnel&quot; ? Comment l&#039;id\u00e9e de &quot;tradition&quot; est-elle invoqu\u00e9e dans les mouvements politiques et sociaux ? Et quelle est la relation entre la tradition et les d\u00e9fis auxquels notre soci\u00e9t\u00e9 est confront\u00e9e aujourd&#039;hui, de la crise climatique au racisme en passant par le coronavirus ?\" \/>\n<meta name=\"robots\" content=\"index, follow, max-snippet:-1, max-image-preview:large, max-video-preview:-1\" \/>\n<link rel=\"canonical\" href=\"https:\/\/reiki-conciliation.org\/fr\/rtalks\/rtalk-tradition-with-dr-justin-stein\/\" \/>\n<meta property=\"og:locale\" content=\"fr_FR\" \/>\n<meta property=\"og:type\" content=\"article\" \/>\n<meta property=\"og:title\" content=\"RTalk with Dr. Justin Stein- REIKI Conciliation\" \/>\n<meta property=\"og:description\" content=\"Dans cette conversation, Ren\u00e9 s&#039;entretient avec le Dr Justin Stein, sp\u00e9cialiste de la religion japonaise : Qu&#039;est-ce qui rend quelque chose &quot;traditionnel&quot; ? Comment l&#039;id\u00e9e de &quot;tradition&quot; est-elle invoqu\u00e9e dans les mouvements politiques et sociaux ? Et quelle est la relation entre la tradition et les d\u00e9fis auxquels notre soci\u00e9t\u00e9 est confront\u00e9e aujourd&#039;hui, de la crise climatique au racisme en passant par le coronavirus ?\" \/>\n<meta property=\"og:url\" content=\"https:\/\/reiki-conciliation.org\/fr\/rtalks\/rtalk-tradition-with-dr-justin-stein\/\" \/>\n<meta property=\"og:site_name\" content=\"REIKI Conciliation\" \/>\n<meta property=\"article:modified_time\" content=\"2021-11-05T12:21:06+00:00\" \/>\n<meta property=\"og:image\" content=\"https:\/\/reiki-conciliation.org\/wp-content\/uploads\/rtalk-justin-stein-facebook-thumb.jpg\" \/>\n\t<meta property=\"og:image:width\" content=\"1200\" \/>\n\t<meta property=\"og:image:height\" content=\"628\" \/>\n\t<meta property=\"og:image:type\" content=\"image\/jpeg\" \/>\n<meta name=\"twitter:card\" content=\"summary_large_image\" \/>\n<meta name=\"twitter:label1\" content=\"Dur\u00e9e de lecture estim\u00e9e\" \/>\n\t<meta name=\"twitter:data1\" content=\"3 minutes\" \/>\n<script type=\"application\/ld+json\" class=\"yoast-schema-graph\">{\"@context\":\"https:\\\/\\\/schema.org\",\"@graph\":[{\"@type\":\"WebPage\",\"@id\":\"https:\\\/\\\/reiki-conciliation.org\\\/fr\\\/rtalks\\\/rtalk-tradition-with-dr-justin-stein\\\/\",\"url\":\"https:\\\/\\\/reiki-conciliation.org\\\/fr\\\/rtalks\\\/rtalk-tradition-with-dr-justin-stein\\\/\",\"name\":\"RTalk with Dr. Justin Stein- REIKI Conciliation\",\"isPartOf\":{\"@id\":\"https:\\\/\\\/reiki-conciliation.org\\\/#website\"},\"primaryImageOfPage\":{\"@id\":\"https:\\\/\\\/reiki-conciliation.org\\\/fr\\\/rtalks\\\/rtalk-tradition-with-dr-justin-stein\\\/#primaryimage\"},\"image\":{\"@id\":\"https:\\\/\\\/reiki-conciliation.org\\\/fr\\\/rtalks\\\/rtalk-tradition-with-dr-justin-stein\\\/#primaryimage\"},\"thumbnailUrl\":\"https:\\\/\\\/reiki-conciliation.org\\\/wp-content\\\/uploads\\\/rtalk-justin-stein-thumb-scaled.jpg\",\"datePublished\":\"2021-09-03T05:37:22+00:00\",\"dateModified\":\"2021-11-05T12:21:06+00:00\",\"description\":\"Dans cette conversation, Ren\u00e9 s'entretient avec le Dr Justin Stein, sp\u00e9cialiste de la religion japonaise : Qu'est-ce qui rend quelque chose \\\"traditionnel\\\" ? Comment l'id\u00e9e de \\\"tradition\\\" est-elle invoqu\u00e9e dans les mouvements politiques et sociaux ? Et quelle est la relation entre la tradition et les d\u00e9fis auxquels notre soci\u00e9t\u00e9 est confront\u00e9e aujourd'hui, de la crise climatique au racisme en passant par le coronavirus ?\",\"breadcrumb\":{\"@id\":\"https:\\\/\\\/reiki-conciliation.org\\\/fr\\\/rtalks\\\/rtalk-tradition-with-dr-justin-stein\\\/#breadcrumb\"},\"inLanguage\":\"fr-FR\",\"potentialAction\":[{\"@type\":\"ReadAction\",\"target\":[\"https:\\\/\\\/reiki-conciliation.org\\\/fr\\\/rtalks\\\/rtalk-tradition-with-dr-justin-stein\\\/\"]}]},{\"@type\":\"ImageObject\",\"inLanguage\":\"fr-FR\",\"@id\":\"https:\\\/\\\/reiki-conciliation.org\\\/fr\\\/rtalks\\\/rtalk-tradition-with-dr-justin-stein\\\/#primaryimage\",\"url\":\"https:\\\/\\\/reiki-conciliation.org\\\/wp-content\\\/uploads\\\/rtalk-justin-stein-thumb-scaled.jpg\",\"contentUrl\":\"https:\\\/\\\/reiki-conciliation.org\\\/wp-content\\\/uploads\\\/rtalk-justin-stein-thumb-scaled.jpg\",\"width\":2560,\"height\":1439},{\"@type\":\"BreadcrumbList\",\"@id\":\"https:\\\/\\\/reiki-conciliation.org\\\/fr\\\/rtalks\\\/rtalk-tradition-with-dr-justin-stein\\\/#breadcrumb\",\"itemListElement\":[{\"@type\":\"ListItem\",\"position\":1,\"name\":\"Home\",\"item\":\"https:\\\/\\\/reiki-conciliation.org\\\/\"},{\"@type\":\"ListItem\",\"position\":2,\"name\":\"Dr. Justin Stein\"}]},{\"@type\":\"WebSite\",\"@id\":\"https:\\\/\\\/reiki-conciliation.org\\\/#website\",\"url\":\"https:\\\/\\\/reiki-conciliation.org\\\/\",\"name\":\"REIKI Conciliation\",\"description\":\"\",\"publisher\":{\"@id\":\"https:\\\/\\\/reiki-conciliation.org\\\/#organization\"},\"potentialAction\":[{\"@type\":\"SearchAction\",\"target\":{\"@type\":\"EntryPoint\",\"urlTemplate\":\"https:\\\/\\\/reiki-conciliation.org\\\/?s={search_term_string}\"},\"query-input\":{\"@type\":\"PropertyValueSpecification\",\"valueRequired\":true,\"valueName\":\"search_term_string\"}}],\"inLanguage\":\"fr-FR\"},{\"@type\":\"Organization\",\"@id\":\"https:\\\/\\\/reiki-conciliation.org\\\/#organization\",\"name\":\"Reiki Conciliation\",\"url\":\"https:\\\/\\\/reiki-conciliation.org\\\/\",\"logo\":{\"@type\":\"ImageObject\",\"inLanguage\":\"fr-FR\",\"@id\":\"https:\\\/\\\/reiki-conciliation.org\\\/#\\\/schema\\\/logo\\\/image\\\/\",\"url\":\"https:\\\/\\\/reiki-conciliation.org\\\/wp-content\\\/uploads\\\/logo-rc.png\",\"contentUrl\":\"https:\\\/\\\/reiki-conciliation.org\\\/wp-content\\\/uploads\\\/logo-rc.png\",\"width\":200,\"height\":176,\"caption\":\"Reiki Conciliation\"},\"image\":{\"@id\":\"https:\\\/\\\/reiki-conciliation.org\\\/#\\\/schema\\\/logo\\\/image\\\/\"}}]}<\/script>\n<!-- \/ Yoast SEO plugin. -->","yoast_head_json":{"title":"RTalk with Dr. Justin Stein- REIKI Conciliation","description":"Dans cette conversation, Ren\u00e9 s'entretient avec le Dr Justin Stein, sp\u00e9cialiste de la religion japonaise : Qu'est-ce qui rend quelque chose \"traditionnel\" ? Comment l'id\u00e9e de \"tradition\" est-elle invoqu\u00e9e dans les mouvements politiques et sociaux ? Et quelle est la relation entre la tradition et les d\u00e9fis auxquels notre soci\u00e9t\u00e9 est confront\u00e9e aujourd'hui, de la crise climatique au racisme en passant par le coronavirus ?","robots":{"index":"index","follow":"follow","max-snippet":"max-snippet:-1","max-image-preview":"max-image-preview:large","max-video-preview":"max-video-preview:-1"},"canonical":"https:\/\/reiki-conciliation.org\/fr\/rtalks\/rtalk-tradition-with-dr-justin-stein\/","og_locale":"fr_FR","og_type":"article","og_title":"RTalk with Dr. Justin Stein- REIKI Conciliation","og_description":"Dans cette conversation, Ren\u00e9 s'entretient avec le Dr Justin Stein, sp\u00e9cialiste de la religion japonaise : Qu'est-ce qui rend quelque chose \"traditionnel\" ? Comment l'id\u00e9e de \"tradition\" est-elle invoqu\u00e9e dans les mouvements politiques et sociaux ? Et quelle est la relation entre la tradition et les d\u00e9fis auxquels notre soci\u00e9t\u00e9 est confront\u00e9e aujourd'hui, de la crise climatique au racisme en passant par le coronavirus ?","og_url":"https:\/\/reiki-conciliation.org\/fr\/rtalks\/rtalk-tradition-with-dr-justin-stein\/","og_site_name":"REIKI Conciliation","article_modified_time":"2021-11-05T12:21:06+00:00","og_image":[{"width":1200,"height":628,"url":"https:\/\/reiki-conciliation.org\/wp-content\/uploads\/rtalk-justin-stein-facebook-thumb.jpg","type":"image\/jpeg"}],"twitter_card":"summary_large_image","twitter_misc":{"Dur\u00e9e de lecture estim\u00e9e":"3 minutes"},"schema":{"@context":"https:\/\/schema.org","@graph":[{"@type":"WebPage","@id":"https:\/\/reiki-conciliation.org\/fr\/rtalks\/rtalk-tradition-with-dr-justin-stein\/","url":"https:\/\/reiki-conciliation.org\/fr\/rtalks\/rtalk-tradition-with-dr-justin-stein\/","name":"RTalk with Dr. Justin Stein- REIKI Conciliation","isPartOf":{"@id":"https:\/\/reiki-conciliation.org\/#website"},"primaryImageOfPage":{"@id":"https:\/\/reiki-conciliation.org\/fr\/rtalks\/rtalk-tradition-with-dr-justin-stein\/#primaryimage"},"image":{"@id":"https:\/\/reiki-conciliation.org\/fr\/rtalks\/rtalk-tradition-with-dr-justin-stein\/#primaryimage"},"thumbnailUrl":"https:\/\/reiki-conciliation.org\/wp-content\/uploads\/rtalk-justin-stein-thumb-scaled.jpg","datePublished":"2021-09-03T05:37:22+00:00","dateModified":"2021-11-05T12:21:06+00:00","description":"Dans cette conversation, Ren\u00e9 s'entretient avec le Dr Justin Stein, sp\u00e9cialiste de la religion japonaise : Qu'est-ce qui rend quelque chose \"traditionnel\" ? Comment l'id\u00e9e de \"tradition\" est-elle invoqu\u00e9e dans les mouvements politiques et sociaux ? Et quelle est la relation entre la tradition et les d\u00e9fis auxquels notre soci\u00e9t\u00e9 est confront\u00e9e aujourd'hui, de la crise climatique au racisme en passant par le coronavirus ?","breadcrumb":{"@id":"https:\/\/reiki-conciliation.org\/fr\/rtalks\/rtalk-tradition-with-dr-justin-stein\/#breadcrumb"},"inLanguage":"fr-FR","potentialAction":[{"@type":"ReadAction","target":["https:\/\/reiki-conciliation.org\/fr\/rtalks\/rtalk-tradition-with-dr-justin-stein\/"]}]},{"@type":"ImageObject","inLanguage":"fr-FR","@id":"https:\/\/reiki-conciliation.org\/fr\/rtalks\/rtalk-tradition-with-dr-justin-stein\/#primaryimage","url":"https:\/\/reiki-conciliation.org\/wp-content\/uploads\/rtalk-justin-stein-thumb-scaled.jpg","contentUrl":"https:\/\/reiki-conciliation.org\/wp-content\/uploads\/rtalk-justin-stein-thumb-scaled.jpg","width":2560,"height":1439},{"@type":"BreadcrumbList","@id":"https:\/\/reiki-conciliation.org\/fr\/rtalks\/rtalk-tradition-with-dr-justin-stein\/#breadcrumb","itemListElement":[{"@type":"ListItem","position":1,"name":"Home","item":"https:\/\/reiki-conciliation.org\/"},{"@type":"ListItem","position":2,"name":"Dr. Justin Stein"}]},{"@type":"WebSite","@id":"https:\/\/reiki-conciliation.org\/#website","url":"https:\/\/reiki-conciliation.org\/","name":"REIKI Conciliation","description":"","publisher":{"@id":"https:\/\/reiki-conciliation.org\/#organization"},"potentialAction":[{"@type":"SearchAction","target":{"@type":"EntryPoint","urlTemplate":"https:\/\/reiki-conciliation.org\/?s={search_term_string}"},"query-input":{"@type":"PropertyValueSpecification","valueRequired":true,"valueName":"search_term_string"}}],"inLanguage":"fr-FR"},{"@type":"Organization","@id":"https:\/\/reiki-conciliation.org\/#organization","name":"Reiki Conciliation","url":"https:\/\/reiki-conciliation.org\/","logo":{"@type":"ImageObject","inLanguage":"fr-FR","@id":"https:\/\/reiki-conciliation.org\/#\/schema\/logo\/image\/","url":"https:\/\/reiki-conciliation.org\/wp-content\/uploads\/logo-rc.png","contentUrl":"https:\/\/reiki-conciliation.org\/wp-content\/uploads\/logo-rc.png","width":200,"height":176,"caption":"Reiki Conciliation"},"image":{"@id":"https:\/\/reiki-conciliation.org\/#\/schema\/logo\/image\/"}}]}},"_links":{"self":[{"href":"https:\/\/reiki-conciliation.org\/fr\/wp-json\/wp\/v2\/rtalks\/4749","targetHints":{"allow":["GET"]}}],"collection":[{"href":"https:\/\/reiki-conciliation.org\/fr\/wp-json\/wp\/v2\/rtalks"}],"about":[{"href":"https:\/\/reiki-conciliation.org\/fr\/wp-json\/wp\/v2\/types\/rtalks"}],"wp:featuredmedia":[{"embeddable":true,"href":"https:\/\/reiki-conciliation.org\/fr\/wp-json\/wp\/v2\/media\/4750"}],"wp:attachment":[{"href":"https:\/\/reiki-conciliation.org\/fr\/wp-json\/wp\/v2\/media?parent=4749"}],"curies":[{"name":"wp","href":"https:\/\/api.w.org\/{rel}","templated":true}]}}