{"id":8284,"date":"2022-05-10T21:29:13","date_gmt":"2022-05-10T20:29:13","guid":{"rendered":"https:\/\/reiki-conciliation.org\/?post_type=rtalks&#038;p=8284"},"modified":"2022-05-11T06:38:40","modified_gmt":"2022-05-11T05:38:40","slug":"gauthier-papp","status":"publish","type":"rtalks","link":"https:\/\/reiki-conciliation.org\/fr\/rtalks\/gauthier-papp\/","title":{"rendered":"Gauthier Papp"},"content":{"rendered":"<p>\u00ab\u00a0D\u2019abord, ce sera diff\u00e9rent et ensuite ce sera comme vous le pensez\u00a0\u00bb, paraphrasant librement Wilhelm Busch (humoriste, po\u00e8te, peintre, \u2020 1908).<\/p>\r\n<p>En pr\u00e9paration de ce RTalk, j&rsquo;avais \u00e9cout\u00e9 le professeur Donald Hoffmann (1955, psychologue cognitif) qui proclame que la r\u00e9alit\u00e9 n&rsquo;existe pas. J&rsquo;avais pr\u00e9par\u00e9 une diapositive avec une explication de la relativit\u00e9 d&rsquo;Einstein. Et des clips vid\u00e9o du professeur Carlo Rovelli (1956, physicien th\u00e9oricien) qui d\u00e9montre de fa\u00e7on stup\u00e9fiante et scientifique que notre compr\u00e9hension du temps n&rsquo;est qu&rsquo;une illusion.<\/p>\r\n<p>Malgr\u00e9 tous nos efforts, mon invit\u00e9 et moi n\u2019avons touch\u00e9 la \u00ab\u00a0r\u00e9alit\u00e9\u00a0\u00bb qu\u2019\u00e0 la fin, apr\u00e8s la tournure surprenante qu\u2019a pris la conversation. Ainsi, l&rsquo;art a pr\u00e9valu sur la science dans cet \u00e9pisode, prouvant que Wilhelm Busch avait raison.<\/p>\r\n<p><u><a href=\"https:\/\/www.youtube.com\/watch?v=thjzHebXN-c&amp;t=0s\">0:00<\/a><\/u> Pr\u00e9sentation de Gauthier Papp, musicien et ancien technicien du son, praticien et enseignant Reiki \u00e0 plein temps avec sa propre \u00e9cole de Reiki \u00e0 Paris.<\/p>\r\n<p><u><a href=\"https:\/\/www.youtube.com\/watch?v=thjzHebXN-c&amp;t=436s\">7:16<\/a><\/u> C&rsquo;est une source d&rsquo;inspiration pour les jeunes qui cherchent des r\u00e9ponses \u00e0 des questions telles que \u00ab\u00a0Qu&rsquo;est-ce que la r\u00e9alit\u00e9 ?<\/p>\r\n<p><u><a href=\"https:\/\/www.youtube.com\/watch?v=thjzHebXN-c&amp;t=612s\">10:12<\/a><\/u> La r\u00e9alit\u00e9 change avec le temps et l&rsquo;\u00e2ge. Les croyances par rapport \u00e0 la \u00ab\u00a0v\u00e9rit\u00e9\u00a0\u00bb.<\/p>\r\n<p><u><a href=\"https:\/\/www.youtube.com\/watch?v=thjzHebXN-c&amp;t=865s\">14:25<\/a><\/u> Le temps est une illusion &#8211; vraiment. Pr\u00e9sentation de Carlo Rovelli qui d\u00e9construit nos croyances sur le temps.<\/p>\r\n<p><u><a href=\"https:\/\/www.youtube.com\/watch?v=thjzHebXN-c&amp;t=1118s\">18:38<\/a><\/u> Gauthier p\u00e8se le pour et le contre des d\u00e9couvertes scientifiques par rapport \u00e0 l&rsquo;aspect pratique &#8230;\u00a0\u00a0\u00a0<\/p>\r\n<p><u><a href=\"https:\/\/www.youtube.com\/watch?v=thjzHebXN-c&amp;t=1374s\">22:54<\/a><\/u> &#8230; en soulignant l&rsquo;urgence de la r\u00e9alit\u00e9 des d\u00e9fis environnementaux. Il appelle \u00e0 une nouvelle compr\u00e9hension de ce qui est r\u00e9el.<\/p>\r\n<blockquote>\r\n<p>\u00ab\u00a0Ce n&rsquo;est pas la technologie mais un changement de conscience qui est n\u00e9cessaire !\u00a0\u00bb<\/p>\r\n<\/blockquote>\r\n<p><u><a href=\"https:\/\/www.youtube.com\/watch?v=thjzHebXN-c&amp;t=1631s\">27:11<\/a><\/u> Ce changement est existentiel et Ren\u00e9 ajoute : \u00ab\u00a0La r\u00e9flexion de la science sur la \u00ab\u00a0r\u00e9alit\u00e9\u00a0\u00bb est un exercice spirituel, mental, psychologique et philosophique pour l&rsquo;expansion de la conscience.\u00a0\u00bb Puis il surprend son invit\u00e9 avec une vid\u00e9o :<\/p>\r\n<p><u><a href=\"https:\/\/www.youtube.com\/watch?v=thjzHebXN-c&amp;t=1723s\">28:43<\/a><\/u> Danse de Shar \/ Nicholas Rose devant l&rsquo;autel de l&rsquo;\u00e9glise Memorial de Berlin, P\u00e2ques 2022 (premi\u00e8re).\u00a0<\/p>\r\n<p><u><a href=\"https:\/\/www.youtube.com\/watch?v=thjzHebXN-c&amp;t=1836s\">30:36<\/a><\/u> Les deux hommes r\u00e9agissent avec effroi \u00e0 la lumi\u00e8re de la beaut\u00e9, de l&rsquo;\u00e9motivit\u00e9 et de la pr\u00e9sence tangible de l&rsquo;amour qu&rsquo;ils viennent de vivre.<\/p>\r\n<blockquote>\r\n<p>\u00a0\u00bb C&rsquo;est r\u00e9el ! \u00ab\u00a0<\/p>\r\n<\/blockquote>\r\n<p><u><a href=\"https:\/\/www.youtube.com\/watch?v=thjzHebXN-c&amp;t=2005s\">33:25<\/a><\/u> Remarques finales.<\/p>\r\n<h2>Biographie<\/h2>\r\n<p>Gauthier Papp (n\u00e9e en 1984) est un vrai parisien et un enseignant et praticien de Reiki \u00e0 plein temps avec sa propre \u00e9cole \u00e0 Paris. Un d\u00e9veloppement surprenant pour quelqu&rsquo;un de si jeune et avec seulement 8 ans d\u2019exp\u00e9rience dans le Reiki. Surprenant peut-\u00eatre &#8211; mais c&rsquo;est surtout rassurant de voir la g\u00e9n\u00e9ration de Gauthier s\u2019engager \u00e0 ce point.<\/p>\r\n<p>Avant cela, il a travaill\u00e9 pendant 10 ans dans l&rsquo;industrie musicale en tant qu&rsquo;ing\u00e9nieur du son. Il avait une vingtaine d&rsquo;ann\u00e9es lorsqu&rsquo;un d\u00e9sir de r\u00e9ponses essentielles l&rsquo;a amen\u00e9 \u00e0 quitter son monde rationnel pour explorer des principes m\u00e9taphysiques.<\/p>\r\n<p>Site web: <u><a href=\"https:\/\/ecole-reiki.com\/\">https:\/\/ecole-reiki.com\/<\/a><\/u><\/p>\r\n<h2>R\u00e9f\u00e9rences<\/h2>\r\n<ul>\r\n\t<li>Wilhelm Busch, humoriste, po\u00e8te, illustrateur et peintre allemand, 1832-1908 : <a href=\"https:\/\/en.wikipedia.org\/wiki\/Wilhelm_Busch\">https:\/\/en.wikipedia.org\/wiki\/Wilhelm_Busch<\/a><\/li>\r\n\t<li>Prof. Donald Hoffmann, psychologue cognitif am\u00e9ricain et auteur scientifique. Universit\u00e9 de Californie, Irvine : <a href=\"https:\/\/en.wikipedia.org\/wiki\/Donald_D._Hoffman\">https:\/\/en.wikipedia.org\/wiki\/Donald_D._Hoffman<\/a> \u00a0<\/li>\r\n\t<li>Prof. Carlo Rovelli, physicien th\u00e9oricien italien, auteur, fondateur de la th\u00e9orie de la gravit\u00e9 quantique \u00e0 boucles : <a href=\"https:\/\/en.wikipedia.org\/wiki\/Carlo_Rovelli\">https:\/\/en.wikipedia.org\/wiki\/Carlo_Rovelli<\/a><\/li>\r\n\t<li><u><a href=\"https:\/\/www.youtube.com\/watch?v=thjzHebXN-c&amp;t=285s\">4:45<\/a><\/u> La citation de Niels Bohr provient d&rsquo;Isaac Newton : \u00ab\u00a0Si j&rsquo;ai vu plus loin, c&rsquo;est en me tenant sur les \u00e9paules des g\u00e9ants\u00a0\u00bb : <a class=\"yt-simple-endpoint style-scope yt-formatted-string\" dir=\"auto\" spellcheck=\"false\" href=\"https:\/\/en.wikipedia.org\/wiki\/Standing_on_the_shoulders_of_giants\" target=\"_blank\" rel=\"nofollow noopener\">Standing_on_the_shoulders_of_giants&#8230;<\/a>\u00a0<\/li>\r\n\t<li><u><a href=\"https:\/\/www.youtube.com\/watch?v=thjzHebXN-c&amp;t=480s\">08:00<\/a><\/u> Eric Baret (en fran\u00e7ais) :<a href=\"https:\/\/www.babelio.com\/auteur\/Eric-Baret\/94760\/citations\"> Eric-Baret\u00a0<\/a><\/li>\r\n\t<li><u><a href=\"https:\/\/www.youtube.com\/watch?v=thjzHebXN-c&amp;t=963s\">16:03<\/a><\/u> Carlo Rovelli (voir ci-dessus), extrait de sa vid\u00e9o \u00ab\u00a0La nature du temps\u00a0\u00bb : <a href=\"https:\/\/youtu.be\/NrjFE_Rd2OQ\">youtu.be<\/a>\u00a0<\/li>\r\n\t<li><u><a href=\"https:\/\/youtu.be\/thjzHebXN-c?t=1724\">28:43 <\/a><\/u>Le samedi saint 16 avril 2022, Jocelyn B. Smith a cr\u00e9\u00e9 \u00ab\u00a0Three days : A Special Easter Concert in the Berlin Memorial Church\u00a0\u00bb : <a href=\"https:\/\/youtu.be\/RVBXgjPm9-U\">https:\/\/youtu.be\/RVBXgjPm9-U<\/a> &#8211; la sc\u00e8ne de danse commence \u00e0 57:53.<\/li>\r\n\t<li>Jocelyn B. Smith est une chanteuse am\u00e9ricaine de jazz et d&rsquo;op\u00e9ra (en allemand) : <a href=\"https:\/\/de.wikipedia.org\/wiki\/Jocelyn_B._Smith\">https:\/\/de.wikipedia.org\/wiki\/Jocelyn_B._Smith<\/a><\/li>\r\n<\/ul>","protected":false},"excerpt":{"rendered":"Malgr\u00e9 tous nos efforts, mon invit\u00e9 et moi n\u2019avons touch\u00e9 la \u00ab\u00a0r\u00e9alit\u00e9\u00a0\u00bb qu\u2019\u00e0 la fin, apr\u00e8s la tournure surprenante qu\u2019a pris la conversation. Ainsi, l&rsquo;art a pr\u00e9valu sur la science dans cet \u00e9pisode, prouvant que Wilhelm Busch avait raison.","protected":false},"featured_media":8246,"template":"","class_list":["post-8284","rtalks","type-rtalks","status-publish","has-post-thumbnail","hentry"],"acf":[],"yoast_head":"<!-- This site is optimized with the Yoast SEO plugin v27.3 - https:\/\/yoast.com\/product\/yoast-seo-wordpress\/ -->\n<title>RTalk with Gauthier Papp - REIKI Conciliation<\/title>\n<meta name=\"description\" content=\"Malgr\u00e9 tous nos efforts, mon invit\u00e9 et moi n\u2019avons touch\u00e9 la &quot;r\u00e9alit\u00e9&quot; qu\u2019\u00e0 la fin, apr\u00e8s la tournure surprenante qu\u2019a pris la conversation. Ainsi, l&#039;art a pr\u00e9valu sur la science dans cet \u00e9pisode, prouvant que Wilhelm Busch avait raison.\" \/>\n<meta name=\"robots\" content=\"index, follow, max-snippet:-1, max-image-preview:large, max-video-preview:-1\" \/>\n<link rel=\"canonical\" href=\"https:\/\/reiki-conciliation.org\/fr\/rtalks\/gauthier-papp\/\" \/>\n<meta property=\"og:locale\" content=\"fr_FR\" \/>\n<meta property=\"og:type\" content=\"article\" \/>\n<meta property=\"og:title\" content=\"RTalk with Gauthier Papp - REIKI Conciliation\" \/>\n<meta property=\"og:description\" content=\"Malgr\u00e9 tous nos efforts, mon invit\u00e9 et moi n\u2019avons touch\u00e9 la &quot;r\u00e9alit\u00e9&quot; qu\u2019\u00e0 la fin, apr\u00e8s la tournure surprenante qu\u2019a pris la conversation. Ainsi, l&#039;art a pr\u00e9valu sur la science dans cet \u00e9pisode, prouvant que Wilhelm Busch avait raison.\" \/>\n<meta property=\"og:url\" content=\"https:\/\/reiki-conciliation.org\/fr\/rtalks\/gauthier-papp\/\" \/>\n<meta property=\"og:site_name\" content=\"REIKI Conciliation\" \/>\n<meta property=\"article:modified_time\" content=\"2022-05-11T05:38:40+00:00\" \/>\n<meta property=\"og:image\" content=\"https:\/\/reiki-conciliation.org\/wp-content\/uploads\/rtalk-facebook-gauthier-papp.jpg\" \/>\n\t<meta property=\"og:image:width\" content=\"1200\" \/>\n\t<meta property=\"og:image:height\" content=\"628\" \/>\n\t<meta property=\"og:image:type\" content=\"image\/jpeg\" \/>\n<meta name=\"twitter:card\" content=\"summary_large_image\" \/>\n<meta name=\"twitter:label1\" content=\"Dur\u00e9e de lecture estim\u00e9e\" \/>\n\t<meta name=\"twitter:data1\" content=\"3 minutes\" \/>\n<script type=\"application\/ld+json\" class=\"yoast-schema-graph\">{\"@context\":\"https:\\\/\\\/schema.org\",\"@graph\":[{\"@type\":\"WebPage\",\"@id\":\"https:\\\/\\\/reiki-conciliation.org\\\/fr\\\/rtalks\\\/gauthier-papp\\\/\",\"url\":\"https:\\\/\\\/reiki-conciliation.org\\\/fr\\\/rtalks\\\/gauthier-papp\\\/\",\"name\":\"RTalk with Gauthier Papp - REIKI Conciliation\",\"isPartOf\":{\"@id\":\"https:\\\/\\\/reiki-conciliation.org\\\/#website\"},\"primaryImageOfPage\":{\"@id\":\"https:\\\/\\\/reiki-conciliation.org\\\/fr\\\/rtalks\\\/gauthier-papp\\\/#primaryimage\"},\"image\":{\"@id\":\"https:\\\/\\\/reiki-conciliation.org\\\/fr\\\/rtalks\\\/gauthier-papp\\\/#primaryimage\"},\"thumbnailUrl\":\"https:\\\/\\\/reiki-conciliation.org\\\/wp-content\\\/uploads\\\/Gauthier-1.jpg\",\"datePublished\":\"2022-05-10T20:29:13+00:00\",\"dateModified\":\"2022-05-11T05:38:40+00:00\",\"description\":\"Malgr\u00e9 tous nos efforts, mon invit\u00e9 et moi n\u2019avons touch\u00e9 la \\\"r\u00e9alit\u00e9\\\" qu\u2019\u00e0 la fin, apr\u00e8s la tournure surprenante qu\u2019a pris la conversation. Ainsi, l'art a pr\u00e9valu sur la science dans cet \u00e9pisode, prouvant que Wilhelm Busch avait raison.\",\"breadcrumb\":{\"@id\":\"https:\\\/\\\/reiki-conciliation.org\\\/fr\\\/rtalks\\\/gauthier-papp\\\/#breadcrumb\"},\"inLanguage\":\"fr-FR\",\"potentialAction\":[{\"@type\":\"ReadAction\",\"target\":[\"https:\\\/\\\/reiki-conciliation.org\\\/fr\\\/rtalks\\\/gauthier-papp\\\/\"]}]},{\"@type\":\"ImageObject\",\"inLanguage\":\"fr-FR\",\"@id\":\"https:\\\/\\\/reiki-conciliation.org\\\/fr\\\/rtalks\\\/gauthier-papp\\\/#primaryimage\",\"url\":\"https:\\\/\\\/reiki-conciliation.org\\\/wp-content\\\/uploads\\\/Gauthier-1.jpg\",\"contentUrl\":\"https:\\\/\\\/reiki-conciliation.org\\\/wp-content\\\/uploads\\\/Gauthier-1.jpg\",\"width\":1920,\"height\":1078},{\"@type\":\"BreadcrumbList\",\"@id\":\"https:\\\/\\\/reiki-conciliation.org\\\/fr\\\/rtalks\\\/gauthier-papp\\\/#breadcrumb\",\"itemListElement\":[{\"@type\":\"ListItem\",\"position\":1,\"name\":\"Home\",\"item\":\"https:\\\/\\\/reiki-conciliation.org\\\/\"},{\"@type\":\"ListItem\",\"position\":2,\"name\":\"Gauthier Papp\"}]},{\"@type\":\"WebSite\",\"@id\":\"https:\\\/\\\/reiki-conciliation.org\\\/#website\",\"url\":\"https:\\\/\\\/reiki-conciliation.org\\\/\",\"name\":\"REIKI Conciliation\",\"description\":\"\",\"publisher\":{\"@id\":\"https:\\\/\\\/reiki-conciliation.org\\\/#organization\"},\"potentialAction\":[{\"@type\":\"SearchAction\",\"target\":{\"@type\":\"EntryPoint\",\"urlTemplate\":\"https:\\\/\\\/reiki-conciliation.org\\\/?s={search_term_string}\"},\"query-input\":{\"@type\":\"PropertyValueSpecification\",\"valueRequired\":true,\"valueName\":\"search_term_string\"}}],\"inLanguage\":\"fr-FR\"},{\"@type\":\"Organization\",\"@id\":\"https:\\\/\\\/reiki-conciliation.org\\\/#organization\",\"name\":\"Reiki Conciliation\",\"url\":\"https:\\\/\\\/reiki-conciliation.org\\\/\",\"logo\":{\"@type\":\"ImageObject\",\"inLanguage\":\"fr-FR\",\"@id\":\"https:\\\/\\\/reiki-conciliation.org\\\/#\\\/schema\\\/logo\\\/image\\\/\",\"url\":\"https:\\\/\\\/reiki-conciliation.org\\\/wp-content\\\/uploads\\\/logo-rc.png\",\"contentUrl\":\"https:\\\/\\\/reiki-conciliation.org\\\/wp-content\\\/uploads\\\/logo-rc.png\",\"width\":200,\"height\":176,\"caption\":\"Reiki Conciliation\"},\"image\":{\"@id\":\"https:\\\/\\\/reiki-conciliation.org\\\/#\\\/schema\\\/logo\\\/image\\\/\"}}]}<\/script>\n<!-- \/ Yoast SEO plugin. -->","yoast_head_json":{"title":"RTalk with Gauthier Papp - REIKI Conciliation","description":"Malgr\u00e9 tous nos efforts, mon invit\u00e9 et moi n\u2019avons touch\u00e9 la \"r\u00e9alit\u00e9\" qu\u2019\u00e0 la fin, apr\u00e8s la tournure surprenante qu\u2019a pris la conversation. Ainsi, l'art a pr\u00e9valu sur la science dans cet \u00e9pisode, prouvant que Wilhelm Busch avait raison.","robots":{"index":"index","follow":"follow","max-snippet":"max-snippet:-1","max-image-preview":"max-image-preview:large","max-video-preview":"max-video-preview:-1"},"canonical":"https:\/\/reiki-conciliation.org\/fr\/rtalks\/gauthier-papp\/","og_locale":"fr_FR","og_type":"article","og_title":"RTalk with Gauthier Papp - REIKI Conciliation","og_description":"Malgr\u00e9 tous nos efforts, mon invit\u00e9 et moi n\u2019avons touch\u00e9 la \"r\u00e9alit\u00e9\" qu\u2019\u00e0 la fin, apr\u00e8s la tournure surprenante qu\u2019a pris la conversation. Ainsi, l'art a pr\u00e9valu sur la science dans cet \u00e9pisode, prouvant que Wilhelm Busch avait raison.","og_url":"https:\/\/reiki-conciliation.org\/fr\/rtalks\/gauthier-papp\/","og_site_name":"REIKI Conciliation","article_modified_time":"2022-05-11T05:38:40+00:00","og_image":[{"width":1200,"height":628,"url":"https:\/\/reiki-conciliation.org\/wp-content\/uploads\/rtalk-facebook-gauthier-papp.jpg","type":"image\/jpeg"}],"twitter_card":"summary_large_image","twitter_misc":{"Dur\u00e9e de lecture estim\u00e9e":"3 minutes"},"schema":{"@context":"https:\/\/schema.org","@graph":[{"@type":"WebPage","@id":"https:\/\/reiki-conciliation.org\/fr\/rtalks\/gauthier-papp\/","url":"https:\/\/reiki-conciliation.org\/fr\/rtalks\/gauthier-papp\/","name":"RTalk with Gauthier Papp - REIKI Conciliation","isPartOf":{"@id":"https:\/\/reiki-conciliation.org\/#website"},"primaryImageOfPage":{"@id":"https:\/\/reiki-conciliation.org\/fr\/rtalks\/gauthier-papp\/#primaryimage"},"image":{"@id":"https:\/\/reiki-conciliation.org\/fr\/rtalks\/gauthier-papp\/#primaryimage"},"thumbnailUrl":"https:\/\/reiki-conciliation.org\/wp-content\/uploads\/Gauthier-1.jpg","datePublished":"2022-05-10T20:29:13+00:00","dateModified":"2022-05-11T05:38:40+00:00","description":"Malgr\u00e9 tous nos efforts, mon invit\u00e9 et moi n\u2019avons touch\u00e9 la \"r\u00e9alit\u00e9\" qu\u2019\u00e0 la fin, apr\u00e8s la tournure surprenante qu\u2019a pris la conversation. Ainsi, l'art a pr\u00e9valu sur la science dans cet \u00e9pisode, prouvant que Wilhelm Busch avait raison.","breadcrumb":{"@id":"https:\/\/reiki-conciliation.org\/fr\/rtalks\/gauthier-papp\/#breadcrumb"},"inLanguage":"fr-FR","potentialAction":[{"@type":"ReadAction","target":["https:\/\/reiki-conciliation.org\/fr\/rtalks\/gauthier-papp\/"]}]},{"@type":"ImageObject","inLanguage":"fr-FR","@id":"https:\/\/reiki-conciliation.org\/fr\/rtalks\/gauthier-papp\/#primaryimage","url":"https:\/\/reiki-conciliation.org\/wp-content\/uploads\/Gauthier-1.jpg","contentUrl":"https:\/\/reiki-conciliation.org\/wp-content\/uploads\/Gauthier-1.jpg","width":1920,"height":1078},{"@type":"BreadcrumbList","@id":"https:\/\/reiki-conciliation.org\/fr\/rtalks\/gauthier-papp\/#breadcrumb","itemListElement":[{"@type":"ListItem","position":1,"name":"Home","item":"https:\/\/reiki-conciliation.org\/"},{"@type":"ListItem","position":2,"name":"Gauthier Papp"}]},{"@type":"WebSite","@id":"https:\/\/reiki-conciliation.org\/#website","url":"https:\/\/reiki-conciliation.org\/","name":"REIKI Conciliation","description":"","publisher":{"@id":"https:\/\/reiki-conciliation.org\/#organization"},"potentialAction":[{"@type":"SearchAction","target":{"@type":"EntryPoint","urlTemplate":"https:\/\/reiki-conciliation.org\/?s={search_term_string}"},"query-input":{"@type":"PropertyValueSpecification","valueRequired":true,"valueName":"search_term_string"}}],"inLanguage":"fr-FR"},{"@type":"Organization","@id":"https:\/\/reiki-conciliation.org\/#organization","name":"Reiki Conciliation","url":"https:\/\/reiki-conciliation.org\/","logo":{"@type":"ImageObject","inLanguage":"fr-FR","@id":"https:\/\/reiki-conciliation.org\/#\/schema\/logo\/image\/","url":"https:\/\/reiki-conciliation.org\/wp-content\/uploads\/logo-rc.png","contentUrl":"https:\/\/reiki-conciliation.org\/wp-content\/uploads\/logo-rc.png","width":200,"height":176,"caption":"Reiki Conciliation"},"image":{"@id":"https:\/\/reiki-conciliation.org\/#\/schema\/logo\/image\/"}}]}},"_links":{"self":[{"href":"https:\/\/reiki-conciliation.org\/fr\/wp-json\/wp\/v2\/rtalks\/8284","targetHints":{"allow":["GET"]}}],"collection":[{"href":"https:\/\/reiki-conciliation.org\/fr\/wp-json\/wp\/v2\/rtalks"}],"about":[{"href":"https:\/\/reiki-conciliation.org\/fr\/wp-json\/wp\/v2\/types\/rtalks"}],"wp:featuredmedia":[{"embeddable":true,"href":"https:\/\/reiki-conciliation.org\/fr\/wp-json\/wp\/v2\/media\/8246"}],"wp:attachment":[{"href":"https:\/\/reiki-conciliation.org\/fr\/wp-json\/wp\/v2\/media?parent=8284"}],"curies":[{"name":"wp","href":"https:\/\/api.w.org\/{rel}","templated":true}]}}