{"id":8827,"date":"2022-06-17T03:00:10","date_gmt":"2022-06-17T02:00:10","guid":{"rendered":"https:\/\/reiki-conciliation.org\/?post_type=rtalks&#038;p=8827"},"modified":"2022-06-17T05:15:45","modified_gmt":"2022-06-17T04:15:45","slug":"rene-vogtli","status":"publish","type":"rtalks","link":"https:\/\/reiki-conciliation.org\/fr\/rtalks\/rene-vogtli\/","title":{"rendered":"Ren\u00e9 V\u00f6gtli"},"content":{"rendered":"<p>Pourquoi la r\u00e9conciliation ? Pourquoi maintenant ? Comment ? \u00c0 l&rsquo;occasion des 100 ans du Reiki, l&rsquo;association portugaise souhaite obtenir des r\u00e9ponses \u00e0 ces questions. Un compte-rendu de 2022.<\/p>\r\n<p><u><a href=\"https:\/\/www.youtube.com\/watch?v=vStEl54Q_WA&amp;t=0s\">0:00<\/a><\/u>\u00a0Quelle est la grande vision d&rsquo;un monde Reiki r\u00e9concili\u00e9 ?<br \/>\r\n<u><a href=\"https:\/\/www.youtube.com\/watch?v=vStEl54Q_WA&amp;t=200s\">03:20<\/a><\/u>\u00a0Quelle est la plus forte r\u00e9sistance \u00e0 la r\u00e9conciliation ? Qu&rsquo;est-ce que \u00ab\u00a0l&rsquo;h\u00e9ro\u00efsme de la victime\u00a0\u00bb ?<br \/>\r\n<u><a href=\"https:\/\/www.youtube.com\/watch?v=vStEl54Q_WA&amp;t=465s\">07:45<\/a><\/u>\u00a0Pardonner n&rsquo;est pas oublier. Les \u00e9l\u00e9ments du processus.<br \/>\r\n<u><a href=\"https:\/\/www.youtube.com\/watch?v=vStEl54Q_WA&amp;t=652s\">10:52<\/a><\/u>\u00a0La r\u00e9conciliation dans le monde du Reiki avec un clip vid\u00e9o.<br \/>\r\n<u><a href=\"https:\/\/www.youtube.com\/watch?v=vStEl54Q_WA&amp;t=780s\">13:00<\/a><\/u> Rencontre avec Phyllis Furumoto. 100 protagonistes ont un avis.<br \/>\r\n<u><a href=\"https:\/\/www.youtube.com\/watch?v=vStEl54Q_WA&amp;t=1041s\">17:21<\/a><\/u>\u00a0Admettre la transgression, nommer les noms.<br \/>\r\n<u><a href=\"https:\/\/www.youtube.com\/watch?v=vStEl54Q_WA&amp;t=1234s\">20:34<\/a><\/u>\u00a0Une \u00e9tape importante, des excuses &#8211; encore \u00e0 accepter ? Un exemple de comportement conciliant.<br \/>\r\n<u><a href=\"https:\/\/www.youtube.com\/watch?v=vStEl54Q_WA&amp;t=1489s\">24:49<\/a><\/u>\u00a0Des normes d&rsquo;enseignement \u00e9lev\u00e9es contre des \u00ab\u00a0charlatans\u00a0\u00bb.<br \/>\r\n<u><a href=\"https:\/\/www.youtube.com\/watch?v=vStEl54Q_WA&amp;t=1737s\">28:57<\/a><\/u>\u00a0Comment les Portugais, par exemple, peuvent-ils contribuer \u00e0 la r\u00e9conciliation ? Le documentaire 2022.<br \/>\r\n<u><a href=\"https:\/\/www.youtube.com\/watch?v=vStEl54Q_WA&amp;t=1899s\">31:39<\/a><\/u>\u00a0La r\u00e9conciliation est intimement personnelle.<br \/>\r\n<u><a href=\"https:\/\/www.youtube.com\/watch?v=vStEl54Q_WA&amp;t=2011s\">33:31<\/a><\/u>\u00a0L&rsquo;unit\u00e9 dans la diversit\u00e9 des personnalit\u00e9s.<br \/>\r\n<u><a href=\"https:\/\/www.youtube.com\/watch?v=vStEl54Q_WA&amp;t=2176s\">36:16<\/a><\/u>\u00a0Trois domaines de dissonance : les traditions Reiki \u00ab\u00a0occidentales\u00a0\u00bb, \u00ab\u00a0japonaises\u00a0\u00bb et entre les deux.<br \/>\r\n<u><a href=\"https:\/\/www.youtube.com\/watch?v=vStEl54Q_WA&amp;t=2612s\">43:32<\/a><\/u>\u00a0Un exemple humoristique o\u00f9 les oppos\u00e9s se d\u00e9nouent.<br \/>\r\n<u><a href=\"https:\/\/www.youtube.com\/watch?v=vStEl54Q_WA&amp;t=2813s\">46:53<\/a><\/u>\u00a0L&rsquo;exp\u00e9rience la plus touchante et la plus personnelle. Et un salut \u00e0 ma m\u00e8re.<br \/>\r\n<u><a href=\"https:\/\/www.youtube.com\/watch?v=vStEl54Q_WA&amp;t=3045s\">50:45<\/a><\/u>\u00a0La contradiction entre la sagesse et les bagarres mesquines.<br \/>\r\n<u><a href=\"https:\/\/www.youtube.com\/watch?v=vStEl54Q_WA&amp;t=3253s\">54:13<\/a><\/u>\u00a0La croissance de la conscience permet d&rsquo;avoir des pens\u00e9es contradictoires en m\u00eame temps dans son esprit.<br \/>\r\n<u><a href=\"https:\/\/www.youtube.com\/watch?v=vStEl54Q_WA&amp;t=3443s\">57:23<\/a><\/u>\u00a0L&rsquo;\u00e9tat actuel, aux multiples facettes, avec une guerre en cours et un chaos g\u00e9n\u00e9ralis\u00e9.<br \/>\r\n<u><a href=\"https:\/\/www.youtube.com\/watch?v=vStEl54Q_WA&amp;t=3577s\">59:37<\/a><\/u>\u00a0Conclusion : La gu\u00e9rison holistique et la r\u00e9conciliation aident \u00e0 d\u00e9manteler l&rsquo;ancien dans un esprit de collaboration afin de trouver des solutions pour l&rsquo;avenir. Puisse le ph\u00e9nix rena\u00eetre de ses cendres.<br \/>\r\n<u><a href=\"https:\/\/www.youtube.com\/watch?v=vStEl54Q_WA&amp;t=3662s\">1:01:02<\/a><\/u>\u00a0Clip vid\u00e9o inspirant.<\/p>\r\n<h2>Daniel Straub<\/h2>\r\n<p>est un activiste, mod\u00e9rateur et p\u00e8re de famille suisse. Il a initi\u00e9 et pilot\u00e9 le r\u00e9f\u00e9rendum qui a conduit au vote sur le revenu de base inconditionnel en Suisse. Il a \u00e9crit des livres et des articles sur le sujet. Daniel est convaincu que le d\u00e9veloppement de la conscience est la cl\u00e9 de la r\u00e9solution de nos probl\u00e8mes individuels et collectifs. Dans le cadre de ses activit\u00e9s avec nows.ch, il exp\u00e9rimente le silence et accompagne diff\u00e9rents projets. Daniel a travaill\u00e9 pour IBM, a \u00e9t\u00e9 en Afghanistan avec le CICR et a dirig\u00e9 une \u00e9cole Montessori. Il est titulaire d&rsquo;un master en psychologie et en \u00e9tudes politiques.<\/p>\r\n<p>Site web : <a href=\"https:\/\/www.nows.ch\">https:\/\/www.nows.ch<\/a><\/p>\r\n<h2>Ren\u00e9 V\u00f6gtli<\/h2>\r\n<p>est praticien de Reiki et Ma\u00eetre enseignant en collaboration avec son \u00e9pouse Mischa V\u00f6gtli Egloff depuis 1992. Au cours de sa vie professionnelle Reiki, il a initi\u00e9 et co-fond\u00e9 un certain nombre d&rsquo;initiatives et d&rsquo;organisations. Depuis 2010, il poursuit son projet Reiki Conciliation. Ren\u00e9 est p\u00e8re de deux fils et a mis fin \u00e0 sa carri\u00e8re dans le commerce des mati\u00e8res premi\u00e8res lorsqu&rsquo;il a rencontr\u00e9 le Reiki en 1989. Il a beaucoup voyag\u00e9 et travaill\u00e9 et a v\u00e9cu sur trois continents.<\/p>\r\n<p>Sites web (en anglais) : <a href=\"https:\/\/reiki-international.net\">https:\/\/reiki-international.net<\/a> | <a href=\"https:\/\/reiki-conciliation.org\">https:\/\/reiki-conciliation.org<\/a> \u00a0<\/p>\r\n<h2>R\u00e9f\u00e9rences (en anglais)<\/h2>\r\n<p>&nbsp;<\/p>\r\n<ul>\r\n\t<li><u><a href=\"https:\/\/www.youtube.com\/watch?v=vStEl54Q_WA&amp;t=1042s\">17:22<\/a><\/u>\u00a0Le mat\u00e9riel historique est r\u00e9pertori\u00e9 et disponible sur <a href=\"https:\/\/reiki-conciliation.org\/66-ste\">https:\/\/reiki-conciliation.org\/66-ste<\/a>&#8230;<\/li>\r\n\t<li><u><a href=\"https:\/\/youtu.be\/vStEl54Q_WA?t=1762\">29:19<\/a><\/u> L&rsquo;Association portugaise de Reiki met \u00e0 disposition une s\u00e9rie de vid\u00e9os : <u><a href=\"https:\/\/reiki-conciliation.org\/projects\/100-years-reiki-a-series-of-documentaties\/\">https:\/\/reiki-conciliation.org\/projects\/100-years-reiki-a-series-of-documentaties\/\u00a0<\/a><\/u><\/li>\r\n\t<li><u><a href=\"https:\/\/www.youtube.com\/watch?v=vStEl54Q_WA&amp;t=1938s\">32:18<\/a><\/u>\u00a0\u201cReiki: The Transmigration of a Japanese Spiritual Healing Practice\u201d Dr. Jojan Jonker:\u00a0<u><a href=\"https:\/\/www.amazon.de\/Reiki-Transmigration-Japanese-Spiritual-Practice\/dp\/3643907281\">https:\/\/www.amazon.de\/Reiki-Transmigration-Japanese-Spiritual-Practice\/dp\/3643907281<\/a><\/u><\/li>\r\n\t<li><u><a href=\"https:\/\/www.youtube.com\/watch?v=vStEl54Q_WA&amp;t=1948s\">32:28<\/a><\/u>\u00a0\u201cWomen in Reiki: Lifetimes dedicated to healing in 1930s Japan and today\u201d Silke Kleemann et Amanda Jane:\u00a0<u><a href=\"https:\/\/www.womeninreiki.com\/\">https:\/\/www.womeninreiki.com\/\u00a0<\/a><\/u>\u00a0<\/li>\r\n\t<li><u><a href=\"https:\/\/www.youtube.com\/watch?v=vStEl54Q_WA&amp;t=1948s\">32:28<\/a><\/u>\u00a0\u00a0Frank Arjava Petter: Reiki Fire:\u00a0<u><a href=\"https:\/\/www.frankarjavapetter.com\/\">https:\/\/www.frankarjavapetter.com\/<\/a><\/u>\u00a0<\/li>\r\n\t<li>Video clips \u00e0\u00a0<u><a href=\"https:\/\/youtu.be\/vStEl54Q_WA\">11:03<\/a><\/u>\u00a0et\u00a0<u><a href=\"https:\/\/youtu.be\/vStEl54Q_WA?t=3661\">1:01:01<\/a><\/u>\u00a0proviennent de \u2018<em>Reconciliation \u2013 Along the Path of Mastery<\/em>\u2018 \u2013 un documentaire entretien avec Phyllis Lei Furumoto, 2017. Pour la vid\u00e9o compl\u00e8te voir\u00a0<u><a href=\"https:\/\/reiki-conciliation.org\/projects\/reconciliation-along-the-path-of-mastery\/\">https:\/\/reiki-conciliation.org\/projects\/reconciliation-along-the-path-of-mastery\/<\/a><\/u><\/li>\r\n<\/ul>","protected":false},"excerpt":{"rendered":"Pourquoi la r\u00e9conciliation ? Pourquoi maintenant ? Comment ? \u00c0 l&rsquo;occasion des 100 ans du Reiki, l&rsquo;association portugaise souhaite obtenir des r\u00e9ponses \u00e0 ces questions. Un compte-rendu de 2022. ","protected":false},"featured_media":8836,"template":"","class_list":["post-8827","rtalks","type-rtalks","status-publish","has-post-thumbnail","hentry"],"acf":[],"yoast_head":"<!-- This site is optimized with the Yoast SEO plugin v27.3 - https:\/\/yoast.com\/product\/yoast-seo-wordpress\/ -->\n<title>RTalk with Ren\u00e9 V\u00f6gtli - REIKI Conciliation<\/title>\n<meta name=\"description\" content=\"Pourquoi la r\u00e9conciliation ? Pourquoi maintenant ? Comment ? \u00c0 l&#039;occasion des 100 ans du Reiki, l&#039;association portugaise souhaite obtenir des r\u00e9ponses \u00e0 ces questions. Un compte-rendu de 2022.\" \/>\n<meta name=\"robots\" content=\"index, follow, max-snippet:-1, max-image-preview:large, max-video-preview:-1\" \/>\n<link rel=\"canonical\" href=\"https:\/\/reiki-conciliation.org\/fr\/rtalks\/rene-vogtli\/\" \/>\n<meta property=\"og:locale\" content=\"fr_FR\" \/>\n<meta property=\"og:type\" content=\"article\" \/>\n<meta property=\"og:title\" content=\"RTalk with Ren\u00e9 V\u00f6gtli - REIKI Conciliation\" \/>\n<meta property=\"og:description\" content=\"Pourquoi la r\u00e9conciliation ? Pourquoi maintenant ? Comment ? \u00c0 l&#039;occasion des 100 ans du Reiki, l&#039;association portugaise souhaite obtenir des r\u00e9ponses \u00e0 ces questions. Un compte-rendu de 2022.\" \/>\n<meta property=\"og:url\" content=\"https:\/\/reiki-conciliation.org\/fr\/rtalks\/rene-vogtli\/\" \/>\n<meta property=\"og:site_name\" content=\"REIKI Conciliation\" \/>\n<meta property=\"article:modified_time\" content=\"2022-06-17T04:15:45+00:00\" \/>\n<meta property=\"og:image\" content=\"https:\/\/reiki-conciliation.org\/wp-content\/uploads\/RTalk-Special-Edition.jpg\" \/>\n\t<meta property=\"og:image:width\" content=\"1280\" \/>\n\t<meta property=\"og:image:height\" content=\"720\" \/>\n\t<meta property=\"og:image:type\" content=\"image\/jpeg\" \/>\n<meta name=\"twitter:card\" content=\"summary_large_image\" \/>\n<meta name=\"twitter:label1\" content=\"Dur\u00e9e de lecture estim\u00e9e\" \/>\n\t<meta name=\"twitter:data1\" content=\"3 minutes\" \/>\n<script type=\"application\/ld+json\" class=\"yoast-schema-graph\">{\"@context\":\"https:\\\/\\\/schema.org\",\"@graph\":[{\"@type\":\"WebPage\",\"@id\":\"https:\\\/\\\/reiki-conciliation.org\\\/fr\\\/rtalks\\\/rene-vogtli\\\/\",\"url\":\"https:\\\/\\\/reiki-conciliation.org\\\/fr\\\/rtalks\\\/rene-vogtli\\\/\",\"name\":\"RTalk with Ren\u00e9 V\u00f6gtli - REIKI Conciliation\",\"isPartOf\":{\"@id\":\"https:\\\/\\\/reiki-conciliation.org\\\/#website\"},\"primaryImageOfPage\":{\"@id\":\"https:\\\/\\\/reiki-conciliation.org\\\/fr\\\/rtalks\\\/rene-vogtli\\\/#primaryimage\"},\"image\":{\"@id\":\"https:\\\/\\\/reiki-conciliation.org\\\/fr\\\/rtalks\\\/rene-vogtli\\\/#primaryimage\"},\"thumbnailUrl\":\"https:\\\/\\\/reiki-conciliation.org\\\/wp-content\\\/uploads\\\/RTalk-Special-Edition.jpg\",\"datePublished\":\"2022-06-17T02:00:10+00:00\",\"dateModified\":\"2022-06-17T04:15:45+00:00\",\"description\":\"Pourquoi la r\u00e9conciliation ? Pourquoi maintenant ? Comment ? \u00c0 l'occasion des 100 ans du Reiki, l'association portugaise souhaite obtenir des r\u00e9ponses \u00e0 ces questions. Un compte-rendu de 2022.\",\"breadcrumb\":{\"@id\":\"https:\\\/\\\/reiki-conciliation.org\\\/fr\\\/rtalks\\\/rene-vogtli\\\/#breadcrumb\"},\"inLanguage\":\"fr-FR\",\"potentialAction\":[{\"@type\":\"ReadAction\",\"target\":[\"https:\\\/\\\/reiki-conciliation.org\\\/fr\\\/rtalks\\\/rene-vogtli\\\/\"]}]},{\"@type\":\"ImageObject\",\"inLanguage\":\"fr-FR\",\"@id\":\"https:\\\/\\\/reiki-conciliation.org\\\/fr\\\/rtalks\\\/rene-vogtli\\\/#primaryimage\",\"url\":\"https:\\\/\\\/reiki-conciliation.org\\\/wp-content\\\/uploads\\\/RTalk-Special-Edition.jpg\",\"contentUrl\":\"https:\\\/\\\/reiki-conciliation.org\\\/wp-content\\\/uploads\\\/RTalk-Special-Edition.jpg\",\"width\":1280,\"height\":720},{\"@type\":\"BreadcrumbList\",\"@id\":\"https:\\\/\\\/reiki-conciliation.org\\\/fr\\\/rtalks\\\/rene-vogtli\\\/#breadcrumb\",\"itemListElement\":[{\"@type\":\"ListItem\",\"position\":1,\"name\":\"Home\",\"item\":\"https:\\\/\\\/reiki-conciliation.org\\\/\"},{\"@type\":\"ListItem\",\"position\":2,\"name\":\"Ren\u00e9 V\u00f6gtli\"}]},{\"@type\":\"WebSite\",\"@id\":\"https:\\\/\\\/reiki-conciliation.org\\\/#website\",\"url\":\"https:\\\/\\\/reiki-conciliation.org\\\/\",\"name\":\"REIKI Conciliation\",\"description\":\"\",\"publisher\":{\"@id\":\"https:\\\/\\\/reiki-conciliation.org\\\/#organization\"},\"potentialAction\":[{\"@type\":\"SearchAction\",\"target\":{\"@type\":\"EntryPoint\",\"urlTemplate\":\"https:\\\/\\\/reiki-conciliation.org\\\/?s={search_term_string}\"},\"query-input\":{\"@type\":\"PropertyValueSpecification\",\"valueRequired\":true,\"valueName\":\"search_term_string\"}}],\"inLanguage\":\"fr-FR\"},{\"@type\":\"Organization\",\"@id\":\"https:\\\/\\\/reiki-conciliation.org\\\/#organization\",\"name\":\"Reiki Conciliation\",\"url\":\"https:\\\/\\\/reiki-conciliation.org\\\/\",\"logo\":{\"@type\":\"ImageObject\",\"inLanguage\":\"fr-FR\",\"@id\":\"https:\\\/\\\/reiki-conciliation.org\\\/#\\\/schema\\\/logo\\\/image\\\/\",\"url\":\"https:\\\/\\\/reiki-conciliation.org\\\/wp-content\\\/uploads\\\/logo-rc.png\",\"contentUrl\":\"https:\\\/\\\/reiki-conciliation.org\\\/wp-content\\\/uploads\\\/logo-rc.png\",\"width\":200,\"height\":176,\"caption\":\"Reiki Conciliation\"},\"image\":{\"@id\":\"https:\\\/\\\/reiki-conciliation.org\\\/#\\\/schema\\\/logo\\\/image\\\/\"}}]}<\/script>\n<!-- \/ Yoast SEO plugin. -->","yoast_head_json":{"title":"RTalk with Ren\u00e9 V\u00f6gtli - REIKI Conciliation","description":"Pourquoi la r\u00e9conciliation ? Pourquoi maintenant ? Comment ? \u00c0 l'occasion des 100 ans du Reiki, l'association portugaise souhaite obtenir des r\u00e9ponses \u00e0 ces questions. Un compte-rendu de 2022.","robots":{"index":"index","follow":"follow","max-snippet":"max-snippet:-1","max-image-preview":"max-image-preview:large","max-video-preview":"max-video-preview:-1"},"canonical":"https:\/\/reiki-conciliation.org\/fr\/rtalks\/rene-vogtli\/","og_locale":"fr_FR","og_type":"article","og_title":"RTalk with Ren\u00e9 V\u00f6gtli - REIKI Conciliation","og_description":"Pourquoi la r\u00e9conciliation ? Pourquoi maintenant ? Comment ? \u00c0 l'occasion des 100 ans du Reiki, l'association portugaise souhaite obtenir des r\u00e9ponses \u00e0 ces questions. Un compte-rendu de 2022.","og_url":"https:\/\/reiki-conciliation.org\/fr\/rtalks\/rene-vogtli\/","og_site_name":"REIKI Conciliation","article_modified_time":"2022-06-17T04:15:45+00:00","og_image":[{"width":1280,"height":720,"url":"https:\/\/reiki-conciliation.org\/wp-content\/uploads\/RTalk-Special-Edition.jpg","type":"image\/jpeg"}],"twitter_card":"summary_large_image","twitter_misc":{"Dur\u00e9e de lecture estim\u00e9e":"3 minutes"},"schema":{"@context":"https:\/\/schema.org","@graph":[{"@type":"WebPage","@id":"https:\/\/reiki-conciliation.org\/fr\/rtalks\/rene-vogtli\/","url":"https:\/\/reiki-conciliation.org\/fr\/rtalks\/rene-vogtli\/","name":"RTalk with Ren\u00e9 V\u00f6gtli - REIKI Conciliation","isPartOf":{"@id":"https:\/\/reiki-conciliation.org\/#website"},"primaryImageOfPage":{"@id":"https:\/\/reiki-conciliation.org\/fr\/rtalks\/rene-vogtli\/#primaryimage"},"image":{"@id":"https:\/\/reiki-conciliation.org\/fr\/rtalks\/rene-vogtli\/#primaryimage"},"thumbnailUrl":"https:\/\/reiki-conciliation.org\/wp-content\/uploads\/RTalk-Special-Edition.jpg","datePublished":"2022-06-17T02:00:10+00:00","dateModified":"2022-06-17T04:15:45+00:00","description":"Pourquoi la r\u00e9conciliation ? Pourquoi maintenant ? Comment ? \u00c0 l'occasion des 100 ans du Reiki, l'association portugaise souhaite obtenir des r\u00e9ponses \u00e0 ces questions. Un compte-rendu de 2022.","breadcrumb":{"@id":"https:\/\/reiki-conciliation.org\/fr\/rtalks\/rene-vogtli\/#breadcrumb"},"inLanguage":"fr-FR","potentialAction":[{"@type":"ReadAction","target":["https:\/\/reiki-conciliation.org\/fr\/rtalks\/rene-vogtli\/"]}]},{"@type":"ImageObject","inLanguage":"fr-FR","@id":"https:\/\/reiki-conciliation.org\/fr\/rtalks\/rene-vogtli\/#primaryimage","url":"https:\/\/reiki-conciliation.org\/wp-content\/uploads\/RTalk-Special-Edition.jpg","contentUrl":"https:\/\/reiki-conciliation.org\/wp-content\/uploads\/RTalk-Special-Edition.jpg","width":1280,"height":720},{"@type":"BreadcrumbList","@id":"https:\/\/reiki-conciliation.org\/fr\/rtalks\/rene-vogtli\/#breadcrumb","itemListElement":[{"@type":"ListItem","position":1,"name":"Home","item":"https:\/\/reiki-conciliation.org\/"},{"@type":"ListItem","position":2,"name":"Ren\u00e9 V\u00f6gtli"}]},{"@type":"WebSite","@id":"https:\/\/reiki-conciliation.org\/#website","url":"https:\/\/reiki-conciliation.org\/","name":"REIKI Conciliation","description":"","publisher":{"@id":"https:\/\/reiki-conciliation.org\/#organization"},"potentialAction":[{"@type":"SearchAction","target":{"@type":"EntryPoint","urlTemplate":"https:\/\/reiki-conciliation.org\/?s={search_term_string}"},"query-input":{"@type":"PropertyValueSpecification","valueRequired":true,"valueName":"search_term_string"}}],"inLanguage":"fr-FR"},{"@type":"Organization","@id":"https:\/\/reiki-conciliation.org\/#organization","name":"Reiki Conciliation","url":"https:\/\/reiki-conciliation.org\/","logo":{"@type":"ImageObject","inLanguage":"fr-FR","@id":"https:\/\/reiki-conciliation.org\/#\/schema\/logo\/image\/","url":"https:\/\/reiki-conciliation.org\/wp-content\/uploads\/logo-rc.png","contentUrl":"https:\/\/reiki-conciliation.org\/wp-content\/uploads\/logo-rc.png","width":200,"height":176,"caption":"Reiki Conciliation"},"image":{"@id":"https:\/\/reiki-conciliation.org\/#\/schema\/logo\/image\/"}}]}},"_links":{"self":[{"href":"https:\/\/reiki-conciliation.org\/fr\/wp-json\/wp\/v2\/rtalks\/8827","targetHints":{"allow":["GET"]}}],"collection":[{"href":"https:\/\/reiki-conciliation.org\/fr\/wp-json\/wp\/v2\/rtalks"}],"about":[{"href":"https:\/\/reiki-conciliation.org\/fr\/wp-json\/wp\/v2\/types\/rtalks"}],"wp:featuredmedia":[{"embeddable":true,"href":"https:\/\/reiki-conciliation.org\/fr\/wp-json\/wp\/v2\/media\/8836"}],"wp:attachment":[{"href":"https:\/\/reiki-conciliation.org\/fr\/wp-json\/wp\/v2\/media?parent=8827"}],"curies":[{"name":"wp","href":"https:\/\/api.w.org\/{rel}","templated":true}]}}