{"id":10841,"date":"2023-03-03T07:45:10","date_gmt":"2023-03-03T05:45:10","guid":{"rendered":"https:\/\/reiki-conciliation.org\/?post_type=rtalks&#038;p=10841"},"modified":"2023-03-03T22:34:13","modified_gmt":"2023-03-03T20:34:13","slug":"peter-forster-e-tanya-batt","status":"publish","type":"rtalks","link":"https:\/\/reiki-conciliation.org\/pt-pt\/rtalks\/peter-forster-e-tanya-batt\/","title":{"rendered":"Peter Forster e Tanya Batt"},"content":{"rendered":"<p><strong>Peter Forster e Tanya Batt s\u00e3o colaboradores premiados que exploram a narra\u00e7\u00e3o de hist\u00f3rias e a m\u00fasica. Discutimos a import\u00e2ncia da tradi\u00e7\u00e3o oral, como o seu trabalho liga as pessoas a n\u00edveis profundos, e o poder transformador da m\u00fasica para aqueles que falecem. <\/strong><\/p>\r\n<p><span class=\"yt-core-attributed-string--link-inherit-color\"> <a class=\"yt-core-attributed-string__link yt-core-attributed-string__link--display-type yt-core-attributed-string__link--call-to-action-color\" tabindex=\"0\" href=\"https:\/\/www.youtube.com\/watch?v=lT5Wz8kkEUY&amp;t=0s\" target=\"\" rel=\"nofollow noopener\">0:00<\/a> <\/span> Peter Forster \u00e9 um m\u00fasico que tem escrito Reiki Music desde os anos 90. Tanya Batt \u00e9 uma contadora de hist\u00f3rias de renome internacional. O casal vive na Nova Zel\u00e2ndia.<\/p>\r\n<p><span class=\"yt-core-attributed-string--link-inherit-color\"> <a class=\"yt-core-attributed-string__link yt-core-attributed-string__link--display-type yt-core-attributed-string__link--call-to-action-color\" tabindex=\"0\" href=\"https:\/\/www.youtube.com\/watch?v=lT5Wz8kkEUY&amp;t=311s\" target=\"\" rel=\"nofollow noopener\">5:11<\/a> <\/span> O seu projecto premiado &#8220;Toby or Not to Be&#8221; aborda o tema da morte e do nascimento.<\/p>\r\n<p><span class=\"yt-core-attributed-string--link-inherit-color\"> <a class=\"yt-core-attributed-string__link yt-core-attributed-string__link--display-type yt-core-attributed-string__link--call-to-action-color\" tabindex=\"0\" href=\"https:\/\/www.youtube.com\/watch?v=lT5Wz8kkEUY&amp;t=542s\" target=\"\" rel=\"nofollow noopener\">09:02<\/a> <\/span> Interl\u00fadio de v\u00eddeo com Peter e Tanya apresentando uma hist\u00f3ria da Finl\u00e2ndia.<\/p>\r\n<p><span class=\"yt-core-attributed-string--link-inherit-color\"> <a class=\"yt-core-attributed-string__link yt-core-attributed-string__link--display-type yt-core-attributed-string__link--call-to-action-color\" tabindex=\"0\" href=\"https:\/\/www.youtube.com\/watch?v=lT5Wz8kkEUY&amp;t=787s\" target=\"\" rel=\"nofollow noopener\">13:07<\/a> <\/span> H\u00e1 uma enorme comunidade de contadores de hist\u00f3rias e festivais em lugares de todo o mundo. Discutimos o poder da narra\u00e7\u00e3o de hist\u00f3rias e a sua universalidade. &#8220;Todos os humanos que j\u00e1 viveram contaram hist\u00f3rias&#8221;.<\/p>\r\n<p><span class=\"yt-core-attributed-string--link-inherit-color\"> <a class=\"yt-core-attributed-string__link yt-core-attributed-string__link--display-type yt-core-attributed-string__link--call-to-action-color\" tabindex=\"0\" href=\"https:\/\/www.youtube.com\/watch?v=lT5Wz8kkEUY&amp;t=946s\" target=\"\" rel=\"nofollow noopener\">15:46<\/a> <\/span> A import\u00e2ncia existencial do som e da m\u00fasica e a sua capacidade de liga\u00e7\u00e3o com as pessoas a um n\u00edvel mais profundo. Um caso de orquestra, maestro e p\u00fablico em sincronia.<\/p>\r\n<p><span class=\"yt-core-attributed-string--link-inherit-color\"> <a class=\"yt-core-attributed-string__link yt-core-attributed-string__link--display-type yt-core-attributed-string__link--call-to-action-color\" tabindex=\"0\" href=\"https:\/\/www.youtube.com\/watch?v=lT5Wz8kkEUY&amp;t=1188s\" target=\"\" rel=\"nofollow noopener\">19:48<\/a> <\/span> O contador de hist\u00f3rias, o ouvinte e a pr\u00f3pria hist\u00f3ria criam uma rela\u00e7\u00e3o din\u00e2mica. O poder transformador \u00e9 ainda refor\u00e7ado pela m\u00fasica. &#8220;\u00c9 apenas magia quando tudo flui e se une&#8221;.<\/p>\r\n<p><span class=\"yt-core-attributed-string--link-inherit-color\"> <a class=\"yt-core-attributed-string__link yt-core-attributed-string__link--display-type yt-core-attributed-string__link--call-to-action-color\" tabindex=\"0\" href=\"https:\/\/www.youtube.com\/watch?v=lT5Wz8kkEUY&amp;t=1477s\" target=\"\" rel=\"nofollow noopener\">24:37<\/a> <\/span> Peter domina v\u00e1rios instrumentos mas tamb\u00e9m os constr\u00f3i sozinho. Uma amostra da sua m\u00fasica e o caso de um violoncelo constru\u00eddo a partir de uma \u00e1rvore cortada h\u00e1 120 anos.<\/p>\r\n<p><span class=\"yt-core-attributed-string--link-inherit-color\"> <a class=\"yt-core-attributed-string__link yt-core-attributed-string__link--display-type yt-core-attributed-string__link--call-to-action-color\" tabindex=\"0\" href=\"https:\/\/www.youtube.com\/watch?v=lT5Wz8kkEUY&amp;t=1755s\" target=\"\" rel=\"nofollow noopener\">29:15<\/a> <\/span> Qual \u00e9 o valor da tradi\u00e7\u00e3o oral em rela\u00e7\u00e3o \u00e0s hist\u00f3rias escritas? E porqu\u00ea falar com as crian\u00e7as sobre a morte? O efeito de afirma\u00e7\u00e3o da vida das reflex\u00f5es sobre temas sens\u00edveis.<\/p>\r\n<p><span class=\"yt-core-attributed-string--link-inherit-color\"> <a class=\"yt-core-attributed-string__link yt-core-attributed-string__link--display-type yt-core-attributed-string__link--call-to-action-color\" tabindex=\"0\" href=\"https:\/\/www.youtube.com\/watch?v=lT5Wz8kkEUY&amp;t=2017s\" target=\"\" rel=\"nofollow noopener\">33:37<\/a> <\/span> A import\u00e2ncia e o valor da m\u00fasica no processo de falecimento. O caso de um m\u00e9dico em Viena, a experi\u00eancia de Peter e &#8220;M\u00fasica-Thanatologia&#8221;. &#8220;Cavalgamos sobre as ondas de vibra\u00e7\u00e3o da m\u00fasica&#8221;.<\/p>\r\n<p><span class=\"yt-core-attributed-string--link-inherit-color\"> <a class=\"yt-core-attributed-string__link yt-core-attributed-string__link--display-type yt-core-attributed-string__link--call-to-action-color\" tabindex=\"0\" href=\"https:\/\/www.youtube.com\/watch?v=lT5Wz8kkEUY&amp;t=2348s\" target=\"\" rel=\"nofollow noopener\">39:08<\/a> <\/span> Peter e Tanya e a sua colabora\u00e7\u00e3o com um engenheiro de som para quem este seria o seu \u00faltimo projecto. &#8220;Na celebra\u00e7\u00e3o da sua vida ap\u00f3s a sua morte, pudemos partilhar algum do nosso trabalho no seu funeral&#8221;.<\/p>\r\n<p><span class=\"yt-core-attributed-string--link-inherit-color\"> <a class=\"yt-core-attributed-string__link yt-core-attributed-string__link--display-type yt-core-attributed-string__link--call-to-action-color\" tabindex=\"0\" href=\"https:\/\/www.youtube.com\/watch?v=lT5Wz8kkEUY&amp;t=2469s\" target=\"\" rel=\"nofollow noopener\">41:09<\/a> <\/span> Peter e Tanya expressam a sua gratid\u00e3o pelo dom da sua rela\u00e7\u00e3o criativa. S\u00e3o um exemplo inspirador de uma vida auto-determinada em busca das suas paix\u00f5es.<\/p>\r\n<h2>Peter Forster<\/h2>\r\n<p>M\u00fasico, compositor, construtor de instrumentos e guia espiritual. Lan\u00e7ou dois CDs para tratamentos Reiki. Amostras de som e downloads na loja de Reiki-International: <a href=\"https:\/\/reiki-international.net\/produkt\/peter-forster-sadhana-2\/\">Sadhana<\/a> e <a href=\"https:\/\/reiki-international.net\/produkt\/peter-forster-homecoming-2\/\">Homecoming<\/a>.<\/p>\r\n<h2>Tanya Batt<\/h2>\r\n<p>Contador de hist\u00f3rias, educador, jardineiro, colaborador e autor. S\u00edtio Web de Tanya Imagined Worlds: <a href=\"https:\/\/imagined-worlds.net\/\"> <span class=\"yt-core-attributed-string--link-inherit-color\">imagined-worlds.net<\/span> <\/a> e o seu trabalho de desenvolvimento na narrativa e educa\u00e7\u00e3o art\u00edstica para professores: <a href=\"https:\/\/imagined-worlds.net\/batt-on-the-mat\">imagined-worlds.net\/batt-on-the-mat<\/a><\/p>\r\n<h2>Tanya e Peter<\/h2>\r\n<p>O seu podcast: <a href=\"https:\/\/www.buzzsprout.com\/1933329\"><span class=\"yt-core-attributed-string--link-inherit-color\">buzzsprout.com\/1933329<\/span> <\/a>e o seu projecto de morte e morte: <a href=\"https:\/\/imagined-worlds.net\/toby-or-not-to-be\">imagined-worlds.net\/toby-or-not-to-be<\/a><\/p>\r\n<h2>Refer\u00eancias<\/h2>\r\n<p><span class=\"yt-core-attributed-string--link-inherit-color\"> <a class=\"yt-core-attributed-string__link yt-core-attributed-string__link--display-type yt-core-attributed-string__link--call-to-action-color\" tabindex=\"0\" href=\"https:\/\/www.youtube.com\/watch?v=lT5Wz8kkEUY&amp;t=362s\" target=\"\" rel=\"nofollow noopener\">06:02<\/a> <\/span> e <span class=\"yt-core-attributed-string--link-inherit-color\"> <a class=\"yt-core-attributed-string__link yt-core-attributed-string__link--display-type yt-core-attributed-string__link--call-to-action-color\" tabindex=\"0\" href=\"https:\/\/www.youtube.com\/watch?v=lT5Wz8kkEUY&amp;t=1781s\" target=\"\" rel=\"nofollow noopener\">29:41<\/a> <\/span> Pr\u00e9mio para <a href=\"https:\/\/imagined-worlds.net\/toby-or-not-to-be\">toby-or-not-to-be<\/a><\/p>\r\n<p><span class=\"yt-core-attributed-string--link-inherit-color\"> <a class=\"yt-core-attributed-string__link yt-core-attributed-string__link--display-type yt-core-attributed-string__link--call-to-action-color\" tabindex=\"0\" href=\"https:\/\/www.youtube.com\/watch?v=lT5Wz8kkEUY&amp;t=542s\" target=\"\" rel=\"nofollow noopener\">09:02<\/a> <\/span> &#8216;Esquilo, Luva e Agulha &#8211; Uma hist\u00f3ria tradicional que tem sido trabalhada a partir da Finl\u00e2ndia&#8217; <a href=\"https:\/\/youtu.be\/C9z-TtQ4VSQ\">youtu.be\/C9z-TtQ4VSQ<\/a><\/p>\r\n<p><span class=\"yt-core-attributed-string--link-inherit-color\"> <a class=\"yt-core-attributed-string__link yt-core-attributed-string__link--display-type yt-core-attributed-string__link--call-to-action-color\" tabindex=\"0\" href=\"https:\/\/www.youtube.com\/watch?v=lT5Wz8kkEUY&amp;t=546s\" target=\"\" rel=\"nofollow noopener\">09:06<\/a> <\/span> &#8216;O festival no limite&#8217; \u00e9 um evento anual de contos: <a href=\"https:\/\/www.festivalattheedge.org\/\">festivalattheedge.org<\/a><\/p>\r\n<p><span class=\"yt-core-attributed-string--link-inherit-color\"> <a class=\"yt-core-attributed-string__link yt-core-attributed-string__link--display-type yt-core-attributed-string__link--call-to-action-color\" tabindex=\"0\" href=\"https:\/\/www.youtube.com\/watch?v=lT5Wz8kkEUY&amp;t=2178s\" target=\"\" rel=\"nofollow noopener\">36:18<\/a> <\/span> &#8220;M\u00fasica-Thanatologia: <a href=\"https:\/\/www.mtai.org\/\"> <span class=\"yt-core-attributed-string--link-inherit-color\">mtai.org<\/span> <\/a><\/p>\r\n<p><span class=\"yt-core-attributed-string--link-inherit-color\"> <a class=\"yt-core-attributed-string__link yt-core-attributed-string__link--display-type yt-core-attributed-string__link--call-to-action-color\" tabindex=\"0\" href=\"https:\/\/www.youtube.com\/watch?v=lT5Wz8kkEUY&amp;t=2339s\" target=\"\" rel=\"nofollow noopener\">38:59<\/a> <\/span> Om: <a href=\"https:\/\/de.wikipedia.org\/wiki\/Om\"> <span class=\"yt-core-attributed-string--link-inherit-color\">de.wikipedia.org\/wiki\/Om<\/span> <\/a><\/p>\r\n<p>Aotearoa \u00e9 o actual nome de l\u00edngua M\u0101ori para a Nova Zel\u00e2ndia: <span class=\"yt-core-attributed-string--link-inherit-color\"> <a href=\"https:\/\/en.wikipedia.org\/wiki\/Aotearoa\">pt.wikipedia.org\/wiki\/Aotearoa<\/a> <\/span><\/p>","protected":false},"excerpt":{"rendered":"Peter Foster e Tanya Batt s\u00e3o colaboradores premiados que exploram a narra\u00e7\u00e3o de hist\u00f3rias e a m\u00fasica. Discutimos a import\u00e2ncia da tradi\u00e7\u00e3o oral, como o seu trabalho liga as pessoas a n\u00edveis profundos, e o poder transformador da m\u00fasica para aqueles que falecem.","protected":false},"featured_media":10854,"template":"","class_list":["post-10841","rtalks","type-rtalks","status-publish","has-post-thumbnail","hentry"],"acf":[],"yoast_head":"<!-- This site is optimized with the Yoast SEO plugin v27.3 - https:\/\/yoast.com\/product\/yoast-seo-wordpress\/ -->\n<title>RTalk com Peter Forster e Tanya Batt - REIKI Conciliation<\/title>\n<meta name=\"description\" content=\"Peter Foster e Tanya Batt s\u00e3o colaboradores premiados que exploram a narra\u00e7\u00e3o de hist\u00f3rias e a m\u00fasica. Discutimos a import\u00e2ncia da tradi\u00e7\u00e3o oral, como o seu trabalho liga as pessoas a n\u00edveis profundos, e o poder transformador da m\u00fasica para aqueles que falecem.\" \/>\n<meta name=\"robots\" content=\"index, follow, max-snippet:-1, max-image-preview:large, max-video-preview:-1\" \/>\n<link rel=\"canonical\" href=\"https:\/\/reiki-conciliation.org\/pt-pt\/rtalks\/peter-forster-e-tanya-batt\/\" \/>\n<meta property=\"og:locale\" content=\"pt_PT\" \/>\n<meta property=\"og:type\" content=\"article\" \/>\n<meta property=\"og:title\" content=\"RTalk com Peter Forster e Tanya Batt - REIKI Conciliation\" \/>\n<meta property=\"og:description\" content=\"Peter Foster e Tanya Batt s\u00e3o colaboradores premiados que exploram a narra\u00e7\u00e3o de hist\u00f3rias e a m\u00fasica. Discutimos a import\u00e2ncia da tradi\u00e7\u00e3o oral, como o seu trabalho liga as pessoas a n\u00edveis profundos, e o poder transformador da m\u00fasica para aqueles que falecem.\" \/>\n<meta property=\"og:url\" content=\"https:\/\/reiki-conciliation.org\/pt-pt\/rtalks\/peter-forster-e-tanya-batt\/\" \/>\n<meta property=\"og:site_name\" content=\"REIKI Conciliation\" \/>\n<meta property=\"article:modified_time\" content=\"2023-03-03T20:34:13+00:00\" \/>\n<meta property=\"og:image\" content=\"https:\/\/reiki-conciliation.org\/wp-content\/uploads\/RTalk-Story-and-Song-with-Peter-Forster-and-Tanya-Batt-FB-1024x576.png\" \/>\n<meta name=\"twitter:card\" content=\"summary_large_image\" \/>\n<meta name=\"twitter:label1\" content=\"Tempo estimado de leitura\" \/>\n\t<meta name=\"twitter:data1\" content=\"3 minutos\" \/>\n<script type=\"application\/ld+json\" class=\"yoast-schema-graph\">{\"@context\":\"https:\\\/\\\/schema.org\",\"@graph\":[{\"@type\":\"WebPage\",\"@id\":\"https:\\\/\\\/reiki-conciliation.org\\\/pt-pt\\\/rtalks\\\/peter-forster-e-tanya-batt\\\/\",\"url\":\"https:\\\/\\\/reiki-conciliation.org\\\/pt-pt\\\/rtalks\\\/peter-forster-e-tanya-batt\\\/\",\"name\":\"RTalk com Peter Forster e Tanya Batt - REIKI Conciliation\",\"isPartOf\":{\"@id\":\"https:\\\/\\\/reiki-conciliation.org\\\/#website\"},\"primaryImageOfPage\":{\"@id\":\"https:\\\/\\\/reiki-conciliation.org\\\/pt-pt\\\/rtalks\\\/peter-forster-e-tanya-batt\\\/#primaryimage\"},\"image\":{\"@id\":\"https:\\\/\\\/reiki-conciliation.org\\\/pt-pt\\\/rtalks\\\/peter-forster-e-tanya-batt\\\/#primaryimage\"},\"thumbnailUrl\":\"https:\\\/\\\/reiki-conciliation.org\\\/wp-content\\\/uploads\\\/RTalk-Story-and-Song-with-Peter-Forster-and-Tanya-Batt.png\",\"datePublished\":\"2023-03-03T05:45:10+00:00\",\"dateModified\":\"2023-03-03T20:34:13+00:00\",\"description\":\"Peter Foster e Tanya Batt s\u00e3o colaboradores premiados que exploram a narra\u00e7\u00e3o de hist\u00f3rias e a m\u00fasica. Discutimos a import\u00e2ncia da tradi\u00e7\u00e3o oral, como o seu trabalho liga as pessoas a n\u00edveis profundos, e o poder transformador da m\u00fasica para aqueles que falecem.\",\"breadcrumb\":{\"@id\":\"https:\\\/\\\/reiki-conciliation.org\\\/pt-pt\\\/rtalks\\\/peter-forster-e-tanya-batt\\\/#breadcrumb\"},\"inLanguage\":\"pt-PT\",\"potentialAction\":[{\"@type\":\"ReadAction\",\"target\":[\"https:\\\/\\\/reiki-conciliation.org\\\/pt-pt\\\/rtalks\\\/peter-forster-e-tanya-batt\\\/\"]}]},{\"@type\":\"ImageObject\",\"inLanguage\":\"pt-PT\",\"@id\":\"https:\\\/\\\/reiki-conciliation.org\\\/pt-pt\\\/rtalks\\\/peter-forster-e-tanya-batt\\\/#primaryimage\",\"url\":\"https:\\\/\\\/reiki-conciliation.org\\\/wp-content\\\/uploads\\\/RTalk-Story-and-Song-with-Peter-Forster-and-Tanya-Batt.png\",\"contentUrl\":\"https:\\\/\\\/reiki-conciliation.org\\\/wp-content\\\/uploads\\\/RTalk-Story-and-Song-with-Peter-Forster-and-Tanya-Batt.png\",\"width\":1280,\"height\":720},{\"@type\":\"BreadcrumbList\",\"@id\":\"https:\\\/\\\/reiki-conciliation.org\\\/pt-pt\\\/rtalks\\\/peter-forster-e-tanya-batt\\\/#breadcrumb\",\"itemListElement\":[{\"@type\":\"ListItem\",\"position\":1,\"name\":\"Home\",\"item\":\"https:\\\/\\\/reiki-conciliation.org\\\/\"},{\"@type\":\"ListItem\",\"position\":2,\"name\":\"Peter Forster e Tanya Batt\"}]},{\"@type\":\"WebSite\",\"@id\":\"https:\\\/\\\/reiki-conciliation.org\\\/#website\",\"url\":\"https:\\\/\\\/reiki-conciliation.org\\\/\",\"name\":\"REIKI Conciliation\",\"description\":\"\",\"publisher\":{\"@id\":\"https:\\\/\\\/reiki-conciliation.org\\\/#organization\"},\"potentialAction\":[{\"@type\":\"SearchAction\",\"target\":{\"@type\":\"EntryPoint\",\"urlTemplate\":\"https:\\\/\\\/reiki-conciliation.org\\\/?s={search_term_string}\"},\"query-input\":{\"@type\":\"PropertyValueSpecification\",\"valueRequired\":true,\"valueName\":\"search_term_string\"}}],\"inLanguage\":\"pt-PT\"},{\"@type\":\"Organization\",\"@id\":\"https:\\\/\\\/reiki-conciliation.org\\\/#organization\",\"name\":\"Reiki Conciliation\",\"url\":\"https:\\\/\\\/reiki-conciliation.org\\\/\",\"logo\":{\"@type\":\"ImageObject\",\"inLanguage\":\"pt-PT\",\"@id\":\"https:\\\/\\\/reiki-conciliation.org\\\/#\\\/schema\\\/logo\\\/image\\\/\",\"url\":\"https:\\\/\\\/reiki-conciliation.org\\\/wp-content\\\/uploads\\\/logo-rc.png\",\"contentUrl\":\"https:\\\/\\\/reiki-conciliation.org\\\/wp-content\\\/uploads\\\/logo-rc.png\",\"width\":200,\"height\":176,\"caption\":\"Reiki Conciliation\"},\"image\":{\"@id\":\"https:\\\/\\\/reiki-conciliation.org\\\/#\\\/schema\\\/logo\\\/image\\\/\"}}]}<\/script>\n<!-- \/ Yoast SEO plugin. -->","yoast_head_json":{"title":"RTalk com Peter Forster e Tanya Batt - REIKI Conciliation","description":"Peter Foster e Tanya Batt s\u00e3o colaboradores premiados que exploram a narra\u00e7\u00e3o de hist\u00f3rias e a m\u00fasica. Discutimos a import\u00e2ncia da tradi\u00e7\u00e3o oral, como o seu trabalho liga as pessoas a n\u00edveis profundos, e o poder transformador da m\u00fasica para aqueles que falecem.","robots":{"index":"index","follow":"follow","max-snippet":"max-snippet:-1","max-image-preview":"max-image-preview:large","max-video-preview":"max-video-preview:-1"},"canonical":"https:\/\/reiki-conciliation.org\/pt-pt\/rtalks\/peter-forster-e-tanya-batt\/","og_locale":"pt_PT","og_type":"article","og_title":"RTalk com Peter Forster e Tanya Batt - REIKI Conciliation","og_description":"Peter Foster e Tanya Batt s\u00e3o colaboradores premiados que exploram a narra\u00e7\u00e3o de hist\u00f3rias e a m\u00fasica. Discutimos a import\u00e2ncia da tradi\u00e7\u00e3o oral, como o seu trabalho liga as pessoas a n\u00edveis profundos, e o poder transformador da m\u00fasica para aqueles que falecem.","og_url":"https:\/\/reiki-conciliation.org\/pt-pt\/rtalks\/peter-forster-e-tanya-batt\/","og_site_name":"REIKI Conciliation","article_modified_time":"2023-03-03T20:34:13+00:00","og_image":[{"url":"https:\/\/reiki-conciliation.org\/wp-content\/uploads\/RTalk-Story-and-Song-with-Peter-Forster-and-Tanya-Batt-FB-1024x576.png","type":"","width":"","height":""}],"twitter_card":"summary_large_image","twitter_misc":{"Tempo estimado de leitura":"3 minutos"},"schema":{"@context":"https:\/\/schema.org","@graph":[{"@type":"WebPage","@id":"https:\/\/reiki-conciliation.org\/pt-pt\/rtalks\/peter-forster-e-tanya-batt\/","url":"https:\/\/reiki-conciliation.org\/pt-pt\/rtalks\/peter-forster-e-tanya-batt\/","name":"RTalk com Peter Forster e Tanya Batt - REIKI Conciliation","isPartOf":{"@id":"https:\/\/reiki-conciliation.org\/#website"},"primaryImageOfPage":{"@id":"https:\/\/reiki-conciliation.org\/pt-pt\/rtalks\/peter-forster-e-tanya-batt\/#primaryimage"},"image":{"@id":"https:\/\/reiki-conciliation.org\/pt-pt\/rtalks\/peter-forster-e-tanya-batt\/#primaryimage"},"thumbnailUrl":"https:\/\/reiki-conciliation.org\/wp-content\/uploads\/RTalk-Story-and-Song-with-Peter-Forster-and-Tanya-Batt.png","datePublished":"2023-03-03T05:45:10+00:00","dateModified":"2023-03-03T20:34:13+00:00","description":"Peter Foster e Tanya Batt s\u00e3o colaboradores premiados que exploram a narra\u00e7\u00e3o de hist\u00f3rias e a m\u00fasica. Discutimos a import\u00e2ncia da tradi\u00e7\u00e3o oral, como o seu trabalho liga as pessoas a n\u00edveis profundos, e o poder transformador da m\u00fasica para aqueles que falecem.","breadcrumb":{"@id":"https:\/\/reiki-conciliation.org\/pt-pt\/rtalks\/peter-forster-e-tanya-batt\/#breadcrumb"},"inLanguage":"pt-PT","potentialAction":[{"@type":"ReadAction","target":["https:\/\/reiki-conciliation.org\/pt-pt\/rtalks\/peter-forster-e-tanya-batt\/"]}]},{"@type":"ImageObject","inLanguage":"pt-PT","@id":"https:\/\/reiki-conciliation.org\/pt-pt\/rtalks\/peter-forster-e-tanya-batt\/#primaryimage","url":"https:\/\/reiki-conciliation.org\/wp-content\/uploads\/RTalk-Story-and-Song-with-Peter-Forster-and-Tanya-Batt.png","contentUrl":"https:\/\/reiki-conciliation.org\/wp-content\/uploads\/RTalk-Story-and-Song-with-Peter-Forster-and-Tanya-Batt.png","width":1280,"height":720},{"@type":"BreadcrumbList","@id":"https:\/\/reiki-conciliation.org\/pt-pt\/rtalks\/peter-forster-e-tanya-batt\/#breadcrumb","itemListElement":[{"@type":"ListItem","position":1,"name":"Home","item":"https:\/\/reiki-conciliation.org\/"},{"@type":"ListItem","position":2,"name":"Peter Forster e Tanya Batt"}]},{"@type":"WebSite","@id":"https:\/\/reiki-conciliation.org\/#website","url":"https:\/\/reiki-conciliation.org\/","name":"REIKI Conciliation","description":"","publisher":{"@id":"https:\/\/reiki-conciliation.org\/#organization"},"potentialAction":[{"@type":"SearchAction","target":{"@type":"EntryPoint","urlTemplate":"https:\/\/reiki-conciliation.org\/?s={search_term_string}"},"query-input":{"@type":"PropertyValueSpecification","valueRequired":true,"valueName":"search_term_string"}}],"inLanguage":"pt-PT"},{"@type":"Organization","@id":"https:\/\/reiki-conciliation.org\/#organization","name":"Reiki Conciliation","url":"https:\/\/reiki-conciliation.org\/","logo":{"@type":"ImageObject","inLanguage":"pt-PT","@id":"https:\/\/reiki-conciliation.org\/#\/schema\/logo\/image\/","url":"https:\/\/reiki-conciliation.org\/wp-content\/uploads\/logo-rc.png","contentUrl":"https:\/\/reiki-conciliation.org\/wp-content\/uploads\/logo-rc.png","width":200,"height":176,"caption":"Reiki Conciliation"},"image":{"@id":"https:\/\/reiki-conciliation.org\/#\/schema\/logo\/image\/"}}]}},"_links":{"self":[{"href":"https:\/\/reiki-conciliation.org\/pt-pt\/wp-json\/wp\/v2\/rtalks\/10841","targetHints":{"allow":["GET"]}}],"collection":[{"href":"https:\/\/reiki-conciliation.org\/pt-pt\/wp-json\/wp\/v2\/rtalks"}],"about":[{"href":"https:\/\/reiki-conciliation.org\/pt-pt\/wp-json\/wp\/v2\/types\/rtalks"}],"wp:featuredmedia":[{"embeddable":true,"href":"https:\/\/reiki-conciliation.org\/pt-pt\/wp-json\/wp\/v2\/media\/10854"}],"wp:attachment":[{"href":"https:\/\/reiki-conciliation.org\/pt-pt\/wp-json\/wp\/v2\/media?parent=10841"}],"curies":[{"name":"wp","href":"https:\/\/api.w.org\/{rel}","templated":true}]}}