{"id":12725,"date":"2023-06-23T07:47:23","date_gmt":"2023-06-23T05:47:23","guid":{"rendered":"https:\/\/reiki-conciliation.org\/?post_type=rtalks&#038;p=12725"},"modified":"2023-06-23T07:47:23","modified_gmt":"2023-06-23T05:47:23","slug":"carlos-sanchez","status":"publish","type":"rtalks","link":"https:\/\/reiki-conciliation.org\/pt-pt\/rtalks\/carlos-sanchez\/","title":{"rendered":"Carlos Sanchez"},"content":{"rendered":"<p>Dois homens no auge da sua juventude a refletir sobre os processos da vida vividos no passado e perspectivados para o futuro. O respeito m\u00fatuo e a alegria de explorar os pensamentos e os sentimentos do outro s\u00e3o inspiradores.<\/p>\r\n<p><span class=\"yt-core-attributed-string--link-inherit-color\"> <a class=\"yt-core-attributed-string__link yt-core-attributed-string__link--display-type yt-core-attributed-string__link--call-to-action-color\" tabindex=\"0\" href=\"https:\/\/www.youtube.com\/watch?v=lgy_4gmrSC8&amp;t=0s\" target=\"\" rel=\"nofollow noopener\">00:00<\/a> <\/span> Ren\u00e9 e Carlos no &#8220;Grupo de Sucess\u00e3o&#8221; de Phyllis Lei Furumoto. Carlos vive na Argentina, \u00e9 Mestre de Reiki desde 1995.<\/p>\r\n<p><span class=\"yt-core-attributed-string--link-inherit-color\"> <a class=\"yt-core-attributed-string__link yt-core-attributed-string__link--display-type yt-core-attributed-string__link--call-to-action-color\" tabindex=\"0\" href=\"https:\/\/www.youtube.com\/watch?v=lgy_4gmrSC8&amp;t=356s\" target=\"\" rel=\"nofollow noopener\">05:56<\/a> <\/span> Quando \u00e9 que um Professor de Reiki tem maturidade suficiente para treinar outros Mestres? Carlos conta o seu processo fascinante.<\/p>\r\n<p><span class=\"yt-core-attributed-string--link-inherit-color\"> <a class=\"yt-core-attributed-string__link yt-core-attributed-string__link--display-type yt-core-attributed-string__link--call-to-action-color\" tabindex=\"0\" href=\"https:\/\/www.youtube.com\/watch?v=lgy_4gmrSC8&amp;t=589s\" target=\"\" rel=\"nofollow noopener\">09:49<\/a> <\/span> Procrastina\u00e7\u00e3o disfar\u00e7ada de nobreza: Carlos faz uma analogia com a cozedura do Gnochi.<\/p>\r\n<p><span class=\"yt-core-attributed-string--link-inherit-color\"> <a class=\"yt-core-attributed-string__link yt-core-attributed-string__link--display-type yt-core-attributed-string__link--call-to-action-color\" tabindex=\"0\" href=\"https:\/\/www.youtube.com\/watch?v=lgy_4gmrSC8&amp;t=767s\" target=\"\" rel=\"nofollow noopener\">12:47<\/a> <\/span> A &#8220;ora\u00e7\u00e3o da serenidade&#8221;: h\u00e1 coisas que n\u00e3o posso mudar, outras que posso &#8211; d\u00e1-me a sabedoria para saber a diferen\u00e7a.<\/p>\r\n<p><span class=\"yt-core-attributed-string--link-inherit-color\"> <a class=\"yt-core-attributed-string__link yt-core-attributed-string__link--display-type yt-core-attributed-string__link--call-to-action-color\" tabindex=\"0\" href=\"https:\/\/www.youtube.com\/watch?v=lgy_4gmrSC8&amp;t=924s\" target=\"\" rel=\"nofollow noopener\">15:24<\/a> <\/span>: O Carlos tamb\u00e9m trabalha com flores de Bach e \u00e9 agricultor de profiss\u00e3o, adoptando as mudan\u00e7as ditadas pela natureza. O que \u00e0 primeira vista parecem ser mundos diferentes, n\u00e3o o s\u00e3o.<\/p>\r\n<p><span class=\"yt-core-attributed-string--link-inherit-color\"> <a class=\"yt-core-attributed-string__link yt-core-attributed-string__link--display-type yt-core-attributed-string__link--call-to-action-color\" tabindex=\"0\" href=\"https:\/\/www.youtube.com\/watch?v=lgy_4gmrSC8&amp;t=1136s\" target=\"\" rel=\"nofollow noopener\">18:56<\/a> <\/span> Um imperativo social para Carlos: ajudar as Av\u00f3s da Plaza de Mayo a encontrar crian\u00e7as roubadas e adoptadas ilegalmente durante a ditadura militar argentina de 1976-1983. &#8220;Uma das coisas mais gratificantes que fiz na minha vida.&#8221;<\/p>\r\n<p><span class=\"yt-core-attributed-string--link-inherit-color\"> <a class=\"yt-core-attributed-string__link yt-core-attributed-string__link--display-type yt-core-attributed-string__link--call-to-action-color\" tabindex=\"0\" href=\"https:\/\/www.youtube.com\/watch?v=lgy_4gmrSC8&amp;t=1506s\" target=\"\" rel=\"nofollow noopener\">25:06<\/a> <\/span> O passado cruel e violento n\u00e3o pode ser alterado. &#8220;Mas podemos curar a nossa rela\u00e7\u00e3o como sociedade. E eu posso mudar algumas coisas com impacto no futuro.&#8221;<\/p>\r\n<p><span class=\"yt-core-attributed-string--link-inherit-color\"> <a class=\"yt-core-attributed-string__link yt-core-attributed-string__link--display-type yt-core-attributed-string__link--call-to-action-color\" tabindex=\"0\" href=\"https:\/\/www.youtube.com\/watch?v=lgy_4gmrSC8&amp;t=1859s\" target=\"\" rel=\"nofollow noopener\">30:59<\/a> <\/span> As mudan\u00e7as na sociedade, tal como descritas por Carlos, inscrevem-se no esp\u00edrito da reconcilia\u00e7\u00e3o, que \u00e9 um processo cont\u00ednuo. A humanidade j\u00e1 percorreu um longo caminho, mas temos de continuar a esfor\u00e7ar-nos por um mundo melhor.<\/p>\r\n<p><span class=\"yt-core-attributed-string--link-inherit-color\"> <a class=\"yt-core-attributed-string__link yt-core-attributed-string__link--display-type yt-core-attributed-string__link--call-to-action-color\" tabindex=\"0\" href=\"https:\/\/www.youtube.com\/watch?v=lgy_4gmrSC8&amp;t=2216s\" target=\"\" rel=\"nofollow noopener\">36:56<\/a> <\/span> Videoclip divertido &#8220;How To Change The World&#8221; (ver Refer\u00eancias) seguido de uma hist\u00f3ria sobre o neto de Carlos. &#8220;\u00c9 preciso mudar o mundo e tentar coisas novas.&#8221;<\/p>\r\n<p><span class=\"yt-core-attributed-string--link-inherit-color\"> <a class=\"yt-core-attributed-string__link yt-core-attributed-string__link--display-type yt-core-attributed-string__link--call-to-action-color\" tabindex=\"0\" href=\"https:\/\/www.youtube.com\/watch?v=lgy_4gmrSC8&amp;t=2419s\" target=\"\" rel=\"nofollow noopener\">40:19<\/a> <\/span> &#8220;O que eu gostaria de pensar sobre o futuro \u00e9 que eu n\u00e3o traio os meus valores e quem eu sou.&#8221;<\/p>\r\n<h2>Biografia<\/h2>\r\n<p>Carlos \u00e9 um Mestre de Reiki nascido em 1959 na Argentina rural. Ele ainda vive l\u00e1 e pratica e ensina Reiki. Muitos dos seus vizinhos s\u00e3o tamb\u00e9m estudantes de Reiki; consequentemente, a sua pr\u00e1tica est\u00e1 integrada na sua vida di\u00e1ria de muitas maneiras.<\/p>\r\n<p>Ele encontrou o Reiki depois de anos de pesquisa em diferentes pr\u00e1ticas e diz:<\/p>\r\n<blockquote>\r\n<p>&#8220;Logo na minha primeira aula de Reiki soube que Reiki era o que eu desejava.&#8221;<\/p>\r\n<\/blockquote>\r\n<p>A viagem com o Reiki mudou a forma como ele v\u00ea o mundo e a forma como se v\u00ea a si pr\u00f3prio. Primeiro teve que deixar as plan\u00edcies da Argentina e a vida rural que ele ama para viajar para a Alemanha para ser iniciado como Mestre de Reiki. Ao longo dos anos, viajou para muitos s\u00edtios diferentes em todo o mundo. Ele aprendeu e melhorou o seu ingl\u00eas para poder comunicar muito melhor com a comunidade Reiki em geral. Acredita que as l\u00ednguas s\u00e3o pontes que ligam as pessoas.<\/p>\r\n<p>Carlos \u00e9 tamb\u00e9m um amante de livros e filmes e gosta de jardinagem.<\/p>\r\n<p>Um dos seus trabalhos mais gratificantes \u00e9 o seu papel de volunt\u00e1rio numa associa\u00e7\u00e3o de direitos humanos sem fins lucrativos chamada &#8220;Abuelas de Plaza de Mayo&#8221; (Av\u00f3s da Pra\u00e7a de maio). Esta organiza\u00e7\u00e3o trabalha na procura de crian\u00e7as raptadas durante os anos da &#8220;ditadura&#8221; na Argentina, um violento governo militar que governou o pa\u00eds entre 1976 e 1983.<\/p>\r\n<p>Como agricultor, considera que o contacto com a natureza e os seus ritmos e ciclos proporciona uma grande alegria e realiza\u00e7\u00e3o, bem como a aceita\u00e7\u00e3o de desafios.<\/p>\r\n<h2>Refer\u00eancias<\/h2>\r\n<p><span class=\"yt-core-attributed-string--link-inherit-color\"> <a class=\"yt-core-attributed-string__link yt-core-attributed-string__link--display-type yt-core-attributed-string__link--call-to-action-color\" tabindex=\"0\" href=\"https:\/\/www.youtube.com\/watch?v=lgy_4gmrSC8&amp;t=794s\" target=\"\" rel=\"nofollow noopener\">13:14<\/a> <\/span> A &#8220;ora\u00e7\u00e3o da serenidade&#8221;: <a href=\"https:\/\/en.wikipedia.org\/wiki\/Serenity_Prayer\">https:\/\/en.wikipedia.org\/wiki\/Serenity_Prayer<\/a><\/p>\r\n<p><span class=\"yt-core-attributed-string--link-inherit-color\"> <a class=\"yt-core-attributed-string__link yt-core-attributed-string__link--display-type yt-core-attributed-string__link--call-to-action-color\" tabindex=\"0\" href=\"https:\/\/www.youtube.com\/watch?v=lgy_4gmrSC8&amp;t=1155s\" target=\"\" rel=\"nofollow noopener\">19:15<\/a> <\/span> Av\u00f3s da Plaza de Mayo: <a href=\"https:\/\/en.wikipedia.org\/wiki\/Grandmothers_of_the_Plaza_de_Mayo\">https:\/\/en.wikipedia.org\/wiki\/Grandmothers_of_the_Plaza_de_Mayo<\/a><\/p>\r\n<p><span class=\"yt-core-attributed-string--link-inherit-color\"> <a class=\"yt-core-attributed-string__link yt-core-attributed-string__link--display-type yt-core-attributed-string__link--call-to-action-color\" tabindex=\"0\" href=\"https:\/\/www.youtube.com\/watch?v=lgy_4gmrSC8&amp;t=1995s\" target=\"\" rel=\"nofollow noopener\">33:15<\/a> <\/span> O arquivo de todas as imagens da entrevista com Phyllis Lei Furumotto: <a href=\"https:\/\/reiki-conciliation.org\/66-steps-on-the-path-to-reconciliation\/\">https:\/\/reiki-conciliation.org\/66-steps-on-the-path-to-reconciliation\/<\/a><\/p>\r\n<p><span class=\"yt-core-attributed-string--link-inherit-color\"> <a class=\"yt-core-attributed-string__link yt-core-attributed-string__link--display-type yt-core-attributed-string__link--call-to-action-color\" tabindex=\"0\" href=\"https:\/\/www.youtube.com\/watch?v=lgy_4gmrSC8&amp;t=2216s\" target=\"\" rel=\"nofollow noopener\">36:56<\/a> <\/span> How To Change The World (um trabalho em curso) | Kid President: <a href=\"https:\/\/youtu.be\/4z7gDsSKUmU\">https:\/\/youtu.be\/4z7gDsSKUmU<\/a><\/p>","protected":false},"excerpt":{"rendered":"Dois homens no auge da sua juventude a refletir sobre os processos da vida vividos no passado e perspectivados para o futuro. O respeito m\u00fatuo e a alegria de explorar os pensamentos e sentimentos do outro s\u00e3o inspiradores.","protected":false},"featured_media":12690,"template":"","class_list":["post-12725","rtalks","type-rtalks","status-publish","has-post-thumbnail","hentry"],"acf":[],"yoast_head":"<!-- This site is optimized with the Yoast SEO plugin v27.3 - https:\/\/yoast.com\/product\/yoast-seo-wordpress\/ -->\n<title>RTalk &#039;Vergonha e Culpa&#039; com Nathalie Jaspar<\/title>\n<meta name=\"description\" content=\"Dois homens no auge da sua juventude a refletir sobre os processos da vida vividos no passado e perspectivados para o futuro. O respeito m\u00fatuo e a alegria de explorar os pensamentos e sentimentos do outro s\u00e3o inspiradores.\" \/>\n<meta name=\"robots\" content=\"index, follow, max-snippet:-1, max-image-preview:large, max-video-preview:-1\" \/>\n<link rel=\"canonical\" href=\"https:\/\/reiki-conciliation.org\/pt-pt\/rtalks\/carlos-sanchez\/\" \/>\n<meta property=\"og:locale\" content=\"pt_PT\" \/>\n<meta property=\"og:type\" content=\"article\" \/>\n<meta property=\"og:title\" content=\"RTalk &#039;Vergonha e Culpa&#039; com Nathalie Jaspar\" \/>\n<meta property=\"og:description\" content=\"Dois homens no auge da sua juventude a refletir sobre os processos da vida vividos no passado e perspectivados para o futuro. O respeito m\u00fatuo e a alegria de explorar os pensamentos e sentimentos do outro s\u00e3o inspiradores.\" \/>\n<meta property=\"og:url\" content=\"https:\/\/reiki-conciliation.org\/pt-pt\/rtalks\/carlos-sanchez\/\" \/>\n<meta property=\"og:site_name\" content=\"REIKI Conciliation\" \/>\n<meta property=\"og:image\" content=\"https:\/\/reiki-conciliation.org\/wp-content\/uploads\/thumb-carlos.jpg\" \/>\n\t<meta property=\"og:image:width\" content=\"1280\" \/>\n\t<meta property=\"og:image:height\" content=\"720\" \/>\n\t<meta property=\"og:image:type\" content=\"image\/jpeg\" \/>\n<meta name=\"twitter:card\" content=\"summary_large_image\" \/>\n<meta name=\"twitter:label1\" content=\"Tempo estimado de leitura\" \/>\n\t<meta name=\"twitter:data1\" content=\"3 minutos\" \/>\n<script type=\"application\/ld+json\" class=\"yoast-schema-graph\">{\"@context\":\"https:\\\/\\\/schema.org\",\"@graph\":[{\"@type\":\"WebPage\",\"@id\":\"https:\\\/\\\/reiki-conciliation.org\\\/pt-pt\\\/rtalks\\\/carlos-sanchez\\\/\",\"url\":\"https:\\\/\\\/reiki-conciliation.org\\\/pt-pt\\\/rtalks\\\/carlos-sanchez\\\/\",\"name\":\"RTalk 'Vergonha e Culpa' com Nathalie Jaspar\",\"isPartOf\":{\"@id\":\"https:\\\/\\\/reiki-conciliation.org\\\/#website\"},\"primaryImageOfPage\":{\"@id\":\"https:\\\/\\\/reiki-conciliation.org\\\/pt-pt\\\/rtalks\\\/carlos-sanchez\\\/#primaryimage\"},\"image\":{\"@id\":\"https:\\\/\\\/reiki-conciliation.org\\\/pt-pt\\\/rtalks\\\/carlos-sanchez\\\/#primaryimage\"},\"thumbnailUrl\":\"https:\\\/\\\/reiki-conciliation.org\\\/wp-content\\\/uploads\\\/thumb-carlos.jpg\",\"datePublished\":\"2023-06-23T05:47:23+00:00\",\"description\":\"Dois homens no auge da sua juventude a refletir sobre os processos da vida vividos no passado e perspectivados para o futuro. O respeito m\u00fatuo e a alegria de explorar os pensamentos e sentimentos do outro s\u00e3o inspiradores.\",\"breadcrumb\":{\"@id\":\"https:\\\/\\\/reiki-conciliation.org\\\/pt-pt\\\/rtalks\\\/carlos-sanchez\\\/#breadcrumb\"},\"inLanguage\":\"pt-PT\",\"potentialAction\":[{\"@type\":\"ReadAction\",\"target\":[\"https:\\\/\\\/reiki-conciliation.org\\\/pt-pt\\\/rtalks\\\/carlos-sanchez\\\/\"]}]},{\"@type\":\"ImageObject\",\"inLanguage\":\"pt-PT\",\"@id\":\"https:\\\/\\\/reiki-conciliation.org\\\/pt-pt\\\/rtalks\\\/carlos-sanchez\\\/#primaryimage\",\"url\":\"https:\\\/\\\/reiki-conciliation.org\\\/wp-content\\\/uploads\\\/thumb-carlos.jpg\",\"contentUrl\":\"https:\\\/\\\/reiki-conciliation.org\\\/wp-content\\\/uploads\\\/thumb-carlos.jpg\",\"width\":1280,\"height\":720},{\"@type\":\"BreadcrumbList\",\"@id\":\"https:\\\/\\\/reiki-conciliation.org\\\/pt-pt\\\/rtalks\\\/carlos-sanchez\\\/#breadcrumb\",\"itemListElement\":[{\"@type\":\"ListItem\",\"position\":1,\"name\":\"Home\",\"item\":\"https:\\\/\\\/reiki-conciliation.org\\\/\"},{\"@type\":\"ListItem\",\"position\":2,\"name\":\"Carlos Sanchez\"}]},{\"@type\":\"WebSite\",\"@id\":\"https:\\\/\\\/reiki-conciliation.org\\\/#website\",\"url\":\"https:\\\/\\\/reiki-conciliation.org\\\/\",\"name\":\"REIKI Conciliation\",\"description\":\"\",\"publisher\":{\"@id\":\"https:\\\/\\\/reiki-conciliation.org\\\/#organization\"},\"potentialAction\":[{\"@type\":\"SearchAction\",\"target\":{\"@type\":\"EntryPoint\",\"urlTemplate\":\"https:\\\/\\\/reiki-conciliation.org\\\/?s={search_term_string}\"},\"query-input\":{\"@type\":\"PropertyValueSpecification\",\"valueRequired\":true,\"valueName\":\"search_term_string\"}}],\"inLanguage\":\"pt-PT\"},{\"@type\":\"Organization\",\"@id\":\"https:\\\/\\\/reiki-conciliation.org\\\/#organization\",\"name\":\"Reiki Conciliation\",\"url\":\"https:\\\/\\\/reiki-conciliation.org\\\/\",\"logo\":{\"@type\":\"ImageObject\",\"inLanguage\":\"pt-PT\",\"@id\":\"https:\\\/\\\/reiki-conciliation.org\\\/#\\\/schema\\\/logo\\\/image\\\/\",\"url\":\"https:\\\/\\\/reiki-conciliation.org\\\/wp-content\\\/uploads\\\/logo-rc.png\",\"contentUrl\":\"https:\\\/\\\/reiki-conciliation.org\\\/wp-content\\\/uploads\\\/logo-rc.png\",\"width\":200,\"height\":176,\"caption\":\"Reiki Conciliation\"},\"image\":{\"@id\":\"https:\\\/\\\/reiki-conciliation.org\\\/#\\\/schema\\\/logo\\\/image\\\/\"}}]}<\/script>\n<!-- \/ Yoast SEO plugin. -->","yoast_head_json":{"title":"RTalk 'Vergonha e Culpa' com Nathalie Jaspar","description":"Dois homens no auge da sua juventude a refletir sobre os processos da vida vividos no passado e perspectivados para o futuro. O respeito m\u00fatuo e a alegria de explorar os pensamentos e sentimentos do outro s\u00e3o inspiradores.","robots":{"index":"index","follow":"follow","max-snippet":"max-snippet:-1","max-image-preview":"max-image-preview:large","max-video-preview":"max-video-preview:-1"},"canonical":"https:\/\/reiki-conciliation.org\/pt-pt\/rtalks\/carlos-sanchez\/","og_locale":"pt_PT","og_type":"article","og_title":"RTalk 'Vergonha e Culpa' com Nathalie Jaspar","og_description":"Dois homens no auge da sua juventude a refletir sobre os processos da vida vividos no passado e perspectivados para o futuro. O respeito m\u00fatuo e a alegria de explorar os pensamentos e sentimentos do outro s\u00e3o inspiradores.","og_url":"https:\/\/reiki-conciliation.org\/pt-pt\/rtalks\/carlos-sanchez\/","og_site_name":"REIKI Conciliation","og_image":[{"width":1280,"height":720,"url":"https:\/\/reiki-conciliation.org\/wp-content\/uploads\/thumb-carlos.jpg","type":"image\/jpeg"}],"twitter_card":"summary_large_image","twitter_misc":{"Tempo estimado de leitura":"3 minutos"},"schema":{"@context":"https:\/\/schema.org","@graph":[{"@type":"WebPage","@id":"https:\/\/reiki-conciliation.org\/pt-pt\/rtalks\/carlos-sanchez\/","url":"https:\/\/reiki-conciliation.org\/pt-pt\/rtalks\/carlos-sanchez\/","name":"RTalk 'Vergonha e Culpa' com Nathalie Jaspar","isPartOf":{"@id":"https:\/\/reiki-conciliation.org\/#website"},"primaryImageOfPage":{"@id":"https:\/\/reiki-conciliation.org\/pt-pt\/rtalks\/carlos-sanchez\/#primaryimage"},"image":{"@id":"https:\/\/reiki-conciliation.org\/pt-pt\/rtalks\/carlos-sanchez\/#primaryimage"},"thumbnailUrl":"https:\/\/reiki-conciliation.org\/wp-content\/uploads\/thumb-carlos.jpg","datePublished":"2023-06-23T05:47:23+00:00","description":"Dois homens no auge da sua juventude a refletir sobre os processos da vida vividos no passado e perspectivados para o futuro. O respeito m\u00fatuo e a alegria de explorar os pensamentos e sentimentos do outro s\u00e3o inspiradores.","breadcrumb":{"@id":"https:\/\/reiki-conciliation.org\/pt-pt\/rtalks\/carlos-sanchez\/#breadcrumb"},"inLanguage":"pt-PT","potentialAction":[{"@type":"ReadAction","target":["https:\/\/reiki-conciliation.org\/pt-pt\/rtalks\/carlos-sanchez\/"]}]},{"@type":"ImageObject","inLanguage":"pt-PT","@id":"https:\/\/reiki-conciliation.org\/pt-pt\/rtalks\/carlos-sanchez\/#primaryimage","url":"https:\/\/reiki-conciliation.org\/wp-content\/uploads\/thumb-carlos.jpg","contentUrl":"https:\/\/reiki-conciliation.org\/wp-content\/uploads\/thumb-carlos.jpg","width":1280,"height":720},{"@type":"BreadcrumbList","@id":"https:\/\/reiki-conciliation.org\/pt-pt\/rtalks\/carlos-sanchez\/#breadcrumb","itemListElement":[{"@type":"ListItem","position":1,"name":"Home","item":"https:\/\/reiki-conciliation.org\/"},{"@type":"ListItem","position":2,"name":"Carlos Sanchez"}]},{"@type":"WebSite","@id":"https:\/\/reiki-conciliation.org\/#website","url":"https:\/\/reiki-conciliation.org\/","name":"REIKI Conciliation","description":"","publisher":{"@id":"https:\/\/reiki-conciliation.org\/#organization"},"potentialAction":[{"@type":"SearchAction","target":{"@type":"EntryPoint","urlTemplate":"https:\/\/reiki-conciliation.org\/?s={search_term_string}"},"query-input":{"@type":"PropertyValueSpecification","valueRequired":true,"valueName":"search_term_string"}}],"inLanguage":"pt-PT"},{"@type":"Organization","@id":"https:\/\/reiki-conciliation.org\/#organization","name":"Reiki Conciliation","url":"https:\/\/reiki-conciliation.org\/","logo":{"@type":"ImageObject","inLanguage":"pt-PT","@id":"https:\/\/reiki-conciliation.org\/#\/schema\/logo\/image\/","url":"https:\/\/reiki-conciliation.org\/wp-content\/uploads\/logo-rc.png","contentUrl":"https:\/\/reiki-conciliation.org\/wp-content\/uploads\/logo-rc.png","width":200,"height":176,"caption":"Reiki Conciliation"},"image":{"@id":"https:\/\/reiki-conciliation.org\/#\/schema\/logo\/image\/"}}]}},"_links":{"self":[{"href":"https:\/\/reiki-conciliation.org\/pt-pt\/wp-json\/wp\/v2\/rtalks\/12725","targetHints":{"allow":["GET"]}}],"collection":[{"href":"https:\/\/reiki-conciliation.org\/pt-pt\/wp-json\/wp\/v2\/rtalks"}],"about":[{"href":"https:\/\/reiki-conciliation.org\/pt-pt\/wp-json\/wp\/v2\/types\/rtalks"}],"wp:featuredmedia":[{"embeddable":true,"href":"https:\/\/reiki-conciliation.org\/pt-pt\/wp-json\/wp\/v2\/media\/12690"}],"wp:attachment":[{"href":"https:\/\/reiki-conciliation.org\/pt-pt\/wp-json\/wp\/v2\/media?parent=12725"}],"curies":[{"name":"wp","href":"https:\/\/api.w.org\/{rel}","templated":true}]}}