{"id":4489,"date":"2021-10-15T00:32:51","date_gmt":"2021-10-14T23:32:51","guid":{"rendered":"https:\/\/reiki-conciliation.org\/?post_type=rtalks&#038;p=4489"},"modified":"2021-10-14T06:35:57","modified_gmt":"2021-10-14T05:35:57","slug":"dr-david-bolius","status":"publish","type":"rtalks","link":"https:\/\/reiki-conciliation.org\/pt-pt\/rtalks\/dr-david-bolius\/","title":{"rendered":"Dr. David Bolius"},"content":{"rendered":"<p>Muito na vida pode ser visto de v\u00e1rios \u00e2ngulos. Isto tamb\u00e9m se aplica ao pr\u00f3prio mundo: podemos olhar para ele de um ponto de vista muito materialista. Ou a nossa vis\u00e3o sobre o mundo vem de uma perspectiva imaterial. Pontos de discuss\u00e3o elevados est\u00e3o a ser discutidos pelos dois homens de uma forma muito pessoal, mesmo \u00edntima. Ao ponto de a esposa do convidado, Marie-Luise Bolius faz uma apari\u00e7\u00e3o surpresa e exclama:\u00a0<\/p>\r\n<blockquote>\r\n<p>&#8220;A sua conversa \u00e9 um encorajamento para defender a sua pr\u00f3pria opini\u00e3o&#8221;.<\/p>\r\n<\/blockquote>\r\n<p>A perspectiva materialista tem tido uma longa tradi\u00e7\u00e3o na nossa cultura ocidental. Poderia ser resumida em poucas palavras: O que n\u00e3o consigo ver (medir) n\u00e3o existe. Esta vis\u00e3o do mundo tem sido a for\u00e7a motriz do progresso tecnol\u00f3gico, do capitalismo como sistema econ\u00f3mico e do patriarcado.<\/p>\r\n<p>&#8220;Num mundo finito n\u00e3o podemos ter um crescimento infinito. Simplesmente n\u00e3o funciona, \u00e9 matem\u00e1tica simples&#8221;.<\/p>\r\n<p>N\u00e3o temos uma tradi\u00e7\u00e3o igualmente forte na perspectiva imaterial. Esta mentalidade faz perguntas muito diferentes: O que existe para al\u00e9m do que podemos ver claramente? Qual \u00e9 o sentido da minha vida? Como \u00e9 que a minha vida se tornar\u00e1 mais completa atrav\u00e9s da integra\u00e7\u00e3o da espiritualidade e do encontro com a natureza? Como posso, em vez de olhar apenas para mim pr\u00f3prio, olhar tamb\u00e9m para o mundo como um todo, para os meus semelhantes e para todos os seres vivos? Que perspectiva \u00e9 superior?<\/p>\r\n<p>&nbsp;<\/p>\r\n<p>Evidentemente, a resposta a esta pergunta \u00e9 que ambas as perspectivas s\u00e3o igualmente importantes. Contudo, como muitos consideram a abordagem materialista mais importante, o equil\u00edbrio das perspectivas \u00e9 uma contribui\u00e7\u00e3o imperativa para a cura individual e global.<\/p>\r\n<p>Em &#8220;Vis\u00e3o do Mundo&#8221; contemplamos situa\u00e7\u00f5es em que uma perspectiva \u00e9 mais eficaz do que a outra e discutimos como estas abordagens podem ser utilizadas em harmonia umas com as outras, no esp\u00edrito de &#8220;bem como&#8221;.<\/p>\r\n<h2>Biografia<\/h2>\r\n<p>Depois de estudar qu\u00edmica t\u00e9cnica na Universidade de Tecnologia de Viena, trabalhei na investiga\u00e7\u00e3o b\u00e1sica do clima na Su\u00ed\u00e7a durante 6 anos. Costumava analisar n\u00facleos de gelo de glaciares long\u00ednquos, a fim de extrair os segredos das flutua\u00e7\u00f5es passadas no clima e na polui\u00e7\u00e3o ambiental.<\/p>\r\n<p>Obviamente, no entanto, n\u00e3o encontrei a resposta a todas as minhas perguntas na ci\u00eancia e por isso recorri ao Reiki, uma t\u00e9cnica japonesa espiritual para apoiar os poderes auto-curativos. Isto levou-me a tornar-me independente e ensinei Reiki durante muitos anos. Durante este tempo percebi que a espiritualidade e a ci\u00eancia n\u00e3o est\u00e3o fundamentalmente em contradi\u00e7\u00e3o umas com as outras mas, pelo contr\u00e1rio, podem certamente ser frutuosas.<\/p>\r\n<p>Numa fase posterior da vida, a minha necessidade de usar a propor\u00e7\u00e3o no trabalho ressurgiu de novo. Assim, foi uma combina\u00e7\u00e3o perfeita quando a minha mulher me pediu apoio nos seus neg\u00f3cios antes do nascimento do nosso segundo filho. Este neg\u00f3cio era de design gr\u00e1fico e web, pelo que me envolvi especialmente com o WordPress, oferecendo apoio aos websites dos nossos clientes. Desde ent\u00e3o, temos dado muitos workshops WordPress.<\/p>\r\n<h2>S\u00edtio Web<\/h2>\r\n<p>David Bolius: <a href=\"https:\/\/www.bolius.net\/\">bolius.net<\/a><br \/>\r\nDavid e Marie-Luise Bolius: <a href=\"https:\/\/grafikwien.com\/\">grafikwien.com<\/a><\/p>\r\n<h2>Publica\u00e7\u00f5es<\/h2>\r\n<p>Bolius, D., 2006, Paleo climate reconstruction based on ice core from the Andes and the Alps, Disserta\u00e7\u00e3o, Universit\u00e4t Bern<br \/>\r\nBolius, D., 2015, REIKI f\u00fcr Skeptiker<br \/>\r\nBolius, ML, &amp; D., 2021, WordPress f\u00fcr EinsteigerInnen<\/p>","protected":false},"excerpt":{"rendered":"Muito na vida pode ser visto de v\u00e1rios \u00e2ngulos. Isto tamb\u00e9m se aplica ao pr\u00f3prio mundo: podemos olhar para ele de um ponto de vista muito materialista. Ou a nossa vis\u00e3o sobre o mundo vem de uma perspectiva imaterial. Pontos de discuss\u00e3o elevados est\u00e3o a ser discutidos pelos dois homens de uma forma muito pessoal, mesmo \u00edntima.","protected":false},"featured_media":4550,"template":"","class_list":["post-4489","rtalks","type-rtalks","status-publish","has-post-thumbnail","hentry"],"acf":[],"yoast_head":"<!-- This site is optimized with the Yoast SEO plugin v27.3 - https:\/\/yoast.com\/product\/yoast-seo-wordpress\/ -->\n<title>RTalk with Dr. David Bolius - REIKI Conciliation<\/title>\n<meta name=\"description\" content=\"Muito na vida pode ser visto de v\u00e1rios \u00e2ngulos. Isto tamb\u00e9m se aplica ao pr\u00f3prio mundo: podemos olhar para ele de um ponto de vista muito materialista. Ou a nossa vis\u00e3o sobre o mundo vem de uma perspectiva imaterial. Pontos de discuss\u00e3o elevados est\u00e3o a ser discutidos pelos dois homens de uma forma muito pessoal, mesmo \u00edntima.\" \/>\n<meta name=\"robots\" content=\"index, follow, max-snippet:-1, max-image-preview:large, max-video-preview:-1\" \/>\n<link rel=\"canonical\" href=\"https:\/\/reiki-conciliation.org\/pt-pt\/rtalks\/dr-david-bolius\/\" \/>\n<meta property=\"og:locale\" content=\"pt_PT\" \/>\n<meta property=\"og:type\" content=\"article\" \/>\n<meta property=\"og:title\" content=\"RTalk with Dr. David Bolius - REIKI Conciliation\" \/>\n<meta property=\"og:description\" content=\"Muito na vida pode ser visto de v\u00e1rios \u00e2ngulos. Isto tamb\u00e9m se aplica ao pr\u00f3prio mundo: podemos olhar para ele de um ponto de vista muito materialista. Ou a nossa vis\u00e3o sobre o mundo vem de uma perspectiva imaterial. Pontos de discuss\u00e3o elevados est\u00e3o a ser discutidos pelos dois homens de uma forma muito pessoal, mesmo \u00edntima.\" \/>\n<meta property=\"og:url\" content=\"https:\/\/reiki-conciliation.org\/pt-pt\/rtalks\/dr-david-bolius\/\" \/>\n<meta property=\"og:site_name\" content=\"REIKI Conciliation\" \/>\n<meta property=\"og:image\" content=\"https:\/\/reiki-conciliation.org\/wp-content\/uploads\/rtalk-facebook-david-bolius.jpg\" \/>\n<meta name=\"twitter:card\" content=\"summary_large_image\" \/>\n<meta name=\"twitter:label1\" content=\"Tempo estimado de leitura\" \/>\n\t<meta name=\"twitter:data1\" content=\"3 minutos\" \/>\n<script type=\"application\/ld+json\" class=\"yoast-schema-graph\">{\"@context\":\"https:\\\/\\\/schema.org\",\"@graph\":[{\"@type\":\"WebPage\",\"@id\":\"https:\\\/\\\/reiki-conciliation.org\\\/pt-pt\\\/rtalks\\\/dr-david-bolius\\\/\",\"url\":\"https:\\\/\\\/reiki-conciliation.org\\\/pt-pt\\\/rtalks\\\/dr-david-bolius\\\/\",\"name\":\"RTalk with Dr. David Bolius - REIKI Conciliation\",\"isPartOf\":{\"@id\":\"https:\\\/\\\/reiki-conciliation.org\\\/#website\"},\"primaryImageOfPage\":{\"@id\":\"https:\\\/\\\/reiki-conciliation.org\\\/pt-pt\\\/rtalks\\\/dr-david-bolius\\\/#primaryimage\"},\"image\":{\"@id\":\"https:\\\/\\\/reiki-conciliation.org\\\/pt-pt\\\/rtalks\\\/dr-david-bolius\\\/#primaryimage\"},\"thumbnailUrl\":\"https:\\\/\\\/reiki-conciliation.org\\\/wp-content\\\/uploads\\\/rtalk-youtube-david-bolius.jpg\",\"datePublished\":\"2021-10-14T23:32:51+00:00\",\"description\":\"Muito na vida pode ser visto de v\u00e1rios \u00e2ngulos. Isto tamb\u00e9m se aplica ao pr\u00f3prio mundo: podemos olhar para ele de um ponto de vista muito materialista. Ou a nossa vis\u00e3o sobre o mundo vem de uma perspectiva imaterial. Pontos de discuss\u00e3o elevados est\u00e3o a ser discutidos pelos dois homens de uma forma muito pessoal, mesmo \u00edntima.\",\"breadcrumb\":{\"@id\":\"https:\\\/\\\/reiki-conciliation.org\\\/pt-pt\\\/rtalks\\\/dr-david-bolius\\\/#breadcrumb\"},\"inLanguage\":\"pt-PT\",\"potentialAction\":[{\"@type\":\"ReadAction\",\"target\":[\"https:\\\/\\\/reiki-conciliation.org\\\/pt-pt\\\/rtalks\\\/dr-david-bolius\\\/\"]}]},{\"@type\":\"ImageObject\",\"inLanguage\":\"pt-PT\",\"@id\":\"https:\\\/\\\/reiki-conciliation.org\\\/pt-pt\\\/rtalks\\\/dr-david-bolius\\\/#primaryimage\",\"url\":\"https:\\\/\\\/reiki-conciliation.org\\\/wp-content\\\/uploads\\\/rtalk-youtube-david-bolius.jpg\",\"contentUrl\":\"https:\\\/\\\/reiki-conciliation.org\\\/wp-content\\\/uploads\\\/rtalk-youtube-david-bolius.jpg\",\"width\":1280,\"height\":720},{\"@type\":\"BreadcrumbList\",\"@id\":\"https:\\\/\\\/reiki-conciliation.org\\\/pt-pt\\\/rtalks\\\/dr-david-bolius\\\/#breadcrumb\",\"itemListElement\":[{\"@type\":\"ListItem\",\"position\":1,\"name\":\"Home\",\"item\":\"https:\\\/\\\/reiki-conciliation.org\\\/\"},{\"@type\":\"ListItem\",\"position\":2,\"name\":\"Dr. David Bolius\"}]},{\"@type\":\"WebSite\",\"@id\":\"https:\\\/\\\/reiki-conciliation.org\\\/#website\",\"url\":\"https:\\\/\\\/reiki-conciliation.org\\\/\",\"name\":\"REIKI Conciliation\",\"description\":\"\",\"publisher\":{\"@id\":\"https:\\\/\\\/reiki-conciliation.org\\\/#organization\"},\"potentialAction\":[{\"@type\":\"SearchAction\",\"target\":{\"@type\":\"EntryPoint\",\"urlTemplate\":\"https:\\\/\\\/reiki-conciliation.org\\\/?s={search_term_string}\"},\"query-input\":{\"@type\":\"PropertyValueSpecification\",\"valueRequired\":true,\"valueName\":\"search_term_string\"}}],\"inLanguage\":\"pt-PT\"},{\"@type\":\"Organization\",\"@id\":\"https:\\\/\\\/reiki-conciliation.org\\\/#organization\",\"name\":\"Reiki Conciliation\",\"url\":\"https:\\\/\\\/reiki-conciliation.org\\\/\",\"logo\":{\"@type\":\"ImageObject\",\"inLanguage\":\"pt-PT\",\"@id\":\"https:\\\/\\\/reiki-conciliation.org\\\/#\\\/schema\\\/logo\\\/image\\\/\",\"url\":\"https:\\\/\\\/reiki-conciliation.org\\\/wp-content\\\/uploads\\\/logo-rc.png\",\"contentUrl\":\"https:\\\/\\\/reiki-conciliation.org\\\/wp-content\\\/uploads\\\/logo-rc.png\",\"width\":200,\"height\":176,\"caption\":\"Reiki Conciliation\"},\"image\":{\"@id\":\"https:\\\/\\\/reiki-conciliation.org\\\/#\\\/schema\\\/logo\\\/image\\\/\"}}]}<\/script>\n<!-- \/ Yoast SEO plugin. -->","yoast_head_json":{"title":"RTalk with Dr. David Bolius - REIKI Conciliation","description":"Muito na vida pode ser visto de v\u00e1rios \u00e2ngulos. Isto tamb\u00e9m se aplica ao pr\u00f3prio mundo: podemos olhar para ele de um ponto de vista muito materialista. Ou a nossa vis\u00e3o sobre o mundo vem de uma perspectiva imaterial. Pontos de discuss\u00e3o elevados est\u00e3o a ser discutidos pelos dois homens de uma forma muito pessoal, mesmo \u00edntima.","robots":{"index":"index","follow":"follow","max-snippet":"max-snippet:-1","max-image-preview":"max-image-preview:large","max-video-preview":"max-video-preview:-1"},"canonical":"https:\/\/reiki-conciliation.org\/pt-pt\/rtalks\/dr-david-bolius\/","og_locale":"pt_PT","og_type":"article","og_title":"RTalk with Dr. David Bolius - REIKI Conciliation","og_description":"Muito na vida pode ser visto de v\u00e1rios \u00e2ngulos. Isto tamb\u00e9m se aplica ao pr\u00f3prio mundo: podemos olhar para ele de um ponto de vista muito materialista. Ou a nossa vis\u00e3o sobre o mundo vem de uma perspectiva imaterial. Pontos de discuss\u00e3o elevados est\u00e3o a ser discutidos pelos dois homens de uma forma muito pessoal, mesmo \u00edntima.","og_url":"https:\/\/reiki-conciliation.org\/pt-pt\/rtalks\/dr-david-bolius\/","og_site_name":"REIKI Conciliation","og_image":[{"url":"https:\/\/reiki-conciliation.org\/wp-content\/uploads\/rtalk-facebook-david-bolius.jpg","type":"","width":"","height":""}],"twitter_card":"summary_large_image","twitter_misc":{"Tempo estimado de leitura":"3 minutos"},"schema":{"@context":"https:\/\/schema.org","@graph":[{"@type":"WebPage","@id":"https:\/\/reiki-conciliation.org\/pt-pt\/rtalks\/dr-david-bolius\/","url":"https:\/\/reiki-conciliation.org\/pt-pt\/rtalks\/dr-david-bolius\/","name":"RTalk with Dr. David Bolius - REIKI Conciliation","isPartOf":{"@id":"https:\/\/reiki-conciliation.org\/#website"},"primaryImageOfPage":{"@id":"https:\/\/reiki-conciliation.org\/pt-pt\/rtalks\/dr-david-bolius\/#primaryimage"},"image":{"@id":"https:\/\/reiki-conciliation.org\/pt-pt\/rtalks\/dr-david-bolius\/#primaryimage"},"thumbnailUrl":"https:\/\/reiki-conciliation.org\/wp-content\/uploads\/rtalk-youtube-david-bolius.jpg","datePublished":"2021-10-14T23:32:51+00:00","description":"Muito na vida pode ser visto de v\u00e1rios \u00e2ngulos. Isto tamb\u00e9m se aplica ao pr\u00f3prio mundo: podemos olhar para ele de um ponto de vista muito materialista. Ou a nossa vis\u00e3o sobre o mundo vem de uma perspectiva imaterial. Pontos de discuss\u00e3o elevados est\u00e3o a ser discutidos pelos dois homens de uma forma muito pessoal, mesmo \u00edntima.","breadcrumb":{"@id":"https:\/\/reiki-conciliation.org\/pt-pt\/rtalks\/dr-david-bolius\/#breadcrumb"},"inLanguage":"pt-PT","potentialAction":[{"@type":"ReadAction","target":["https:\/\/reiki-conciliation.org\/pt-pt\/rtalks\/dr-david-bolius\/"]}]},{"@type":"ImageObject","inLanguage":"pt-PT","@id":"https:\/\/reiki-conciliation.org\/pt-pt\/rtalks\/dr-david-bolius\/#primaryimage","url":"https:\/\/reiki-conciliation.org\/wp-content\/uploads\/rtalk-youtube-david-bolius.jpg","contentUrl":"https:\/\/reiki-conciliation.org\/wp-content\/uploads\/rtalk-youtube-david-bolius.jpg","width":1280,"height":720},{"@type":"BreadcrumbList","@id":"https:\/\/reiki-conciliation.org\/pt-pt\/rtalks\/dr-david-bolius\/#breadcrumb","itemListElement":[{"@type":"ListItem","position":1,"name":"Home","item":"https:\/\/reiki-conciliation.org\/"},{"@type":"ListItem","position":2,"name":"Dr. David Bolius"}]},{"@type":"WebSite","@id":"https:\/\/reiki-conciliation.org\/#website","url":"https:\/\/reiki-conciliation.org\/","name":"REIKI Conciliation","description":"","publisher":{"@id":"https:\/\/reiki-conciliation.org\/#organization"},"potentialAction":[{"@type":"SearchAction","target":{"@type":"EntryPoint","urlTemplate":"https:\/\/reiki-conciliation.org\/?s={search_term_string}"},"query-input":{"@type":"PropertyValueSpecification","valueRequired":true,"valueName":"search_term_string"}}],"inLanguage":"pt-PT"},{"@type":"Organization","@id":"https:\/\/reiki-conciliation.org\/#organization","name":"Reiki Conciliation","url":"https:\/\/reiki-conciliation.org\/","logo":{"@type":"ImageObject","inLanguage":"pt-PT","@id":"https:\/\/reiki-conciliation.org\/#\/schema\/logo\/image\/","url":"https:\/\/reiki-conciliation.org\/wp-content\/uploads\/logo-rc.png","contentUrl":"https:\/\/reiki-conciliation.org\/wp-content\/uploads\/logo-rc.png","width":200,"height":176,"caption":"Reiki Conciliation"},"image":{"@id":"https:\/\/reiki-conciliation.org\/#\/schema\/logo\/image\/"}}]}},"_links":{"self":[{"href":"https:\/\/reiki-conciliation.org\/pt-pt\/wp-json\/wp\/v2\/rtalks\/4489","targetHints":{"allow":["GET"]}}],"collection":[{"href":"https:\/\/reiki-conciliation.org\/pt-pt\/wp-json\/wp\/v2\/rtalks"}],"about":[{"href":"https:\/\/reiki-conciliation.org\/pt-pt\/wp-json\/wp\/v2\/types\/rtalks"}],"wp:featuredmedia":[{"embeddable":true,"href":"https:\/\/reiki-conciliation.org\/pt-pt\/wp-json\/wp\/v2\/media\/4550"}],"wp:attachment":[{"href":"https:\/\/reiki-conciliation.org\/pt-pt\/wp-json\/wp\/v2\/media?parent=4489"}],"curies":[{"name":"wp","href":"https:\/\/api.w.org\/{rel}","templated":true}]}}