{"id":4671,"date":"2021-11-05T03:33:41","date_gmt":"2021-11-05T02:33:41","guid":{"rendered":"https:\/\/reiki-conciliation.org\/?post_type=rtalks&#038;p=4671"},"modified":"2021-11-04T18:10:28","modified_gmt":"2021-11-04T17:10:28","slug":"olivia-veloso","status":"publish","type":"rtalks","link":"https:\/\/reiki-conciliation.org\/pt-pt\/rtalks\/olivia-veloso\/","title":{"rendered":"Olivia Veloso"},"content":{"rendered":"<p>O Universo n\u00e3o julga o que estamos a criar. A responsabilidade pelos nossos pensamentos e ac\u00e7\u00f5es est\u00e1 exclusivamente connosco. Enquanto Olivia \u00e9 firme com a sua proposta &#8216;onde quer que concentremos a nossa aten\u00e7\u00e3o, obtemos mais do mesmo&#8217;, Ren\u00e9 questiona esta simplifica\u00e7\u00e3o.<\/p>\r\n<p>Quer tenhamos ou n\u00e3o estado no assunto que vimos, ouvimos, aprendemos ou experiment\u00e1mos; tudo \u00e9 armazenado nas nossas mentes subconscientes. Tudo o que podemos fazer \u00e9 colocar o assunto indesejado de lado e decidir concentrar a nossa aten\u00e7\u00e3o em algo mais que preferimos. Ren\u00e9 sugere que a substitui\u00e7\u00e3o de um pensamento negativo por um presumivelmente positivo, como \u00e9 frequentemente feito com afirma\u00e7\u00f5es, leva tamb\u00e9m a um fim infeliz se for carregado de expectativa. Neste ponto, Olivia faz o reparo v\u00e1lido:<\/p>\r\n<blockquote>\r\n<p>&#8220;Temos de sentir o que estamos a dizer at\u00e9 que toque o nosso profundo conhecimento&#8221;.<\/p>\r\n<\/blockquote>\r\n<p>Quando elevamos a nossa frequ\u00eancia vibracional; estamos a afinar a nossa comunica\u00e7\u00e3o com o Universo. Olivia compara isto com um Wi-Fi e com a obten\u00e7\u00e3o de uma recep\u00e7\u00e3o mais clara; depois estamos conscientes de uma orienta\u00e7\u00e3o a que chamamos &#8216;intui\u00e7\u00e3o&#8217;. Al\u00e9m disso, estamos em contacto com os nossos valores morais, com os quais nascemos. A forma mais simples de elevar o nosso n\u00edvel de energia \u00e9 ter uma boa atitude sobre o assunto em que estamos a concentrar-nos.<\/p>\r\n<p>Olivia enfatiza que temos um lado f\u00edsico e espiritual para n\u00f3s pr\u00f3prios e que temos de cuidar; n\u00e3o podemos ser todos materiais nem todos espirituais. Quando cultivamos o nosso ser hol\u00edstico a partir de um elevado n\u00edvel energ\u00e9tico, percebemos e experimentamos o mundo material e as nossas vidas de um ponto de vista mais positivo. Estamos aqui para viver esta experi\u00eancia humana, pelo que \u00e9 bom querer coisas materiais que Olivia chama de ponto de salto que nos leva a um n\u00edvel mais elevado de cria\u00e7\u00e3o. A sua pr\u00f3pria viagem levou-a de um lugar de querer coisas materiais para um lugar de acreditar, e de l\u00e1 para confiar e eventualmente para alcan\u00e7ar um lugar de saber.<\/p>\r\n<blockquote>\r\n<p>&#8220;O que o Universo nos d\u00e1 \u00e9 sempre melhor do que aquilo que n\u00f3s queremos&#8221;.<\/p>\r\n<\/blockquote>\r\n<p>Para exemplificar a sua vis\u00e3o, Olivia partilha duas experi\u00eancias recentes: Ela encontrou-se inesperadamente em situa\u00e7\u00f5es em que n\u00e3o existiam solu\u00e7\u00f5es. Ela manteve uma boa atitude, at\u00e9 que chegou o momento em que sentiu que algo a tinha for\u00e7ado a tomar certas ac\u00e7\u00f5es que naturalmente lhe trouxeram resultados inesperados e surpreendentes.<\/p>\r\n<blockquote>\r\n<p>&#8220;Portanto, n\u00e3o se trata do que est\u00e1 a acontecer, mas sim da nossa atitude em rela\u00e7\u00e3o ao que est\u00e1 a acontecer que \u00e9 importante&#8221;.<\/p>\r\n<\/blockquote>\r\n<h2>Biografia<\/h2>\r\n<p>Olivia Veloso nasceu nas Filipinas, viveu em Espanha desde a sua adolesc\u00eancia e mudou-se para o Arizona em 2007. Mestre Reiki de diferentes sistemas h\u00e1 mais de 26 anos; tem sido chamada pioneira, facilitadora e \u00e9 conhecida por tocar vidas.<\/p>\r\n<p>Desde 2000, Olivia tem viajado muito por todo o mundo para ensinar e dar tratamentos. Al\u00e9m disso, ela tamb\u00e9m tem feito parte das equipas organizadoras das confer\u00eancias internacionais de Reiki. Ela \u00e9 uma patrocinadora da Conven\u00e7\u00e3o de Reiki Usui 2022 de Quioto, celebrando o 100\u00ba anivers\u00e1rio do Reiki de 12 a 14 de Agosto &#8211; ver 2022 Global Celebration Events. https:\/\/reiki-conciliation.org\/projects\/2022-global-celebration-events\/<\/p>\r\n<p>Para unir e encorajar os seus alunos, Olivia estabeleceu recentemente Gendai Reiki Ho Oneness.<br \/>\r\nEla \u00e9 tamb\u00e9m qualificada em outros campos hol\u00edsticos; para citar alguns: PNL, Hipnoterapia, Feng Shui, Reflexologia e outras t\u00e9cnicas de massagem e modalidades de cura.<\/p>\r\n<h2>Publica\u00e7\u00f5es<\/h2>\r\n<p><em><strong>On the Wings of Manifestation<\/strong>s<\/em><strong>,<\/strong> 2017, ISBN: 197397469X, Amazon, Barnes &amp; Noble ou BOOK DEPOSITORY. Espanhol: Contacto de Alas, 2018, ISBN: 978-84-944463-2-0, Reikiavik Ediciones, Amazon e em El Corte Ingles<\/p>\r\n<p><em><strong>Wherever You Take Me<\/strong>,<\/em>\u00a02019, ISBN: 78843907R00159, Reikiavik Ediciones, Amazon e Barnes &amp; Nobel ou BOOK DEPOSITORY.<\/p>\r\n<p><em><strong>From a Place of Knowing<\/strong>:<\/em>: Janeiro\/ Fevereiro de 2022<\/p>\r\n<h2>Contacto<\/h2>\r\n<p>Para mais informa\u00e7\u00f5es, por favor contactar directamente a Olivia ou enviar uma mensagem de texto: 480.266.4575 ou enviar-lhe um e-mail para: <a href=\"mailto:grharizona.1@gmail.com\">grharizona.1@gmail.com<\/a><\/p>\r\n<p>Pode tamb\u00e9m segui-la na p\u00e1gina do seu facebook: Olivia Veloso e no <a href=\"https:\/\/www.instagram.com\/gendai.master.olivia\/\">instagram.com\/gendai.master.olivia<\/a>\u00a0<\/p>","protected":false},"excerpt":{"rendered":"O Universo n\u00e3o julga o que estamos a criar. Enquanto Olivia \u00e9 firme na sua proposta &#8220;onde quer que concentremos a nossa aten\u00e7\u00e3o, obtemos mais do mesmo&#8221;, Ren\u00e9 questiona esta simplifica\u00e7\u00e3o.","protected":false},"featured_media":4709,"template":"","class_list":["post-4671","rtalks","type-rtalks","status-publish","has-post-thumbnail","hentry"],"acf":[],"yoast_head":"<!-- This site is optimized with the Yoast SEO plugin v27.3 - https:\/\/yoast.com\/product\/yoast-seo-wordpress\/ -->\n<title>RTalk &#039;Atrac\u00e7\u00e3o&#039; com Olivia Veloso - REIKI Conciliation<\/title>\n<meta name=\"description\" content=\"O Universo n\u00e3o julga o que estamos a criar. Enquanto Olivia \u00e9 firme na sua proposta &quot;onde quer que concentremos a nossa aten\u00e7\u00e3o, obtemos mais do mesmo&quot;, Ren\u00e9 questiona esta simplifica\u00e7\u00e3o.\" \/>\n<meta name=\"robots\" content=\"index, follow, max-snippet:-1, max-image-preview:large, max-video-preview:-1\" \/>\n<link rel=\"canonical\" href=\"https:\/\/reiki-conciliation.org\/pt-pt\/rtalks\/olivia-veloso\/\" \/>\n<meta property=\"og:locale\" content=\"pt_PT\" \/>\n<meta property=\"og:type\" content=\"article\" \/>\n<meta property=\"og:title\" content=\"RTalk &#039;Atrac\u00e7\u00e3o&#039; com Olivia Veloso - REIKI Conciliation\" \/>\n<meta property=\"og:description\" content=\"O Universo n\u00e3o julga o que estamos a criar. Enquanto Olivia \u00e9 firme na sua proposta &quot;onde quer que concentremos a nossa aten\u00e7\u00e3o, obtemos mais do mesmo&quot;, Ren\u00e9 questiona esta simplifica\u00e7\u00e3o.\" \/>\n<meta property=\"og:url\" content=\"https:\/\/reiki-conciliation.org\/pt-pt\/rtalks\/olivia-veloso\/\" \/>\n<meta property=\"og:site_name\" content=\"REIKI Conciliation\" \/>\n<meta property=\"og:image\" content=\"https:\/\/reiki-conciliation.org\/wp-content\/uploads\/rtalk-facebook-olivia-veloso.jpg\" \/>\n<meta name=\"twitter:card\" content=\"summary_large_image\" \/>\n<meta name=\"twitter:label1\" content=\"Tempo estimado de leitura\" \/>\n\t<meta name=\"twitter:data1\" content=\"3 minutos\" \/>\n<script type=\"application\/ld+json\" class=\"yoast-schema-graph\">{\"@context\":\"https:\\\/\\\/schema.org\",\"@graph\":[{\"@type\":\"WebPage\",\"@id\":\"https:\\\/\\\/reiki-conciliation.org\\\/pt-pt\\\/rtalks\\\/olivia-veloso\\\/\",\"url\":\"https:\\\/\\\/reiki-conciliation.org\\\/pt-pt\\\/rtalks\\\/olivia-veloso\\\/\",\"name\":\"RTalk 'Atrac\u00e7\u00e3o' com Olivia Veloso - REIKI Conciliation\",\"isPartOf\":{\"@id\":\"https:\\\/\\\/reiki-conciliation.org\\\/#website\"},\"primaryImageOfPage\":{\"@id\":\"https:\\\/\\\/reiki-conciliation.org\\\/pt-pt\\\/rtalks\\\/olivia-veloso\\\/#primaryimage\"},\"image\":{\"@id\":\"https:\\\/\\\/reiki-conciliation.org\\\/pt-pt\\\/rtalks\\\/olivia-veloso\\\/#primaryimage\"},\"thumbnailUrl\":\"https:\\\/\\\/reiki-conciliation.org\\\/wp-content\\\/uploads\\\/rtalk-youtube-olivia-veloso.jpg\",\"datePublished\":\"2021-11-05T02:33:41+00:00\",\"description\":\"O Universo n\u00e3o julga o que estamos a criar. Enquanto Olivia \u00e9 firme na sua proposta \\\"onde quer que concentremos a nossa aten\u00e7\u00e3o, obtemos mais do mesmo\\\", Ren\u00e9 questiona esta simplifica\u00e7\u00e3o.\",\"breadcrumb\":{\"@id\":\"https:\\\/\\\/reiki-conciliation.org\\\/pt-pt\\\/rtalks\\\/olivia-veloso\\\/#breadcrumb\"},\"inLanguage\":\"pt-PT\",\"potentialAction\":[{\"@type\":\"ReadAction\",\"target\":[\"https:\\\/\\\/reiki-conciliation.org\\\/pt-pt\\\/rtalks\\\/olivia-veloso\\\/\"]}]},{\"@type\":\"ImageObject\",\"inLanguage\":\"pt-PT\",\"@id\":\"https:\\\/\\\/reiki-conciliation.org\\\/pt-pt\\\/rtalks\\\/olivia-veloso\\\/#primaryimage\",\"url\":\"https:\\\/\\\/reiki-conciliation.org\\\/wp-content\\\/uploads\\\/rtalk-youtube-olivia-veloso.jpg\",\"contentUrl\":\"https:\\\/\\\/reiki-conciliation.org\\\/wp-content\\\/uploads\\\/rtalk-youtube-olivia-veloso.jpg\",\"width\":1280,\"height\":720},{\"@type\":\"BreadcrumbList\",\"@id\":\"https:\\\/\\\/reiki-conciliation.org\\\/pt-pt\\\/rtalks\\\/olivia-veloso\\\/#breadcrumb\",\"itemListElement\":[{\"@type\":\"ListItem\",\"position\":1,\"name\":\"Home\",\"item\":\"https:\\\/\\\/reiki-conciliation.org\\\/\"},{\"@type\":\"ListItem\",\"position\":2,\"name\":\"Olivia Veloso\"}]},{\"@type\":\"WebSite\",\"@id\":\"https:\\\/\\\/reiki-conciliation.org\\\/#website\",\"url\":\"https:\\\/\\\/reiki-conciliation.org\\\/\",\"name\":\"REIKI Conciliation\",\"description\":\"\",\"publisher\":{\"@id\":\"https:\\\/\\\/reiki-conciliation.org\\\/#organization\"},\"potentialAction\":[{\"@type\":\"SearchAction\",\"target\":{\"@type\":\"EntryPoint\",\"urlTemplate\":\"https:\\\/\\\/reiki-conciliation.org\\\/?s={search_term_string}\"},\"query-input\":{\"@type\":\"PropertyValueSpecification\",\"valueRequired\":true,\"valueName\":\"search_term_string\"}}],\"inLanguage\":\"pt-PT\"},{\"@type\":\"Organization\",\"@id\":\"https:\\\/\\\/reiki-conciliation.org\\\/#organization\",\"name\":\"Reiki Conciliation\",\"url\":\"https:\\\/\\\/reiki-conciliation.org\\\/\",\"logo\":{\"@type\":\"ImageObject\",\"inLanguage\":\"pt-PT\",\"@id\":\"https:\\\/\\\/reiki-conciliation.org\\\/#\\\/schema\\\/logo\\\/image\\\/\",\"url\":\"https:\\\/\\\/reiki-conciliation.org\\\/wp-content\\\/uploads\\\/logo-rc.png\",\"contentUrl\":\"https:\\\/\\\/reiki-conciliation.org\\\/wp-content\\\/uploads\\\/logo-rc.png\",\"width\":200,\"height\":176,\"caption\":\"Reiki Conciliation\"},\"image\":{\"@id\":\"https:\\\/\\\/reiki-conciliation.org\\\/#\\\/schema\\\/logo\\\/image\\\/\"}}]}<\/script>\n<!-- \/ Yoast SEO plugin. -->","yoast_head_json":{"title":"RTalk 'Atrac\u00e7\u00e3o' com Olivia Veloso - REIKI Conciliation","description":"O Universo n\u00e3o julga o que estamos a criar. Enquanto Olivia \u00e9 firme na sua proposta \"onde quer que concentremos a nossa aten\u00e7\u00e3o, obtemos mais do mesmo\", Ren\u00e9 questiona esta simplifica\u00e7\u00e3o.","robots":{"index":"index","follow":"follow","max-snippet":"max-snippet:-1","max-image-preview":"max-image-preview:large","max-video-preview":"max-video-preview:-1"},"canonical":"https:\/\/reiki-conciliation.org\/pt-pt\/rtalks\/olivia-veloso\/","og_locale":"pt_PT","og_type":"article","og_title":"RTalk 'Atrac\u00e7\u00e3o' com Olivia Veloso - REIKI Conciliation","og_description":"O Universo n\u00e3o julga o que estamos a criar. Enquanto Olivia \u00e9 firme na sua proposta \"onde quer que concentremos a nossa aten\u00e7\u00e3o, obtemos mais do mesmo\", Ren\u00e9 questiona esta simplifica\u00e7\u00e3o.","og_url":"https:\/\/reiki-conciliation.org\/pt-pt\/rtalks\/olivia-veloso\/","og_site_name":"REIKI Conciliation","og_image":[{"url":"https:\/\/reiki-conciliation.org\/wp-content\/uploads\/rtalk-facebook-olivia-veloso.jpg","type":"","width":"","height":""}],"twitter_card":"summary_large_image","twitter_misc":{"Tempo estimado de leitura":"3 minutos"},"schema":{"@context":"https:\/\/schema.org","@graph":[{"@type":"WebPage","@id":"https:\/\/reiki-conciliation.org\/pt-pt\/rtalks\/olivia-veloso\/","url":"https:\/\/reiki-conciliation.org\/pt-pt\/rtalks\/olivia-veloso\/","name":"RTalk 'Atrac\u00e7\u00e3o' com Olivia Veloso - REIKI Conciliation","isPartOf":{"@id":"https:\/\/reiki-conciliation.org\/#website"},"primaryImageOfPage":{"@id":"https:\/\/reiki-conciliation.org\/pt-pt\/rtalks\/olivia-veloso\/#primaryimage"},"image":{"@id":"https:\/\/reiki-conciliation.org\/pt-pt\/rtalks\/olivia-veloso\/#primaryimage"},"thumbnailUrl":"https:\/\/reiki-conciliation.org\/wp-content\/uploads\/rtalk-youtube-olivia-veloso.jpg","datePublished":"2021-11-05T02:33:41+00:00","description":"O Universo n\u00e3o julga o que estamos a criar. Enquanto Olivia \u00e9 firme na sua proposta \"onde quer que concentremos a nossa aten\u00e7\u00e3o, obtemos mais do mesmo\", Ren\u00e9 questiona esta simplifica\u00e7\u00e3o.","breadcrumb":{"@id":"https:\/\/reiki-conciliation.org\/pt-pt\/rtalks\/olivia-veloso\/#breadcrumb"},"inLanguage":"pt-PT","potentialAction":[{"@type":"ReadAction","target":["https:\/\/reiki-conciliation.org\/pt-pt\/rtalks\/olivia-veloso\/"]}]},{"@type":"ImageObject","inLanguage":"pt-PT","@id":"https:\/\/reiki-conciliation.org\/pt-pt\/rtalks\/olivia-veloso\/#primaryimage","url":"https:\/\/reiki-conciliation.org\/wp-content\/uploads\/rtalk-youtube-olivia-veloso.jpg","contentUrl":"https:\/\/reiki-conciliation.org\/wp-content\/uploads\/rtalk-youtube-olivia-veloso.jpg","width":1280,"height":720},{"@type":"BreadcrumbList","@id":"https:\/\/reiki-conciliation.org\/pt-pt\/rtalks\/olivia-veloso\/#breadcrumb","itemListElement":[{"@type":"ListItem","position":1,"name":"Home","item":"https:\/\/reiki-conciliation.org\/"},{"@type":"ListItem","position":2,"name":"Olivia Veloso"}]},{"@type":"WebSite","@id":"https:\/\/reiki-conciliation.org\/#website","url":"https:\/\/reiki-conciliation.org\/","name":"REIKI Conciliation","description":"","publisher":{"@id":"https:\/\/reiki-conciliation.org\/#organization"},"potentialAction":[{"@type":"SearchAction","target":{"@type":"EntryPoint","urlTemplate":"https:\/\/reiki-conciliation.org\/?s={search_term_string}"},"query-input":{"@type":"PropertyValueSpecification","valueRequired":true,"valueName":"search_term_string"}}],"inLanguage":"pt-PT"},{"@type":"Organization","@id":"https:\/\/reiki-conciliation.org\/#organization","name":"Reiki Conciliation","url":"https:\/\/reiki-conciliation.org\/","logo":{"@type":"ImageObject","inLanguage":"pt-PT","@id":"https:\/\/reiki-conciliation.org\/#\/schema\/logo\/image\/","url":"https:\/\/reiki-conciliation.org\/wp-content\/uploads\/logo-rc.png","contentUrl":"https:\/\/reiki-conciliation.org\/wp-content\/uploads\/logo-rc.png","width":200,"height":176,"caption":"Reiki Conciliation"},"image":{"@id":"https:\/\/reiki-conciliation.org\/#\/schema\/logo\/image\/"}}]}},"_links":{"self":[{"href":"https:\/\/reiki-conciliation.org\/pt-pt\/wp-json\/wp\/v2\/rtalks\/4671","targetHints":{"allow":["GET"]}}],"collection":[{"href":"https:\/\/reiki-conciliation.org\/pt-pt\/wp-json\/wp\/v2\/rtalks"}],"about":[{"href":"https:\/\/reiki-conciliation.org\/pt-pt\/wp-json\/wp\/v2\/types\/rtalks"}],"wp:featuredmedia":[{"embeddable":true,"href":"https:\/\/reiki-conciliation.org\/pt-pt\/wp-json\/wp\/v2\/media\/4709"}],"wp:attachment":[{"href":"https:\/\/reiki-conciliation.org\/pt-pt\/wp-json\/wp\/v2\/media?parent=4671"}],"curies":[{"name":"wp","href":"https:\/\/api.w.org\/{rel}","templated":true}]}}