{"id":4905,"date":"2022-01-07T03:33:59","date_gmt":"2022-01-07T02:33:59","guid":{"rendered":"https:\/\/reiki-conciliation.org\/?post_type=rtalks&#038;p=4905"},"modified":"2022-01-07T07:04:09","modified_gmt":"2022-01-07T06:04:09","slug":"muniqui-muhammad","status":"publish","type":"rtalks","link":"https:\/\/reiki-conciliation.org\/pt-pt\/rtalks\/muniqui-muhammad\/","title":{"rendered":"Muniqui Muhammad"},"content":{"rendered":"<p>Um\u00a0mu\u00e7ulmano negro americano no Jap\u00e3o e um agn\u00f3stico su\u00ed\u00e7o branco &#8230; um quadro potencialmente irritante para alguns. Qu\u00e3o relevantes s\u00e3o as diferen\u00e7as culturais quando se lida com a irrita\u00e7\u00e3o?<\/p>\r\n<p>\u00a0<a href=\"https:\/\/www.youtube.com\/watch?v=XboczoLzyhE&amp;t=0s\">0:00<\/a> <strong>Introdu\u00e7\u00e3o e uma excurs\u00e3o surpresa \u00e0 dan\u00e7a Hula<\/strong> &#8211; Hula \u00e9 uma graciosa forma de arte e linguagem do cora\u00e7\u00e3o. Mas n\u00e3o s\u00f3: &#8220;Nos tempos antigos, os homens que dan\u00e7avam Hula, recebiam um treino t\u00e3o intenso que eram seleccionados para serem os guerreiros em batalha&#8221;. For\u00e7a e dureza, tanto quanto calor e humor podem ajudar quando se lida com ou se evita o confronto.<\/p>\r\n<p><a href=\"https:\/\/www.youtube.com\/watch?v=XboczoLzyhE&amp;t=547s\">9:07<\/a> <strong>Alguma coisa o irritou hoje e como lidou com isso?<\/strong><\/p>\r\n<p><a href=\"https:\/\/www.youtube.com\/watch?v=XboczoLzyhE&amp;t=614s\">10:14<\/a> <strong>Aceder \u00e0 dureza e outras estrat\u00e9gias<\/strong> &#8211; Por vezes, suprimir o mal-estar n\u00e3o \u00e9 necessariamente a melhor estrat\u00e9gia. Um an\u00fancio claro pode alcan\u00e7ar algo mais. Outras vezes, o sil\u00eancio pode difundir uma situa\u00e7\u00e3o. &#8220;Se as pessoas t\u00eam apenas uma op\u00e7\u00e3o, esta torna-se reaccion\u00e1ria e destrutiva&#8221;.<\/p>\r\n<p><a href=\"https:\/\/www.youtube.com\/watch?v=XboczoLzyhE&amp;t=811s\">13:31<\/a> <strong>Rainha Elisabeth II &#8211; um belo estudo de caso<\/strong> &#8211; &#8220;\u00c9 realmente irritante quando eles falam, mas nada fazem&#8221;.<\/p>\r\n<p><a href=\"https:\/\/www.youtube.com\/watch?v=XboczoLzyhE&amp;t=1013s\">16:53<\/a> <strong>Vamos tornar-nos pessoais<\/strong> &#8211; Quando outras pessoas s\u00e3o irritantes, est\u00e3o a oferecer uma grande oportunidade para a auto-reflex\u00e3o. Ser irritante para os outros pode abrir a porta para a conversa. &#8220;Conhecendo a hist\u00f3ria do pa\u00eds e do povo em geral, \u00e9 f\u00e1cil de compreender quando uma pessoa pode ter uma reac\u00e7\u00e3o a mim&#8221;.<\/p>\r\n<p><a href=\"https:\/\/www.youtube.com\/watch?v=XboczoLzyhE&amp;t=1257s\">20:57<\/a> <strong>Agente provocador<\/strong> &#8211; H\u00e1 um imperativo socr\u00e1tico de que se deve estar disposto a ser o portador de m\u00e1s not\u00edcias ao servi\u00e7o da comunidade; que esta \u00e9 uma voca\u00e7\u00e3o nobre. &#8220;O que \u00e9 a verdade, o que se baseia em factos reais, n\u00e3o a minha opini\u00e3o, n\u00e3o o que sinto? Enquanto apoiar-me nos factos, n\u00e3o tenho qualquer problema em expressar uma opini\u00e3o impopular&#8221;.<\/p>\r\n<p><a href=\"https:\/\/www.youtube.com\/watch?v=XboczoLzyhE&amp;t=1509s\">25:09<\/a> <strong>Vote com os p\u00e9s<\/strong> &#8211; Quando tudo j\u00e1 foi tentado e dito, h\u00e1 sempre a op\u00e7\u00e3o de se afastar &#8211; tanto quando se est\u00e1 irritado como quando se \u00e9 irritante. &#8220;&#8230; opto por me afastar dessa situa\u00e7\u00e3o porque h\u00e1 pelo menos cento e vinte e seis milh\u00f5es de pessoas no Jap\u00e3o, sete mil milh\u00f5es de pessoas no planeta&#8221;.<\/p>\r\n<p><a href=\"https:\/\/www.youtube.com\/watch?v=XboczoLzyhE&amp;t=1880s\">31:20<\/a> <strong>Conclus\u00e3o final<\/strong> &#8211; Apesar de os dois interlocutores n\u00e3o se afastarem de aspectos pesados deste t\u00f3pico &#8220;carregado&#8221;, fazem-no com respeito m\u00fatuo, carinho e com riso. A pergunta &#8220;Qual \u00e9 a minha contribui\u00e7\u00e3o, como \u00e9 que eu criei esta experi\u00eancia na minha vida?&#8221; \u00e9 omnipresente quando eles contemplam a &#8216;irrita\u00e7\u00e3o&#8217; a partir de muitos pontos de vista diferentes.\u00a0\u00a0<\/p>\r\n<h2><strong>Biografia<\/strong><\/h2>\r\n<p><em><strong>\u00a0<\/strong>&#8220;O meu nome \u00e9 Muniqui Muhammad ( pronuncia-se &#8220;Moo-KNEE-kai&#8221;), nasci em Phoenix Arizona, nos Estados Unidos. Sou licenciado em espanhol pela Universidade do Arizona e vivo e trabalho no Jap\u00e3o como professor de ingl\u00eas desde 1998.<\/em><\/p>\r\n<p><em>O Reiki encontrou-me em 2016, quando a minha futura s\u00f3cia Lena Takahashi me disse que o Reiki me ajudaria a crescer. Como mu\u00e7ulmano praticante, estava c\u00e9ptico mas depois de receber a minha primeira sess\u00e3o de Reiki, sabia que isto era algo que queria aprender e partilhar &#8211; especialmente com pessoas que n\u00e3o sabiam que o Reiki existia. Desde ent\u00e3o, treinei para o n\u00edvel de Mestre Professor. Tamb\u00e9m me tornei professor de Reiki Healing Drumming, um praticante de Reiki Sonics (Sound Healing) e um Treinador de Vida Espiritual com especialidade em Cross Culture Connections.<\/em><\/p>\r\n<p><em>Tamb\u00e9m aprecio a dan\u00e7a Hula havaiana e todas as formas de dan\u00e7a latina.<\/em><\/p>\r\n<p><em>Sou Co-Fundador da Healing Land Reiki com a Lena Takahashi e estamos empenhados em fornecer informa\u00e7\u00e3o e treino de Reiki precisos e \u00fateis&#8221;.<\/em><\/p>\r\n<h2><strong>Liga\u00e7\u00f5es<\/strong><\/h2>\r\n<p>Website: <a href=\"https:\/\/www.healinglandreiki.com\">healinglandreiki.com<\/a><br \/>\r\nFacebook:<a href=\"https:\/\/www.facebook.com\/healinglandreiki\"> facebook.com\/healinglandreiki<\/a><br \/>\r\nInstagram: <a href=\"https:\/\/www.instagram.com\/healinglandreiki\">instagram.com\/healinglandreiki<\/a><br \/>\r\nVisita visual e medita\u00e7\u00e3o ao Monte Kurama <a href=\"https:\/\/www.healinglandreiki.com\/en\/online-store-details\/mt-kurama-visual-tour-and-meditation\">healinglandreiki.com\/en\/online-store-details\/mt-kurama-visual-tour-and-meditation<\/a><br \/>\r\nPersonal Instagram: <a href=\"https:\/\/www.instagram.com\/thebrotherintheeast\">instagram.com\/thebrotherintheeast<\/a><\/p>\r\n<h2>References<\/h2>\r\n<p><a href=\"https:\/\/youtu.be\/XboczoLzyhE?t=820\">13:40<\/a>: Queen Elisabeth II &#8216;irritation&#8217; at world leaders&#8217; climate inaction | ITV News in context with COP26 UN Climate Conference: <a href=\"https:\/\/youtu.be\/3aAhtN9kMgI\">youtu.be\/3aAhtN9kMgI<\/a><br \/>\r\n<a href=\"https:\/\/youtu.be\/XboczoLzyhE?t=1258\">20:58<\/a>: Socrates&#8217; quote from Dr. Vanessa Wills (political philosopher, s. <a href=\"https:\/\/www.vanessawills.com\/\">vanessawills.com<\/a>) as presented in <a href=\"https:\/\/politicalphilosopher.net\/2016\/09\/23\/featured-philosopher-vanessa-wills\/\">politicalphilosopher.net\/2016\/09\/23\/featured-philosopher-vanessa-wills<\/a><\/p>","protected":false},"excerpt":{"rendered":"Um\u00a0mu\u00e7ulmano negro americano no Jap\u00e3o e um agn\u00f3stico su\u00ed\u00e7o branco &#8230; um quadro potencialmente irritante para alguns. Qu\u00e3o relevantes s\u00e3o as diferen\u00e7as culturais quando se lida com a irrita\u00e7\u00e3o?","protected":false},"featured_media":4930,"template":"","class_list":["post-4905","rtalks","type-rtalks","status-publish","has-post-thumbnail","hentry"],"acf":[],"yoast_head":"<!-- This site is optimized with the Yoast SEO plugin v27.3 - https:\/\/yoast.com\/product\/yoast-seo-wordpress\/ -->\n<title>RTalk with Muniqui Muhammad- REIKI Conciliation<\/title>\n<meta name=\"description\" content=\"Um\u00a0mu\u00e7ulmano negro americano no Jap\u00e3o e um agn\u00f3stico su\u00ed\u00e7o branco ... um quadro potencialmente irritante para alguns. Qu\u00e3o relevantes s\u00e3o as diferen\u00e7as culturais quando se lida com a irrita\u00e7\u00e3o?\" \/>\n<meta name=\"robots\" content=\"index, follow, max-snippet:-1, max-image-preview:large, max-video-preview:-1\" \/>\n<link rel=\"canonical\" href=\"https:\/\/reiki-conciliation.org\/pt-pt\/rtalks\/muniqui-muhammad\/\" \/>\n<meta property=\"og:locale\" content=\"pt_PT\" \/>\n<meta property=\"og:type\" content=\"article\" \/>\n<meta property=\"og:title\" content=\"RTalk with Muniqui Muhammad- REIKI Conciliation\" \/>\n<meta property=\"og:description\" content=\"Um\u00a0mu\u00e7ulmano negro americano no Jap\u00e3o e um agn\u00f3stico su\u00ed\u00e7o branco ... um quadro potencialmente irritante para alguns. Qu\u00e3o relevantes s\u00e3o as diferen\u00e7as culturais quando se lida com a irrita\u00e7\u00e3o?\" \/>\n<meta property=\"og:url\" content=\"https:\/\/reiki-conciliation.org\/pt-pt\/rtalks\/muniqui-muhammad\/\" \/>\n<meta property=\"og:site_name\" content=\"REIKI Conciliation\" \/>\n<meta property=\"article:modified_time\" content=\"2022-01-07T06:04:09+00:00\" \/>\n<meta property=\"og:image\" content=\"https:\/\/reiki-conciliation.org\/wp-content\/uploads\/RTalk-Irritation-6.jpg\" \/>\n\t<meta property=\"og:image:width\" content=\"1920\" \/>\n\t<meta property=\"og:image:height\" content=\"1080\" \/>\n\t<meta property=\"og:image:type\" content=\"image\/jpeg\" \/>\n<meta name=\"twitter:card\" content=\"summary_large_image\" \/>\n<meta name=\"twitter:label1\" content=\"Tempo estimado de leitura\" \/>\n\t<meta name=\"twitter:data1\" content=\"3 minutos\" \/>\n<script type=\"application\/ld+json\" class=\"yoast-schema-graph\">{\"@context\":\"https:\\\/\\\/schema.org\",\"@graph\":[{\"@type\":\"WebPage\",\"@id\":\"https:\\\/\\\/reiki-conciliation.org\\\/pt-pt\\\/rtalks\\\/muniqui-muhammad\\\/\",\"url\":\"https:\\\/\\\/reiki-conciliation.org\\\/pt-pt\\\/rtalks\\\/muniqui-muhammad\\\/\",\"name\":\"RTalk with Muniqui Muhammad- REIKI Conciliation\",\"isPartOf\":{\"@id\":\"https:\\\/\\\/reiki-conciliation.org\\\/#website\"},\"primaryImageOfPage\":{\"@id\":\"https:\\\/\\\/reiki-conciliation.org\\\/pt-pt\\\/rtalks\\\/muniqui-muhammad\\\/#primaryimage\"},\"image\":{\"@id\":\"https:\\\/\\\/reiki-conciliation.org\\\/pt-pt\\\/rtalks\\\/muniqui-muhammad\\\/#primaryimage\"},\"thumbnailUrl\":\"https:\\\/\\\/reiki-conciliation.org\\\/wp-content\\\/uploads\\\/RTalk-Irritation-6.jpg\",\"datePublished\":\"2022-01-07T02:33:59+00:00\",\"dateModified\":\"2022-01-07T06:04:09+00:00\",\"description\":\"Um\u00a0mu\u00e7ulmano negro americano no Jap\u00e3o e um agn\u00f3stico su\u00ed\u00e7o branco ... um quadro potencialmente irritante para alguns. Qu\u00e3o relevantes s\u00e3o as diferen\u00e7as culturais quando se lida com a irrita\u00e7\u00e3o?\",\"breadcrumb\":{\"@id\":\"https:\\\/\\\/reiki-conciliation.org\\\/pt-pt\\\/rtalks\\\/muniqui-muhammad\\\/#breadcrumb\"},\"inLanguage\":\"pt-PT\",\"potentialAction\":[{\"@type\":\"ReadAction\",\"target\":[\"https:\\\/\\\/reiki-conciliation.org\\\/pt-pt\\\/rtalks\\\/muniqui-muhammad\\\/\"]}]},{\"@type\":\"ImageObject\",\"inLanguage\":\"pt-PT\",\"@id\":\"https:\\\/\\\/reiki-conciliation.org\\\/pt-pt\\\/rtalks\\\/muniqui-muhammad\\\/#primaryimage\",\"url\":\"https:\\\/\\\/reiki-conciliation.org\\\/wp-content\\\/uploads\\\/RTalk-Irritation-6.jpg\",\"contentUrl\":\"https:\\\/\\\/reiki-conciliation.org\\\/wp-content\\\/uploads\\\/RTalk-Irritation-6.jpg\",\"width\":1920,\"height\":1080,\"caption\":\"RTalk Irritation\"},{\"@type\":\"BreadcrumbList\",\"@id\":\"https:\\\/\\\/reiki-conciliation.org\\\/pt-pt\\\/rtalks\\\/muniqui-muhammad\\\/#breadcrumb\",\"itemListElement\":[{\"@type\":\"ListItem\",\"position\":1,\"name\":\"Home\",\"item\":\"https:\\\/\\\/reiki-conciliation.org\\\/\"},{\"@type\":\"ListItem\",\"position\":2,\"name\":\"Muniqui Muhammad\"}]},{\"@type\":\"WebSite\",\"@id\":\"https:\\\/\\\/reiki-conciliation.org\\\/#website\",\"url\":\"https:\\\/\\\/reiki-conciliation.org\\\/\",\"name\":\"REIKI Conciliation\",\"description\":\"\",\"publisher\":{\"@id\":\"https:\\\/\\\/reiki-conciliation.org\\\/#organization\"},\"potentialAction\":[{\"@type\":\"SearchAction\",\"target\":{\"@type\":\"EntryPoint\",\"urlTemplate\":\"https:\\\/\\\/reiki-conciliation.org\\\/?s={search_term_string}\"},\"query-input\":{\"@type\":\"PropertyValueSpecification\",\"valueRequired\":true,\"valueName\":\"search_term_string\"}}],\"inLanguage\":\"pt-PT\"},{\"@type\":\"Organization\",\"@id\":\"https:\\\/\\\/reiki-conciliation.org\\\/#organization\",\"name\":\"Reiki Conciliation\",\"url\":\"https:\\\/\\\/reiki-conciliation.org\\\/\",\"logo\":{\"@type\":\"ImageObject\",\"inLanguage\":\"pt-PT\",\"@id\":\"https:\\\/\\\/reiki-conciliation.org\\\/#\\\/schema\\\/logo\\\/image\\\/\",\"url\":\"https:\\\/\\\/reiki-conciliation.org\\\/wp-content\\\/uploads\\\/logo-rc.png\",\"contentUrl\":\"https:\\\/\\\/reiki-conciliation.org\\\/wp-content\\\/uploads\\\/logo-rc.png\",\"width\":200,\"height\":176,\"caption\":\"Reiki Conciliation\"},\"image\":{\"@id\":\"https:\\\/\\\/reiki-conciliation.org\\\/#\\\/schema\\\/logo\\\/image\\\/\"}}]}<\/script>\n<!-- \/ Yoast SEO plugin. -->","yoast_head_json":{"title":"RTalk with Muniqui Muhammad- REIKI Conciliation","description":"Um\u00a0mu\u00e7ulmano negro americano no Jap\u00e3o e um agn\u00f3stico su\u00ed\u00e7o branco ... um quadro potencialmente irritante para alguns. Qu\u00e3o relevantes s\u00e3o as diferen\u00e7as culturais quando se lida com a irrita\u00e7\u00e3o?","robots":{"index":"index","follow":"follow","max-snippet":"max-snippet:-1","max-image-preview":"max-image-preview:large","max-video-preview":"max-video-preview:-1"},"canonical":"https:\/\/reiki-conciliation.org\/pt-pt\/rtalks\/muniqui-muhammad\/","og_locale":"pt_PT","og_type":"article","og_title":"RTalk with Muniqui Muhammad- REIKI Conciliation","og_description":"Um\u00a0mu\u00e7ulmano negro americano no Jap\u00e3o e um agn\u00f3stico su\u00ed\u00e7o branco ... um quadro potencialmente irritante para alguns. Qu\u00e3o relevantes s\u00e3o as diferen\u00e7as culturais quando se lida com a irrita\u00e7\u00e3o?","og_url":"https:\/\/reiki-conciliation.org\/pt-pt\/rtalks\/muniqui-muhammad\/","og_site_name":"REIKI Conciliation","article_modified_time":"2022-01-07T06:04:09+00:00","og_image":[{"width":1920,"height":1080,"url":"https:\/\/reiki-conciliation.org\/wp-content\/uploads\/RTalk-Irritation-6.jpg","type":"image\/jpeg"}],"twitter_card":"summary_large_image","twitter_misc":{"Tempo estimado de leitura":"3 minutos"},"schema":{"@context":"https:\/\/schema.org","@graph":[{"@type":"WebPage","@id":"https:\/\/reiki-conciliation.org\/pt-pt\/rtalks\/muniqui-muhammad\/","url":"https:\/\/reiki-conciliation.org\/pt-pt\/rtalks\/muniqui-muhammad\/","name":"RTalk with Muniqui Muhammad- REIKI Conciliation","isPartOf":{"@id":"https:\/\/reiki-conciliation.org\/#website"},"primaryImageOfPage":{"@id":"https:\/\/reiki-conciliation.org\/pt-pt\/rtalks\/muniqui-muhammad\/#primaryimage"},"image":{"@id":"https:\/\/reiki-conciliation.org\/pt-pt\/rtalks\/muniqui-muhammad\/#primaryimage"},"thumbnailUrl":"https:\/\/reiki-conciliation.org\/wp-content\/uploads\/RTalk-Irritation-6.jpg","datePublished":"2022-01-07T02:33:59+00:00","dateModified":"2022-01-07T06:04:09+00:00","description":"Um\u00a0mu\u00e7ulmano negro americano no Jap\u00e3o e um agn\u00f3stico su\u00ed\u00e7o branco ... um quadro potencialmente irritante para alguns. Qu\u00e3o relevantes s\u00e3o as diferen\u00e7as culturais quando se lida com a irrita\u00e7\u00e3o?","breadcrumb":{"@id":"https:\/\/reiki-conciliation.org\/pt-pt\/rtalks\/muniqui-muhammad\/#breadcrumb"},"inLanguage":"pt-PT","potentialAction":[{"@type":"ReadAction","target":["https:\/\/reiki-conciliation.org\/pt-pt\/rtalks\/muniqui-muhammad\/"]}]},{"@type":"ImageObject","inLanguage":"pt-PT","@id":"https:\/\/reiki-conciliation.org\/pt-pt\/rtalks\/muniqui-muhammad\/#primaryimage","url":"https:\/\/reiki-conciliation.org\/wp-content\/uploads\/RTalk-Irritation-6.jpg","contentUrl":"https:\/\/reiki-conciliation.org\/wp-content\/uploads\/RTalk-Irritation-6.jpg","width":1920,"height":1080,"caption":"RTalk Irritation"},{"@type":"BreadcrumbList","@id":"https:\/\/reiki-conciliation.org\/pt-pt\/rtalks\/muniqui-muhammad\/#breadcrumb","itemListElement":[{"@type":"ListItem","position":1,"name":"Home","item":"https:\/\/reiki-conciliation.org\/"},{"@type":"ListItem","position":2,"name":"Muniqui Muhammad"}]},{"@type":"WebSite","@id":"https:\/\/reiki-conciliation.org\/#website","url":"https:\/\/reiki-conciliation.org\/","name":"REIKI Conciliation","description":"","publisher":{"@id":"https:\/\/reiki-conciliation.org\/#organization"},"potentialAction":[{"@type":"SearchAction","target":{"@type":"EntryPoint","urlTemplate":"https:\/\/reiki-conciliation.org\/?s={search_term_string}"},"query-input":{"@type":"PropertyValueSpecification","valueRequired":true,"valueName":"search_term_string"}}],"inLanguage":"pt-PT"},{"@type":"Organization","@id":"https:\/\/reiki-conciliation.org\/#organization","name":"Reiki Conciliation","url":"https:\/\/reiki-conciliation.org\/","logo":{"@type":"ImageObject","inLanguage":"pt-PT","@id":"https:\/\/reiki-conciliation.org\/#\/schema\/logo\/image\/","url":"https:\/\/reiki-conciliation.org\/wp-content\/uploads\/logo-rc.png","contentUrl":"https:\/\/reiki-conciliation.org\/wp-content\/uploads\/logo-rc.png","width":200,"height":176,"caption":"Reiki Conciliation"},"image":{"@id":"https:\/\/reiki-conciliation.org\/#\/schema\/logo\/image\/"}}]}},"_links":{"self":[{"href":"https:\/\/reiki-conciliation.org\/pt-pt\/wp-json\/wp\/v2\/rtalks\/4905","targetHints":{"allow":["GET"]}}],"collection":[{"href":"https:\/\/reiki-conciliation.org\/pt-pt\/wp-json\/wp\/v2\/rtalks"}],"about":[{"href":"https:\/\/reiki-conciliation.org\/pt-pt\/wp-json\/wp\/v2\/types\/rtalks"}],"wp:featuredmedia":[{"embeddable":true,"href":"https:\/\/reiki-conciliation.org\/pt-pt\/wp-json\/wp\/v2\/media\/4930"}],"wp:attachment":[{"href":"https:\/\/reiki-conciliation.org\/pt-pt\/wp-json\/wp\/v2\/media?parent=4905"}],"curies":[{"name":"wp","href":"https:\/\/api.w.org\/{rel}","templated":true}]}}