{"id":9174,"date":"2022-08-29T14:10:32","date_gmt":"2022-08-29T13:10:32","guid":{"rendered":"https:\/\/reiki-conciliation.org\/rtalks\/pamela-miles\/"},"modified":"2022-09-13T17:33:46","modified_gmt":"2022-09-13T16:33:46","slug":"pamela-miles","status":"publish","type":"rtalks","link":"https:\/\/reiki-conciliation.org\/pt-pt\/rtalks\/pamela-miles\/","title":{"rendered":"Pamela Miles"},"content":{"rendered":"<p>Inclusividade, a palavra de ordem do dia. Mas o que significa isso, onde come\u00e7a e onde acaba?<\/p>\r\n<p><u><a href=\"https:\/\/www.youtube.com\/watch?v=H_J1tldtF1Y&amp;t=0s\">0:00<\/a><\/u> Apresentando Pamela Miles e a sua liga\u00e7\u00e3o com Ren\u00e9.<\/p>\r\n<p><u><a href=\"https:\/\/www.youtube.com\/watch?v=H_J1tldtF1Y&amp;t=304s\">5:04<\/a><\/u> Os m\u00e9dicos s\u00e3o menos c\u00e9pticos do que pensamos &#8211; se falarmos numa l\u00ednguagem com significado. Partilhar conscientemente estudos de casos e apreciar a perspectiva cient\u00edfica pode ser \u00fatil.<\/p>\r\n<p><u><a href=\"https:\/\/www.youtube.com\/watch?v=H_J1tldtF1Y&amp;t=613s\">10:13<\/a><\/u> &#8220;S\u00f3 podemos ter organiza\u00e7\u00f5es inclusivas quando temos indiv\u00edduos inclusivos que defendem o valor da inclus\u00e3o&#8221;. \u00c9 necess\u00e1rio um grau de maturidade espiritual &#8211; atingido pela pr\u00e1tica di\u00e1ria.<\/p>\r\n<p><u><a href=\"https:\/\/www.youtube.com\/watch?v=H_J1tldtF1Y&amp;t=783s\">13:03<\/a><\/u> A nossa mente procura incessantemente a divis\u00e3o. \u00c9 necess\u00e1ria auto-honestidade emocional para nos abrirmos \u00e0 inclus\u00e3o, que \u00e9 mais do que apenas fazer com que os outros se sintam bem-vindos. &#8220;Queremos comunicar-lhes que eles s\u00e3o valorizados!&#8221;<\/p>\r\n<p><u><a href=\"https:\/\/www.youtube.com\/watch?v=H_J1tldtF1Y&amp;t=1011s\">16:51<\/a><\/u> &#8220;Quando n\u00e3o estamos alinhados connosco pr\u00f3prios, porque n\u00e3o estamos enraizados na nossa pr\u00f3pria intemporalidade &#8211; o nosso n\u00facleo espiritual &#8211; ent\u00e3o tudo \u00e9 uma amea\u00e7a&#8221;.<\/p>\r\n<p><u><a href=\"https:\/\/www.youtube.com\/watch?v=H_J1tldtF1Y&amp;t=1162s\">19:22<\/a><\/u> O caminho para a maestria precisa de ser percorrido sozinho, tendo como objectivo a &#8216;unicidade&#8217; &#8211; um dilema? &#8220;N\u00e3o desistam da vossa solid\u00e3o t\u00e3o depressa. Deixa-a cortar mais fundo&#8221;. Ao vivermos na consci\u00eancia da unicidade, a nossa manifesta\u00e7\u00e3o singular, a individualidade, \u00e9 informada por essa unicidade e n\u00f3s fazemos escolhas diferentes.<\/p>\r\n<p><u><a href=\"https:\/\/www.youtube.com\/watch?v=H_J1tldtF1Y&amp;t=1445s\">24:05<\/a><\/u> Videoclip e discuss\u00e3o. Sadhguru sugere que a inclus\u00e3o deve acontecer a todos os n\u00edveis da sociedade: economia, educa\u00e7\u00e3o, espiritualidade, etc. Para estudar e aprender, separamos as coisas, mas por si s\u00f3 n\u00e3o s\u00e3o a resposta ou a verdade. A unicidade deve ser restabelecida.<\/p>\r\n<p><u><a href=\"https:\/\/www.youtube.com\/watch?v=H_J1tldtF1Y&amp;t=1665s\">27:45<\/a><\/u> A &#8220;medicina baseada em provas&#8221; desresponsabiliza tanto os pacientes como os m\u00e9dicos. Com a inclus\u00e3o da espiritualidade na profiss\u00e3o de cura, &#8220;a bola de neve rola pelo lado da promo\u00e7\u00e3o da sa\u00fade da montanha e n\u00e3o pelo lado da promo\u00e7\u00e3o da doen\u00e7a&#8221;. Um desafio para toda a sociedade.<\/p>\r\n<p><u><a href=\"https:\/\/www.youtube.com\/watch?v=H_J1tldtF1Y&amp;t=1909s\">31:49<\/a><\/u> &#8220;O que \u00e9 que se passa ccom as pessoas do Reiki&#8221;? Um m\u00e9dico quer que os praticantes sejam mais transparentes quando tratam pacientes hospitalares e mais assertivos quando eles pr\u00f3prios s\u00e3o pacientes: &#8220;Porque n\u00e3o insiste em receber tratamentos de Reiki?&#8221;<\/p>\r\n<p><u><a href=\"https:\/\/www.youtube.com\/watch?v=H_J1tldtF1Y&amp;t=1995s\">33:15<\/a><\/u> Um exemplo modelar de como se comportar num hospital encontrando a aprova\u00e7\u00e3o dos profissionais m\u00e9dicos porque eles compreendem que o corpo e a mente precisam de descansar para que as pessoas possam curar-se. Mas a medicina convencional n\u00e3o \u00e9 boa a curar. \u00c9 boa a consertar.<\/p>\r\n<p><u><a href=\"https:\/\/www.youtube.com\/watch?v=H_J1tldtF1Y&amp;t=2059s\">34:19<\/a><\/u> Uma declara\u00e7\u00e3o radical de Pamela: &#8220;N\u00e3o recebo os meus cuidados de sa\u00fade prim\u00e1rios de um m\u00e9dico, enfermeiro ou qualquer outro profissional&#8221;. M\u00e3os sobre o corpo. Todos os dias com o auto-tratamento de Reiki.<\/p>\r\n<p><u><a href=\"https:\/\/www.youtube.com\/watch?v=H_J1tldtF1Y&amp;t=2140s\">35:40<\/a><\/u> Preocupa\u00e7\u00e3o com a medicaliza\u00e7\u00e3o da pr\u00e1tica de Reiki que para Pamela \u00e9 principalmente uma pr\u00e1tica espiritual ao servi\u00e7o da inclus\u00e3o. Ren\u00e9 defende mansamente que prefere o termo pr\u00e1tica &#8216;hol\u00edstica&#8217; mas, na sua ess\u00eancia, est\u00e3o de acordo.<\/p>\r\n<p><u><a href=\"https:\/\/www.youtube.com\/watch?v=H_J1tldtF1Y&amp;t=2309s\">38:29<\/a><\/u> &#8220;Por vezes sou inclusivo em meu detrimento&#8221;. O que \u00e9 que isto significa? Dar \u00e0s pessoas o benef\u00edcio da d\u00favida, correndo o risco de se &#8216;portarem mal&#8217;. Na realidade, as pessoas n\u00e3o correspondem muitas vezes \u00e0s suas preocupa\u00e7\u00f5es e opini\u00f5es preconcebidas.<\/p>\r\n<p><u><a href=\"https:\/\/www.youtube.com\/watch?v=H_J1tldtF1Y&amp;t=2633s\">43:53<\/a><\/u> Ser m\u00edstico, e viver vidas moldadas pela unicidade ajuda-nos a fazer a melhor escolha poss\u00edvel na vida pr\u00e1tica e desenvolve resili\u00eancia e compaix\u00e3o &#8211; talvez a \u00faltima forma de inclus\u00e3o. &#8220;A compaix\u00e3o come\u00e7ou a surgir quando vi como estava a dar o meu melhor, e senti tudo mudar&#8221;.<\/p>\r\n<h2>Pamela Miles<\/h2>\r\n<p>Pamela Miles \u00e9 uma professora de Reiki internacionalmente conhecida. \u00c9 autora, bloguista, e pioneira do Reiki M\u00e9dico original, levando a pr\u00e1tica do Reiki \u00e0 medicina convencional nos anos 90.<\/p>\r\n<p>Praticando Reiki desde 1986, tem trabalhado com centros m\u00e9dicos acad\u00e9micos incluindo Yale, Harvard, e o Instituto Nacional de Sa\u00fade (NIH). Pamela foi publicada em revistas m\u00e9dicas avaliadas por pares, incluindo a prestigiosa Revista do Col\u00e9gio Americano de Cardiologia. Ela tamb\u00e9m trouxe a sua vis\u00e3o a grandes grupos empresariais como o Google ou a Unilever e foi apresentada nos principais meios de comunica\u00e7\u00e3o social, desde a NBC, CBS, e CNN da televis\u00e3o, e a v\u00e1rios meios de comunica\u00e7\u00e3o impressos e digitais, incluindo The Atlantic, Forbes Magazine, e mindbodygreen.<\/p>\r\n<p><strong>Website<\/strong>: <a href=\"https:\/\/reikiinmedicine.org\">https:\/\/reikiinmedicine.org<\/a><\/p>\r\n<p><strong>Livro<\/strong>: REIKI: A Comprehensive Guide, Tarcher\/Penguin dispon\u00edvel na Amazon, e traduzido em holand\u00eas, italiano e espanhol<\/p>\r\n<p><strong>FaceBook<\/strong>: <a href=\"https:\/\/www.facebook.com\/PamelaMilesReiki\/\">https:\/\/www.facebook.com\/PamelaMilesReiki\/<\/a><\/p>\r\n<p><strong>Instagram<\/strong>: <a href=\"https:\/\/www.instagram.com\/pamelamoves\/\">https:\/\/www.instagram.com\/pamelamoves\/<\/a><\/p>\r\n<h2>Refer\u00eancias<\/h2>\r\n<p><u><a href=\"https:\/\/www.youtube.com\/watch?v=H_J1tldtF1Y&amp;t=545s\">9:05<\/a><\/u> A base de dados internacional de investiga\u00e7\u00e3o cient\u00edfica Reiki: <a href=\"https:\/\/www.reiki.group\/science\">https:\/\/www.reiki.group\/science<\/a> \u00a0<\/p>\r\n<p><u><a href=\"https:\/\/www.youtube.com\/watch?v=H_J1tldtF1Y&amp;t=1296s\">21:36<\/a><\/u> Poeta Sufista, Santo Hafez: <a href=\"https:\/\/simple.wikipedia.org\/wiki\/Hafez\">https:\/\/simple.wikipedia.org\/wiki\/Hafez<\/a> Ingl\u00eas<\/p>\r\n<p><u><a href=\"https:\/\/www.youtube.com\/watch?v=H_J1tldtF1Y&amp;t=1445s\">24:05<\/a><\/u> Sadhguru sobre Inclusividade na Educa\u00e7\u00e3o: <a href=\"https:\/\/youtu.be\/nQWufrmZOaI\">https:\/\/youtu.be\/nQWufrmZOaI<\/a><\/p>\r\n<p><u><a href=\"https:\/\/www.youtube.com\/watch?v=H_J1tldtF1Y&amp;t=2453s\">40:53<\/a><\/u> Martin Luther King, Jr: &#8220;Decidi manter-me fiel ao amor &#8211; o \u00f3dio \u00e9 um fardo demasiado grande&#8221;: <a href=\"https:\/\/quotepark.com\/quotes\/735080-martin-luther-king-jr-hate-is-too-big-of-burden-to-bear-i-have-decided\/\">https:\/\/quotepark.com\/quotes\/735080-martin-luther-king-jr-hate-is-too-big-of-burden-to-bear-i-have-decided\/<\/a><\/p>","protected":false},"excerpt":{"rendered":"Inclusividade, a palavra de ordem do dia. Mas o que significa isso, onde come\u00e7a e onde acaba?","protected":false},"featured_media":9073,"template":"","class_list":["post-9174","rtalks","type-rtalks","status-publish","has-post-thumbnail","hentry"],"acf":[],"yoast_head":"<!-- This site is optimized with the Yoast SEO plugin v27.3 - https:\/\/yoast.com\/product\/yoast-seo-wordpress\/ -->\n<title>RTalk with Pamela Miles - REIKI Conciliation<\/title>\n<meta name=\"description\" content=\"Inclusividade, a palavra de ordem do dia. Mas o que significa isso, onde come\u00e7a e onde acaba?\" \/>\n<meta name=\"robots\" content=\"index, follow, max-snippet:-1, max-image-preview:large, max-video-preview:-1\" \/>\n<link rel=\"canonical\" href=\"https:\/\/reiki-conciliation.org\/pt-pt\/rtalks\/pamela-miles\/\" \/>\n<meta property=\"og:locale\" content=\"pt_PT\" \/>\n<meta property=\"og:type\" content=\"article\" \/>\n<meta property=\"og:title\" content=\"RTalk with Pamela Miles - REIKI Conciliation\" \/>\n<meta property=\"og:description\" content=\"Inclusividade, a palavra de ordem do dia. Mas o que significa isso, onde come\u00e7a e onde acaba?\" \/>\n<meta property=\"og:url\" content=\"https:\/\/reiki-conciliation.org\/pt-pt\/rtalks\/pamela-miles\/\" \/>\n<meta property=\"og:site_name\" content=\"REIKI Conciliation\" \/>\n<meta property=\"article:modified_time\" content=\"2022-09-13T16:33:46+00:00\" \/>\n<meta property=\"og:image\" content=\"https:\/\/reiki-conciliation.org\/wp-content\/uploads\/RTalk-Inclusiveness-with-Pamela-Miles-FB.png\" \/>\n\t<meta property=\"og:image:width\" content=\"1280\" \/>\n\t<meta property=\"og:image:height\" content=\"720\" \/>\n\t<meta property=\"og:image:type\" content=\"image\/png\" \/>\n<meta name=\"twitter:card\" content=\"summary_large_image\" \/>\n<meta name=\"twitter:label1\" content=\"Tempo estimado de leitura\" \/>\n\t<meta name=\"twitter:data1\" content=\"4 minutos\" \/>\n<script type=\"application\/ld+json\" class=\"yoast-schema-graph\">{\"@context\":\"https:\\\/\\\/schema.org\",\"@graph\":[{\"@type\":\"WebPage\",\"@id\":\"https:\\\/\\\/reiki-conciliation.org\\\/pt-pt\\\/rtalks\\\/pamela-miles\\\/\",\"url\":\"https:\\\/\\\/reiki-conciliation.org\\\/pt-pt\\\/rtalks\\\/pamela-miles\\\/\",\"name\":\"RTalk with Pamela Miles - REIKI Conciliation\",\"isPartOf\":{\"@id\":\"https:\\\/\\\/reiki-conciliation.org\\\/#website\"},\"primaryImageOfPage\":{\"@id\":\"https:\\\/\\\/reiki-conciliation.org\\\/pt-pt\\\/rtalks\\\/pamela-miles\\\/#primaryimage\"},\"image\":{\"@id\":\"https:\\\/\\\/reiki-conciliation.org\\\/pt-pt\\\/rtalks\\\/pamela-miles\\\/#primaryimage\"},\"thumbnailUrl\":\"https:\\\/\\\/reiki-conciliation.org\\\/wp-content\\\/uploads\\\/RTalk-Inclusiveness-with-Pamela-Miles-Thumb.png\",\"datePublished\":\"2022-08-29T13:10:32+00:00\",\"dateModified\":\"2022-09-13T16:33:46+00:00\",\"description\":\"Inclusividade, a palavra de ordem do dia. Mas o que significa isso, onde come\u00e7a e onde acaba?\",\"breadcrumb\":{\"@id\":\"https:\\\/\\\/reiki-conciliation.org\\\/pt-pt\\\/rtalks\\\/pamela-miles\\\/#breadcrumb\"},\"inLanguage\":\"pt-PT\",\"potentialAction\":[{\"@type\":\"ReadAction\",\"target\":[\"https:\\\/\\\/reiki-conciliation.org\\\/pt-pt\\\/rtalks\\\/pamela-miles\\\/\"]}]},{\"@type\":\"ImageObject\",\"inLanguage\":\"pt-PT\",\"@id\":\"https:\\\/\\\/reiki-conciliation.org\\\/pt-pt\\\/rtalks\\\/pamela-miles\\\/#primaryimage\",\"url\":\"https:\\\/\\\/reiki-conciliation.org\\\/wp-content\\\/uploads\\\/RTalk-Inclusiveness-with-Pamela-Miles-Thumb.png\",\"contentUrl\":\"https:\\\/\\\/reiki-conciliation.org\\\/wp-content\\\/uploads\\\/RTalk-Inclusiveness-with-Pamela-Miles-Thumb.png\",\"width\":1280,\"height\":720},{\"@type\":\"BreadcrumbList\",\"@id\":\"https:\\\/\\\/reiki-conciliation.org\\\/pt-pt\\\/rtalks\\\/pamela-miles\\\/#breadcrumb\",\"itemListElement\":[{\"@type\":\"ListItem\",\"position\":1,\"name\":\"Home\",\"item\":\"https:\\\/\\\/reiki-conciliation.org\\\/\"},{\"@type\":\"ListItem\",\"position\":2,\"name\":\"Pamela Miles\"}]},{\"@type\":\"WebSite\",\"@id\":\"https:\\\/\\\/reiki-conciliation.org\\\/#website\",\"url\":\"https:\\\/\\\/reiki-conciliation.org\\\/\",\"name\":\"REIKI Conciliation\",\"description\":\"\",\"publisher\":{\"@id\":\"https:\\\/\\\/reiki-conciliation.org\\\/#organization\"},\"potentialAction\":[{\"@type\":\"SearchAction\",\"target\":{\"@type\":\"EntryPoint\",\"urlTemplate\":\"https:\\\/\\\/reiki-conciliation.org\\\/?s={search_term_string}\"},\"query-input\":{\"@type\":\"PropertyValueSpecification\",\"valueRequired\":true,\"valueName\":\"search_term_string\"}}],\"inLanguage\":\"pt-PT\"},{\"@type\":\"Organization\",\"@id\":\"https:\\\/\\\/reiki-conciliation.org\\\/#organization\",\"name\":\"Reiki Conciliation\",\"url\":\"https:\\\/\\\/reiki-conciliation.org\\\/\",\"logo\":{\"@type\":\"ImageObject\",\"inLanguage\":\"pt-PT\",\"@id\":\"https:\\\/\\\/reiki-conciliation.org\\\/#\\\/schema\\\/logo\\\/image\\\/\",\"url\":\"https:\\\/\\\/reiki-conciliation.org\\\/wp-content\\\/uploads\\\/logo-rc.png\",\"contentUrl\":\"https:\\\/\\\/reiki-conciliation.org\\\/wp-content\\\/uploads\\\/logo-rc.png\",\"width\":200,\"height\":176,\"caption\":\"Reiki Conciliation\"},\"image\":{\"@id\":\"https:\\\/\\\/reiki-conciliation.org\\\/#\\\/schema\\\/logo\\\/image\\\/\"}}]}<\/script>\n<!-- \/ Yoast SEO plugin. -->","yoast_head_json":{"title":"RTalk with Pamela Miles - REIKI Conciliation","description":"Inclusividade, a palavra de ordem do dia. Mas o que significa isso, onde come\u00e7a e onde acaba?","robots":{"index":"index","follow":"follow","max-snippet":"max-snippet:-1","max-image-preview":"max-image-preview:large","max-video-preview":"max-video-preview:-1"},"canonical":"https:\/\/reiki-conciliation.org\/pt-pt\/rtalks\/pamela-miles\/","og_locale":"pt_PT","og_type":"article","og_title":"RTalk with Pamela Miles - REIKI Conciliation","og_description":"Inclusividade, a palavra de ordem do dia. Mas o que significa isso, onde come\u00e7a e onde acaba?","og_url":"https:\/\/reiki-conciliation.org\/pt-pt\/rtalks\/pamela-miles\/","og_site_name":"REIKI Conciliation","article_modified_time":"2022-09-13T16:33:46+00:00","og_image":[{"width":1280,"height":720,"url":"https:\/\/reiki-conciliation.org\/wp-content\/uploads\/RTalk-Inclusiveness-with-Pamela-Miles-FB.png","type":"image\/png"}],"twitter_card":"summary_large_image","twitter_misc":{"Tempo estimado de leitura":"4 minutos"},"schema":{"@context":"https:\/\/schema.org","@graph":[{"@type":"WebPage","@id":"https:\/\/reiki-conciliation.org\/pt-pt\/rtalks\/pamela-miles\/","url":"https:\/\/reiki-conciliation.org\/pt-pt\/rtalks\/pamela-miles\/","name":"RTalk with Pamela Miles - REIKI Conciliation","isPartOf":{"@id":"https:\/\/reiki-conciliation.org\/#website"},"primaryImageOfPage":{"@id":"https:\/\/reiki-conciliation.org\/pt-pt\/rtalks\/pamela-miles\/#primaryimage"},"image":{"@id":"https:\/\/reiki-conciliation.org\/pt-pt\/rtalks\/pamela-miles\/#primaryimage"},"thumbnailUrl":"https:\/\/reiki-conciliation.org\/wp-content\/uploads\/RTalk-Inclusiveness-with-Pamela-Miles-Thumb.png","datePublished":"2022-08-29T13:10:32+00:00","dateModified":"2022-09-13T16:33:46+00:00","description":"Inclusividade, a palavra de ordem do dia. Mas o que significa isso, onde come\u00e7a e onde acaba?","breadcrumb":{"@id":"https:\/\/reiki-conciliation.org\/pt-pt\/rtalks\/pamela-miles\/#breadcrumb"},"inLanguage":"pt-PT","potentialAction":[{"@type":"ReadAction","target":["https:\/\/reiki-conciliation.org\/pt-pt\/rtalks\/pamela-miles\/"]}]},{"@type":"ImageObject","inLanguage":"pt-PT","@id":"https:\/\/reiki-conciliation.org\/pt-pt\/rtalks\/pamela-miles\/#primaryimage","url":"https:\/\/reiki-conciliation.org\/wp-content\/uploads\/RTalk-Inclusiveness-with-Pamela-Miles-Thumb.png","contentUrl":"https:\/\/reiki-conciliation.org\/wp-content\/uploads\/RTalk-Inclusiveness-with-Pamela-Miles-Thumb.png","width":1280,"height":720},{"@type":"BreadcrumbList","@id":"https:\/\/reiki-conciliation.org\/pt-pt\/rtalks\/pamela-miles\/#breadcrumb","itemListElement":[{"@type":"ListItem","position":1,"name":"Home","item":"https:\/\/reiki-conciliation.org\/"},{"@type":"ListItem","position":2,"name":"Pamela Miles"}]},{"@type":"WebSite","@id":"https:\/\/reiki-conciliation.org\/#website","url":"https:\/\/reiki-conciliation.org\/","name":"REIKI Conciliation","description":"","publisher":{"@id":"https:\/\/reiki-conciliation.org\/#organization"},"potentialAction":[{"@type":"SearchAction","target":{"@type":"EntryPoint","urlTemplate":"https:\/\/reiki-conciliation.org\/?s={search_term_string}"},"query-input":{"@type":"PropertyValueSpecification","valueRequired":true,"valueName":"search_term_string"}}],"inLanguage":"pt-PT"},{"@type":"Organization","@id":"https:\/\/reiki-conciliation.org\/#organization","name":"Reiki Conciliation","url":"https:\/\/reiki-conciliation.org\/","logo":{"@type":"ImageObject","inLanguage":"pt-PT","@id":"https:\/\/reiki-conciliation.org\/#\/schema\/logo\/image\/","url":"https:\/\/reiki-conciliation.org\/wp-content\/uploads\/logo-rc.png","contentUrl":"https:\/\/reiki-conciliation.org\/wp-content\/uploads\/logo-rc.png","width":200,"height":176,"caption":"Reiki Conciliation"},"image":{"@id":"https:\/\/reiki-conciliation.org\/#\/schema\/logo\/image\/"}}]}},"_links":{"self":[{"href":"https:\/\/reiki-conciliation.org\/pt-pt\/wp-json\/wp\/v2\/rtalks\/9174","targetHints":{"allow":["GET"]}}],"collection":[{"href":"https:\/\/reiki-conciliation.org\/pt-pt\/wp-json\/wp\/v2\/rtalks"}],"about":[{"href":"https:\/\/reiki-conciliation.org\/pt-pt\/wp-json\/wp\/v2\/types\/rtalks"}],"wp:featuredmedia":[{"embeddable":true,"href":"https:\/\/reiki-conciliation.org\/pt-pt\/wp-json\/wp\/v2\/media\/9073"}],"wp:attachment":[{"href":"https:\/\/reiki-conciliation.org\/pt-pt\/wp-json\/wp\/v2\/media?parent=9174"}],"curies":[{"name":"wp","href":"https:\/\/api.w.org\/{rel}","templated":true}]}}